{"id":69,"date":"2018-11-04T10:02:52","date_gmt":"2018-11-04T09:02:52","guid":{"rendered":"http:\/\/judoposeidon.be\/wordpress\/?page_id=69"},"modified":"2022-02-21T13:41:54","modified_gmt":"2022-02-21T12:41:54","slug":"resultats-competitions","status":"publish","type":"page","link":"https:\/\/judoposeidon.be\/wordpress\/resultats-competitions\/","title":{"rendered":"R\u00e9sultats comp\u00e9titions"},"content":{"rendered":"\n<p>Les 19 et 20 f\u00e9vrier ont eu lieu le championnat de Belgique jeunes 2022. Les r\u00e9sultats sont :<br>En U15 dans le cat\u00e9gorie de poids respective Alexandre Brisy termine 2eme, Jan Kokalj 3eme, Clara Stassin 3eme et Alix Vivier 5eme<br>En U21 Lina et Madai ne sont pas class\u00e9s<br>En U18 dans sa categorie de poids Annaelle Cludts est championne de Belgique.<\/p>\n\n\n\n<figure class=\"wp-block-gallery has-nested-images columns-4 is-cropped wp-block-gallery-1 is-layout-flex wp-block-gallery-is-layout-flex\">\n<figure class=\"wp-block-image size-large\"><img loading=\"lazy\" decoding=\"async\" width=\"2016\" height=\"1134\" data-id=\"9056\" src=\"https:\/\/judoposeidon.be\/wordpress\/wp-content\/uploads\/2022\/02\/Jan_2022_bel.jpg\" alt=\"\" class=\"wp-image-9056\" srcset=\"https:\/\/judoposeidon.be\/wordpress\/wp-content\/uploads\/2022\/02\/Jan_2022_bel.jpg 2016w, https:\/\/judoposeidon.be\/wordpress\/wp-content\/uploads\/2022\/02\/Jan_2022_bel-300x169.jpg 300w, https:\/\/judoposeidon.be\/wordpress\/wp-content\/uploads\/2022\/02\/Jan_2022_bel-1024x576.jpg 1024w, https:\/\/judoposeidon.be\/wordpress\/wp-content\/uploads\/2022\/02\/Jan_2022_bel-768x432.jpg 768w, https:\/\/judoposeidon.be\/wordpress\/wp-content\/uploads\/2022\/02\/Jan_2022_bel-1536x864.jpg 1536w\" sizes=\"auto, (max-width: 2016px) 100vw, 2016px\" \/><\/figure>\n\n\n\n<figure class=\"wp-block-image size-large\"><img loading=\"lazy\" decoding=\"async\" width=\"1170\" height=\"876\" data-id=\"9057\" src=\"https:\/\/judoposeidon.be\/wordpress\/wp-content\/uploads\/2022\/02\/Alex_2022_bel.jpg\" alt=\"\" class=\"wp-image-9057\" srcset=\"https:\/\/judoposeidon.be\/wordpress\/wp-content\/uploads\/2022\/02\/Alex_2022_bel.jpg 1170w, https:\/\/judoposeidon.be\/wordpress\/wp-content\/uploads\/2022\/02\/Alex_2022_bel-300x225.jpg 300w, https:\/\/judoposeidon.be\/wordpress\/wp-content\/uploads\/2022\/02\/Alex_2022_bel-1024x767.jpg 1024w, https:\/\/judoposeidon.be\/wordpress\/wp-content\/uploads\/2022\/02\/Alex_2022_bel-768x575.jpg 768w\" sizes=\"auto, (max-width: 1170px) 100vw, 1170px\" \/><\/figure>\n\n\n\n<figure class=\"wp-block-image size-large\"><img loading=\"lazy\" decoding=\"async\" width=\"2016\" height=\"1134\" data-id=\"9058\" src=\"https:\/\/judoposeidon.be\/wordpress\/wp-content\/uploads\/2022\/02\/clara_2022_bel.jpg\" alt=\"\" class=\"wp-image-9058\" srcset=\"https:\/\/judoposeidon.be\/wordpress\/wp-content\/uploads\/2022\/02\/clara_2022_bel.jpg 2016w, https:\/\/judoposeidon.be\/wordpress\/wp-content\/uploads\/2022\/02\/clara_2022_bel-300x169.jpg 300w, https:\/\/judoposeidon.be\/wordpress\/wp-content\/uploads\/2022\/02\/clara_2022_bel-1024x576.jpg 1024w, https:\/\/judoposeidon.be\/wordpress\/wp-content\/uploads\/2022\/02\/clara_2022_bel-768x432.jpg 768w, https:\/\/judoposeidon.be\/wordpress\/wp-content\/uploads\/2022\/02\/clara_2022_bel-1536x864.jpg 1536w\" sizes=\"auto, (max-width: 2016px) 100vw, 2016px\" \/><\/figure>\n\n\n\n<figure class=\"wp-block-image size-large\"><img loading=\"lazy\" decoding=\"async\" width=\"2016\" height=\"1134\" data-id=\"9053\" src=\"https:\/\/judoposeidon.be\/wordpress\/wp-content\/uploads\/2022\/02\/annaelle_2022_bel_2-1.jpg\" alt=\"\" class=\"wp-image-9053\" srcset=\"https:\/\/judoposeidon.be\/wordpress\/wp-content\/uploads\/2022\/02\/annaelle_2022_bel_2-1.jpg 2016w, https:\/\/judoposeidon.be\/wordpress\/wp-content\/uploads\/2022\/02\/annaelle_2022_bel_2-1-300x169.jpg 300w, https:\/\/judoposeidon.be\/wordpress\/wp-content\/uploads\/2022\/02\/annaelle_2022_bel_2-1-1024x576.jpg 1024w, https:\/\/judoposeidon.be\/wordpress\/wp-content\/uploads\/2022\/02\/annaelle_2022_bel_2-1-768x432.jpg 768w, https:\/\/judoposeidon.be\/wordpress\/wp-content\/uploads\/2022\/02\/annaelle_2022_bel_2-1-1536x864.jpg 1536w\" sizes=\"auto, (max-width: 2016px) 100vw, 2016px\" \/><\/figure>\n\n\n\n<figure class=\"wp-block-image size-large\"><img loading=\"lazy\" decoding=\"async\" width=\"2016\" height=\"1134\" data-id=\"9052\" src=\"https:\/\/judoposeidon.be\/wordpress\/wp-content\/uploads\/2022\/02\/annaelle_2022_bel-1.jpg\" alt=\"\" class=\"wp-image-9052\" srcset=\"https:\/\/judoposeidon.be\/wordpress\/wp-content\/uploads\/2022\/02\/annaelle_2022_bel-1.jpg 2016w, https:\/\/judoposeidon.be\/wordpress\/wp-content\/uploads\/2022\/02\/annaelle_2022_bel-1-300x169.jpg 300w, https:\/\/judoposeidon.be\/wordpress\/wp-content\/uploads\/2022\/02\/annaelle_2022_bel-1-1024x576.jpg 1024w, https:\/\/judoposeidon.be\/wordpress\/wp-content\/uploads\/2022\/02\/annaelle_2022_bel-1-768x432.jpg 768w, https:\/\/judoposeidon.be\/wordpress\/wp-content\/uploads\/2022\/02\/annaelle_2022_bel-1-1536x864.jpg 1536w\" sizes=\"auto, (max-width: 2016px) 100vw, 2016px\" \/><\/figure>\n\n\n\n<figure class=\"wp-block-image size-large\"><img loading=\"lazy\" decoding=\"async\" width=\"2016\" height=\"1134\" data-id=\"9051\" src=\"https:\/\/judoposeidon.be\/wordpress\/wp-content\/uploads\/2022\/02\/annaelle_2022_bel.jpg\" alt=\"\" class=\"wp-image-9051\" srcset=\"https:\/\/judoposeidon.be\/wordpress\/wp-content\/uploads\/2022\/02\/annaelle_2022_bel.jpg 2016w, https:\/\/judoposeidon.be\/wordpress\/wp-content\/uploads\/2022\/02\/annaelle_2022_bel-300x169.jpg 300w, https:\/\/judoposeidon.be\/wordpress\/wp-content\/uploads\/2022\/02\/annaelle_2022_bel-1024x576.jpg 1024w, https:\/\/judoposeidon.be\/wordpress\/wp-content\/uploads\/2022\/02\/annaelle_2022_bel-768x432.jpg 768w, https:\/\/judoposeidon.be\/wordpress\/wp-content\/uploads\/2022\/02\/annaelle_2022_bel-1536x864.jpg 1536w\" sizes=\"auto, (max-width: 2016px) 100vw, 2016px\" \/><\/figure>\n\n\n\n<figure class=\"wp-block-image size-large\"><img loading=\"lazy\" decoding=\"async\" width=\"2016\" height=\"1134\" data-id=\"9050\" src=\"https:\/\/judoposeidon.be\/wordpress\/wp-content\/uploads\/2022\/02\/annaelle_2022_bel_2.jpg\" alt=\"\" class=\"wp-image-9050\" srcset=\"https:\/\/judoposeidon.be\/wordpress\/wp-content\/uploads\/2022\/02\/annaelle_2022_bel_2.jpg 2016w, https:\/\/judoposeidon.be\/wordpress\/wp-content\/uploads\/2022\/02\/annaelle_2022_bel_2-300x169.jpg 300w, https:\/\/judoposeidon.be\/wordpress\/wp-content\/uploads\/2022\/02\/annaelle_2022_bel_2-1024x576.jpg 1024w, https:\/\/judoposeidon.be\/wordpress\/wp-content\/uploads\/2022\/02\/annaelle_2022_bel_2-768x432.jpg 768w, https:\/\/judoposeidon.be\/wordpress\/wp-content\/uploads\/2022\/02\/annaelle_2022_bel_2-1536x864.jpg 1536w\" sizes=\"auto, (max-width: 2016px) 100vw, 2016px\" \/><\/figure>\n<\/figure>\n\n\n\n<p>______________________________________________________________________<\/p>\n\n\n\n<p>Les 12 et 13 f\u00e9vrier ont eu lieu le R\u00e9gional jeunes 2022. Les r\u00e9sultats sont :<br>En U15 Clara est 2eme (52) et Alix 3eme (+63), Alexandre 1er en -34, Jan 1er en -55, Naji et Elias 5\u00e8me en -55<br>En U18 Anna\u00eblle termine 1ere (52)<br>En U21 Lina termine 3eme (63) et  Madai 3\u00e8me en -73- en U15 <\/p>\n\n\n\n<figure class=\"wp-block-gallery has-nested-images columns-default is-cropped wp-block-gallery-2 is-layout-flex wp-block-gallery-is-layout-flex\">\n<figure class=\"wp-block-image size-large\"><img loading=\"lazy\" decoding=\"async\" width=\"1920\" height=\"1440\" data-id=\"9067\" src=\"https:\/\/judoposeidon.be\/wordpress\/wp-content\/uploads\/2022\/02\/reg_garcons_2022.jpg\" alt=\"\" class=\"wp-image-9067\" srcset=\"https:\/\/judoposeidon.be\/wordpress\/wp-content\/uploads\/2022\/02\/reg_garcons_2022.jpg 1920w, https:\/\/judoposeidon.be\/wordpress\/wp-content\/uploads\/2022\/02\/reg_garcons_2022-300x225.jpg 300w, https:\/\/judoposeidon.be\/wordpress\/wp-content\/uploads\/2022\/02\/reg_garcons_2022-1024x768.jpg 1024w, https:\/\/judoposeidon.be\/wordpress\/wp-content\/uploads\/2022\/02\/reg_garcons_2022-768x576.jpg 768w, https:\/\/judoposeidon.be\/wordpress\/wp-content\/uploads\/2022\/02\/reg_garcons_2022-1536x1152.jpg 1536w\" sizes=\"auto, (max-width: 1920px) 100vw, 1920px\" \/><\/figure>\n\n\n\n<figure class=\"wp-block-image size-large\"><img loading=\"lazy\" decoding=\"async\" width=\"1920\" height=\"1440\" data-id=\"9068\" src=\"https:\/\/judoposeidon.be\/wordpress\/wp-content\/uploads\/2022\/02\/reg_garcons_2022_2.jpg\" alt=\"\" class=\"wp-image-9068\" srcset=\"https:\/\/judoposeidon.be\/wordpress\/wp-content\/uploads\/2022\/02\/reg_garcons_2022_2.jpg 1920w, https:\/\/judoposeidon.be\/wordpress\/wp-content\/uploads\/2022\/02\/reg_garcons_2022_2-300x225.jpg 300w, https:\/\/judoposeidon.be\/wordpress\/wp-content\/uploads\/2022\/02\/reg_garcons_2022_2-1024x768.jpg 1024w, https:\/\/judoposeidon.be\/wordpress\/wp-content\/uploads\/2022\/02\/reg_garcons_2022_2-768x576.jpg 768w, https:\/\/judoposeidon.be\/wordpress\/wp-content\/uploads\/2022\/02\/reg_garcons_2022_2-1536x1152.jpg 1536w\" sizes=\"auto, (max-width: 1920px) 100vw, 1920px\" \/><\/figure>\n\n\n\n<figure class=\"wp-block-image size-large\"><img loading=\"lazy\" decoding=\"async\" width=\"1146\" height=\"2048\" data-id=\"9064\" src=\"https:\/\/judoposeidon.be\/wordpress\/wp-content\/uploads\/2022\/02\/reg_fille_2022.jpg\" alt=\"\" class=\"wp-image-9064\" srcset=\"https:\/\/judoposeidon.be\/wordpress\/wp-content\/uploads\/2022\/02\/reg_fille_2022.jpg 1146w, https:\/\/judoposeidon.be\/wordpress\/wp-content\/uploads\/2022\/02\/reg_fille_2022-168x300.jpg 168w, https:\/\/judoposeidon.be\/wordpress\/wp-content\/uploads\/2022\/02\/reg_fille_2022-573x1024.jpg 573w, https:\/\/judoposeidon.be\/wordpress\/wp-content\/uploads\/2022\/02\/reg_fille_2022-768x1372.jpg 768w, https:\/\/judoposeidon.be\/wordpress\/wp-content\/uploads\/2022\/02\/reg_fille_2022-860x1536.jpg 860w\" sizes=\"auto, (max-width: 1146px) 100vw, 1146px\" \/><\/figure>\n\n\n\n<figure class=\"wp-block-image size-large\"><img loading=\"lazy\" decoding=\"async\" width=\"2016\" height=\"1134\" data-id=\"9063\" src=\"https:\/\/judoposeidon.be\/wordpress\/wp-content\/uploads\/2022\/02\/reg_fille_2022_2.jpg\" alt=\"\" class=\"wp-image-9063\" srcset=\"https:\/\/judoposeidon.be\/wordpress\/wp-content\/uploads\/2022\/02\/reg_fille_2022_2.jpg 2016w, https:\/\/judoposeidon.be\/wordpress\/wp-content\/uploads\/2022\/02\/reg_fille_2022_2-300x169.jpg 300w, https:\/\/judoposeidon.be\/wordpress\/wp-content\/uploads\/2022\/02\/reg_fille_2022_2-1024x576.jpg 1024w, https:\/\/judoposeidon.be\/wordpress\/wp-content\/uploads\/2022\/02\/reg_fille_2022_2-768x432.jpg 768w, https:\/\/judoposeidon.be\/wordpress\/wp-content\/uploads\/2022\/02\/reg_fille_2022_2-1536x864.jpg 1536w\" sizes=\"auto, (max-width: 2016px) 100vw, 2016px\" \/><\/figure>\n<\/figure>\n\n\n\n<p>______________________________________________________________________<\/p>\n\n\n\n<p>Le 22 janvier 2022 a eu lieu la coupe de Brabant et le championnat provincial jeunes 2022. Bravo pour vos r\u00e9sultats.<\/p>\n\n\n\n<figure class=\"wp-block-gallery has-nested-images columns-8 is-cropped wp-block-gallery-3 is-layout-flex wp-block-gallery-is-layout-flex\">\n<figure class=\"wp-block-image size-large\"><img loading=\"lazy\" decoding=\"async\" width=\"1035\" height=\"1836\" data-id=\"9085\" src=\"https:\/\/judoposeidon.be\/wordpress\/wp-content\/uploads\/2022\/02\/provincial2022_13.jpg\" alt=\"\" class=\"wp-image-9085\" srcset=\"https:\/\/judoposeidon.be\/wordpress\/wp-content\/uploads\/2022\/02\/provincial2022_13.jpg 1035w, https:\/\/judoposeidon.be\/wordpress\/wp-content\/uploads\/2022\/02\/provincial2022_13-169x300.jpg 169w, https:\/\/judoposeidon.be\/wordpress\/wp-content\/uploads\/2022\/02\/provincial2022_13-577x1024.jpg 577w, https:\/\/judoposeidon.be\/wordpress\/wp-content\/uploads\/2022\/02\/provincial2022_13-768x1362.jpg 768w, https:\/\/judoposeidon.be\/wordpress\/wp-content\/uploads\/2022\/02\/provincial2022_13-866x1536.jpg 866w\" sizes=\"auto, (max-width: 1035px) 100vw, 1035px\" \/><\/figure>\n\n\n\n<figure class=\"wp-block-image size-large\"><img loading=\"lazy\" decoding=\"async\" width=\"1035\" height=\"1836\" data-id=\"9084\" src=\"https:\/\/judoposeidon.be\/wordpress\/wp-content\/uploads\/2022\/02\/provincial2022_12.jpg\" alt=\"\" class=\"wp-image-9084\" srcset=\"https:\/\/judoposeidon.be\/wordpress\/wp-content\/uploads\/2022\/02\/provincial2022_12.jpg 1035w, https:\/\/judoposeidon.be\/wordpress\/wp-content\/uploads\/2022\/02\/provincial2022_12-169x300.jpg 169w, https:\/\/judoposeidon.be\/wordpress\/wp-content\/uploads\/2022\/02\/provincial2022_12-577x1024.jpg 577w, https:\/\/judoposeidon.be\/wordpress\/wp-content\/uploads\/2022\/02\/provincial2022_12-768x1362.jpg 768w, https:\/\/judoposeidon.be\/wordpress\/wp-content\/uploads\/2022\/02\/provincial2022_12-866x1536.jpg 866w\" sizes=\"auto, (max-width: 1035px) 100vw, 1035px\" \/><\/figure>\n\n\n\n<figure class=\"wp-block-image size-large\"><img loading=\"lazy\" decoding=\"async\" width=\"1035\" height=\"1836\" data-id=\"9083\" src=\"https:\/\/judoposeidon.be\/wordpress\/wp-content\/uploads\/2022\/02\/provincial2022_11.jpg\" alt=\"\" class=\"wp-image-9083\" srcset=\"https:\/\/judoposeidon.be\/wordpress\/wp-content\/uploads\/2022\/02\/provincial2022_11.jpg 1035w, https:\/\/judoposeidon.be\/wordpress\/wp-content\/uploads\/2022\/02\/provincial2022_11-169x300.jpg 169w, https:\/\/judoposeidon.be\/wordpress\/wp-content\/uploads\/2022\/02\/provincial2022_11-577x1024.jpg 577w, https:\/\/judoposeidon.be\/wordpress\/wp-content\/uploads\/2022\/02\/provincial2022_11-768x1362.jpg 768w, https:\/\/judoposeidon.be\/wordpress\/wp-content\/uploads\/2022\/02\/provincial2022_11-866x1536.jpg 866w\" sizes=\"auto, (max-width: 1035px) 100vw, 1035px\" \/><\/figure>\n\n\n\n<figure class=\"wp-block-image size-large\"><img loading=\"lazy\" decoding=\"async\" width=\"1035\" height=\"1836\" data-id=\"9078\" src=\"https:\/\/judoposeidon.be\/wordpress\/wp-content\/uploads\/2022\/02\/provincial2022_8.jpg\" alt=\"\" class=\"wp-image-9078\" srcset=\"https:\/\/judoposeidon.be\/wordpress\/wp-content\/uploads\/2022\/02\/provincial2022_8.jpg 1035w, https:\/\/judoposeidon.be\/wordpress\/wp-content\/uploads\/2022\/02\/provincial2022_8-169x300.jpg 169w, https:\/\/judoposeidon.be\/wordpress\/wp-content\/uploads\/2022\/02\/provincial2022_8-577x1024.jpg 577w, https:\/\/judoposeidon.be\/wordpress\/wp-content\/uploads\/2022\/02\/provincial2022_8-768x1362.jpg 768w, https:\/\/judoposeidon.be\/wordpress\/wp-content\/uploads\/2022\/02\/provincial2022_8-866x1536.jpg 866w\" sizes=\"auto, (max-width: 1035px) 100vw, 1035px\" \/><\/figure>\n\n\n\n<figure class=\"wp-block-image size-large\"><img loading=\"lazy\" decoding=\"async\" width=\"1035\" height=\"1836\" data-id=\"9079\" src=\"https:\/\/judoposeidon.be\/wordpress\/wp-content\/uploads\/2022\/02\/provincial2022_10.jpg\" alt=\"\" class=\"wp-image-9079\" srcset=\"https:\/\/judoposeidon.be\/wordpress\/wp-content\/uploads\/2022\/02\/provincial2022_10.jpg 1035w, https:\/\/judoposeidon.be\/wordpress\/wp-content\/uploads\/2022\/02\/provincial2022_10-169x300.jpg 169w, https:\/\/judoposeidon.be\/wordpress\/wp-content\/uploads\/2022\/02\/provincial2022_10-577x1024.jpg 577w, https:\/\/judoposeidon.be\/wordpress\/wp-content\/uploads\/2022\/02\/provincial2022_10-768x1362.jpg 768w, https:\/\/judoposeidon.be\/wordpress\/wp-content\/uploads\/2022\/02\/provincial2022_10-866x1536.jpg 866w\" sizes=\"auto, (max-width: 1035px) 100vw, 1035px\" \/><\/figure>\n\n\n\n<figure class=\"wp-block-image size-large\"><img loading=\"lazy\" decoding=\"async\" width=\"1836\" height=\"1035\" data-id=\"9080\" src=\"https:\/\/judoposeidon.be\/wordpress\/wp-content\/uploads\/2022\/02\/coupebrabant2022.jpg\" alt=\"\" class=\"wp-image-9080\" srcset=\"https:\/\/judoposeidon.be\/wordpress\/wp-content\/uploads\/2022\/02\/coupebrabant2022.jpg 1836w, https:\/\/judoposeidon.be\/wordpress\/wp-content\/uploads\/2022\/02\/coupebrabant2022-300x169.jpg 300w, https:\/\/judoposeidon.be\/wordpress\/wp-content\/uploads\/2022\/02\/coupebrabant2022-1024x577.jpg 1024w, https:\/\/judoposeidon.be\/wordpress\/wp-content\/uploads\/2022\/02\/coupebrabant2022-768x433.jpg 768w, https:\/\/judoposeidon.be\/wordpress\/wp-content\/uploads\/2022\/02\/coupebrabant2022-1536x866.jpg 1536w\" sizes=\"auto, (max-width: 1836px) 100vw, 1836px\" \/><\/figure>\n\n\n\n<figure class=\"wp-block-image size-large\"><img loading=\"lazy\" decoding=\"async\" width=\"1836\" height=\"1035\" data-id=\"9081\" src=\"https:\/\/judoposeidon.be\/wordpress\/wp-content\/uploads\/2022\/02\/provincial2022.jpg\" alt=\"\" class=\"wp-image-9081\" srcset=\"https:\/\/judoposeidon.be\/wordpress\/wp-content\/uploads\/2022\/02\/provincial2022.jpg 1836w, https:\/\/judoposeidon.be\/wordpress\/wp-content\/uploads\/2022\/02\/provincial2022-300x169.jpg 300w, https:\/\/judoposeidon.be\/wordpress\/wp-content\/uploads\/2022\/02\/provincial2022-1024x577.jpg 1024w, https:\/\/judoposeidon.be\/wordpress\/wp-content\/uploads\/2022\/02\/provincial2022-768x433.jpg 768w, https:\/\/judoposeidon.be\/wordpress\/wp-content\/uploads\/2022\/02\/provincial2022-1536x866.jpg 1536w\" sizes=\"auto, (max-width: 1836px) 100vw, 1836px\" \/><\/figure>\n\n\n\n<figure class=\"wp-block-image size-large\"><img loading=\"lazy\" decoding=\"async\" width=\"1035\" height=\"1836\" data-id=\"9082\" src=\"https:\/\/judoposeidon.be\/wordpress\/wp-content\/uploads\/2022\/02\/provincial2022_1.jpg\" alt=\"\" class=\"wp-image-9082\" srcset=\"https:\/\/judoposeidon.be\/wordpress\/wp-content\/uploads\/2022\/02\/provincial2022_1.jpg 1035w, https:\/\/judoposeidon.be\/wordpress\/wp-content\/uploads\/2022\/02\/provincial2022_1-169x300.jpg 169w, https:\/\/judoposeidon.be\/wordpress\/wp-content\/uploads\/2022\/02\/provincial2022_1-577x1024.jpg 577w, https:\/\/judoposeidon.be\/wordpress\/wp-content\/uploads\/2022\/02\/provincial2022_1-768x1362.jpg 768w, https:\/\/judoposeidon.be\/wordpress\/wp-content\/uploads\/2022\/02\/provincial2022_1-866x1536.jpg 866w\" sizes=\"auto, (max-width: 1035px) 100vw, 1035px\" \/><\/figure>\n\n\n\n<figure class=\"wp-block-image size-large\"><img loading=\"lazy\" decoding=\"async\" width=\"1035\" height=\"1836\" data-id=\"9077\" src=\"https:\/\/judoposeidon.be\/wordpress\/wp-content\/uploads\/2022\/02\/provincial2022_9.jpg\" alt=\"\" class=\"wp-image-9077\" srcset=\"https:\/\/judoposeidon.be\/wordpress\/wp-content\/uploads\/2022\/02\/provincial2022_9.jpg 1035w, https:\/\/judoposeidon.be\/wordpress\/wp-content\/uploads\/2022\/02\/provincial2022_9-169x300.jpg 169w, https:\/\/judoposeidon.be\/wordpress\/wp-content\/uploads\/2022\/02\/provincial2022_9-577x1024.jpg 577w, https:\/\/judoposeidon.be\/wordpress\/wp-content\/uploads\/2022\/02\/provincial2022_9-768x1362.jpg 768w, https:\/\/judoposeidon.be\/wordpress\/wp-content\/uploads\/2022\/02\/provincial2022_9-866x1536.jpg 866w\" sizes=\"auto, (max-width: 1035px) 100vw, 1035px\" \/><\/figure>\n\n\n\n<figure class=\"wp-block-image size-large\"><img loading=\"lazy\" decoding=\"async\" width=\"1035\" height=\"1836\" data-id=\"9076\" src=\"https:\/\/judoposeidon.be\/wordpress\/wp-content\/uploads\/2022\/02\/provincial2022_4.jpg\" alt=\"\" class=\"wp-image-9076\" srcset=\"https:\/\/judoposeidon.be\/wordpress\/wp-content\/uploads\/2022\/02\/provincial2022_4.jpg 1035w, https:\/\/judoposeidon.be\/wordpress\/wp-content\/uploads\/2022\/02\/provincial2022_4-169x300.jpg 169w, https:\/\/judoposeidon.be\/wordpress\/wp-content\/uploads\/2022\/02\/provincial2022_4-577x1024.jpg 577w, https:\/\/judoposeidon.be\/wordpress\/wp-content\/uploads\/2022\/02\/provincial2022_4-768x1362.jpg 768w, https:\/\/judoposeidon.be\/wordpress\/wp-content\/uploads\/2022\/02\/provincial2022_4-866x1536.jpg 866w\" sizes=\"auto, (max-width: 1035px) 100vw, 1035px\" \/><\/figure>\n\n\n\n<figure class=\"wp-block-image size-large\"><img loading=\"lazy\" decoding=\"async\" width=\"1035\" height=\"1836\" data-id=\"9075\" src=\"https:\/\/judoposeidon.be\/wordpress\/wp-content\/uploads\/2022\/02\/provincial2022_3.jpg\" alt=\"\" class=\"wp-image-9075\" srcset=\"https:\/\/judoposeidon.be\/wordpress\/wp-content\/uploads\/2022\/02\/provincial2022_3.jpg 1035w, https:\/\/judoposeidon.be\/wordpress\/wp-content\/uploads\/2022\/02\/provincial2022_3-169x300.jpg 169w, https:\/\/judoposeidon.be\/wordpress\/wp-content\/uploads\/2022\/02\/provincial2022_3-577x1024.jpg 577w, https:\/\/judoposeidon.be\/wordpress\/wp-content\/uploads\/2022\/02\/provincial2022_3-768x1362.jpg 768w, https:\/\/judoposeidon.be\/wordpress\/wp-content\/uploads\/2022\/02\/provincial2022_3-866x1536.jpg 866w\" sizes=\"auto, (max-width: 1035px) 100vw, 1035px\" \/><\/figure>\n\n\n\n<figure class=\"wp-block-image size-large\"><img loading=\"lazy\" decoding=\"async\" width=\"1035\" height=\"1836\" data-id=\"9074\" src=\"https:\/\/judoposeidon.be\/wordpress\/wp-content\/uploads\/2022\/02\/provincial2022_7.jpg\" alt=\"\" class=\"wp-image-9074\" srcset=\"https:\/\/judoposeidon.be\/wordpress\/wp-content\/uploads\/2022\/02\/provincial2022_7.jpg 1035w, https:\/\/judoposeidon.be\/wordpress\/wp-content\/uploads\/2022\/02\/provincial2022_7-169x300.jpg 169w, https:\/\/judoposeidon.be\/wordpress\/wp-content\/uploads\/2022\/02\/provincial2022_7-577x1024.jpg 577w, https:\/\/judoposeidon.be\/wordpress\/wp-content\/uploads\/2022\/02\/provincial2022_7-768x1362.jpg 768w, https:\/\/judoposeidon.be\/wordpress\/wp-content\/uploads\/2022\/02\/provincial2022_7-866x1536.jpg 866w\" sizes=\"auto, (max-width: 1035px) 100vw, 1035px\" \/><\/figure>\n\n\n\n<figure class=\"wp-block-image size-large\"><img loading=\"lazy\" decoding=\"async\" width=\"1035\" height=\"1836\" data-id=\"9073\" src=\"https:\/\/judoposeidon.be\/wordpress\/wp-content\/uploads\/2022\/02\/provincial2022_6.jpg\" alt=\"\" class=\"wp-image-9073\" srcset=\"https:\/\/judoposeidon.be\/wordpress\/wp-content\/uploads\/2022\/02\/provincial2022_6.jpg 1035w, https:\/\/judoposeidon.be\/wordpress\/wp-content\/uploads\/2022\/02\/provincial2022_6-169x300.jpg 169w, https:\/\/judoposeidon.be\/wordpress\/wp-content\/uploads\/2022\/02\/provincial2022_6-577x1024.jpg 577w, https:\/\/judoposeidon.be\/wordpress\/wp-content\/uploads\/2022\/02\/provincial2022_6-768x1362.jpg 768w, https:\/\/judoposeidon.be\/wordpress\/wp-content\/uploads\/2022\/02\/provincial2022_6-866x1536.jpg 866w\" sizes=\"auto, (max-width: 1035px) 100vw, 1035px\" \/><\/figure>\n\n\n\n<figure class=\"wp-block-image size-large\"><img loading=\"lazy\" decoding=\"async\" width=\"1836\" height=\"1035\" data-id=\"9072\" src=\"https:\/\/judoposeidon.be\/wordpress\/wp-content\/uploads\/2022\/02\/provincial2022_2.jpg\" alt=\"\" class=\"wp-image-9072\" srcset=\"https:\/\/judoposeidon.be\/wordpress\/wp-content\/uploads\/2022\/02\/provincial2022_2.jpg 1836w, https:\/\/judoposeidon.be\/wordpress\/wp-content\/uploads\/2022\/02\/provincial2022_2-300x169.jpg 300w, https:\/\/judoposeidon.be\/wordpress\/wp-content\/uploads\/2022\/02\/provincial2022_2-1024x577.jpg 1024w, https:\/\/judoposeidon.be\/wordpress\/wp-content\/uploads\/2022\/02\/provincial2022_2-768x433.jpg 768w, https:\/\/judoposeidon.be\/wordpress\/wp-content\/uploads\/2022\/02\/provincial2022_2-1536x866.jpg 1536w\" sizes=\"auto, (max-width: 1836px) 100vw, 1836px\" \/><\/figure>\n\n\n\n<figure class=\"wp-block-image size-large\"><img loading=\"lazy\" decoding=\"async\" width=\"1035\" height=\"1836\" data-id=\"9071\" src=\"https:\/\/judoposeidon.be\/wordpress\/wp-content\/uploads\/2022\/02\/provincial2022_5.jpg\" alt=\"\" class=\"wp-image-9071\" srcset=\"https:\/\/judoposeidon.be\/wordpress\/wp-content\/uploads\/2022\/02\/provincial2022_5.jpg 1035w, https:\/\/judoposeidon.be\/wordpress\/wp-content\/uploads\/2022\/02\/provincial2022_5-169x300.jpg 169w, https:\/\/judoposeidon.be\/wordpress\/wp-content\/uploads\/2022\/02\/provincial2022_5-577x1024.jpg 577w, https:\/\/judoposeidon.be\/wordpress\/wp-content\/uploads\/2022\/02\/provincial2022_5-768x1362.jpg 768w, https:\/\/judoposeidon.be\/wordpress\/wp-content\/uploads\/2022\/02\/provincial2022_5-866x1536.jpg 866w\" sizes=\"auto, (max-width: 1035px) 100vw, 1035px\" \/><\/figure>\n<\/figure>\n\n\n\n<p>Le 2 octobre 2021 avait lieu la premi\u00e8re comp\u00e9tition de la saison  \u00e0 Lincent. Voici les r\u00e9sultats :<br>&#8211; En U11 terminent 1er Gassan, 2\u00e8mes Thomas et Simon, 3\u00e8mes Lucas et Matteu et 4\u00e8me Peter et Daniel<br>&#8211; En U13 terminent 1ers Val\u00e9ria, Tym\u00e9o et No\u00e9, 2\u00e8mes Lucas, Alec et Alexandre et 4\u00e8me Petar<br>&#8211; En U15 terminent 1\u00e8re Alix en -63kg et 3\u00e8me Elias en -55kg<br>&#8211; En U18 terminent 2\u00e8me Annaelle en -52 et 3\u00e8me Anthony en -81<br>&#8211;  En +U21 terminent 1ers C\u00e9line en -63 et toute cat\u00e9gorie et Philippe en  -90 et toute cat\u00e9gorie et 2\u00e8me Marine en -78<br>Gr\u00e2ce \u00e0 ces r\u00e9sultats le  club termine 2\u00e8me au classement g\u00e9n\u00e9ral !<br>F\u00e9licitations \u00e0 toutes et tous, <br>Les coachs du jour (Sandrine, Alain, Alexandre et Adrien) <\/p>\n\n\n\n<p>_______________________________________________________________________<\/p>\n\n\n\n<p>\nFrancesco Fontana termine 2eme en -66kg \u00e0 sa premi\u00e8re comp\u00e9tition\n\n<\/p>\n\n\n\n<figure class=\"wp-block-image\"><img loading=\"lazy\" decoding=\"async\" width=\"716\" height=\"960\" src=\"https:\/\/judoposeidon.be\/wordpress\/wp-content\/uploads\/2020\/02\/florennes_2020.jpg\" alt=\"\" class=\"wp-image-7833\" srcset=\"https:\/\/judoposeidon.be\/wordpress\/wp-content\/uploads\/2020\/02\/florennes_2020.jpg 716w, https:\/\/judoposeidon.be\/wordpress\/wp-content\/uploads\/2020\/02\/florennes_2020-224x300.jpg 224w\" sizes=\"auto, (max-width: 716px) 100vw, 716px\" \/><\/figure>\n\n\n\n<p>\nAu championnat de Belgique Lina termine 2\u00e8me dans sa cat\u00e9gorie et Charline 5eme<br> bravo \u00e0 elles 2 pour leur parcours et leur travail\n\n<\/p>\n\n\n\n<figure class=\"wp-block-gallery has-nested-images columns-default is-cropped wp-block-gallery-4 is-layout-flex wp-block-gallery-is-layout-flex\">\n<figure class=\"wp-block-image\"><img loading=\"lazy\" decoding=\"async\" width=\"960\" height=\"960\" data-id=\"7852\" src=\"https:\/\/judoposeidon.be\/wordpress\/wp-content\/uploads\/2020\/02\/CBJeunes_2020_3.jpg\" alt=\"\" class=\"wp-image-7852\" srcset=\"https:\/\/judoposeidon.be\/wordpress\/wp-content\/uploads\/2020\/02\/CBJeunes_2020_3.jpg 960w, https:\/\/judoposeidon.be\/wordpress\/wp-content\/uploads\/2020\/02\/CBJeunes_2020_3-150x150.jpg 150w, https:\/\/judoposeidon.be\/wordpress\/wp-content\/uploads\/2020\/02\/CBJeunes_2020_3-300x300.jpg 300w, https:\/\/judoposeidon.be\/wordpress\/wp-content\/uploads\/2020\/02\/CBJeunes_2020_3-768x768.jpg 768w, https:\/\/judoposeidon.be\/wordpress\/wp-content\/uploads\/2020\/02\/CBJeunes_2020_3-365x365.jpg 365w, https:\/\/judoposeidon.be\/wordpress\/wp-content\/uploads\/2020\/02\/CBJeunes_2020_3-500x500.jpg 500w\" sizes=\"auto, (max-width: 960px) 100vw, 960px\" \/><\/figure>\n\n\n\n<figure class=\"wp-block-image\"><img loading=\"lazy\" decoding=\"async\" width=\"960\" height=\"960\" data-id=\"7851\" src=\"https:\/\/judoposeidon.be\/wordpress\/wp-content\/uploads\/2020\/02\/CBJeunes_2020_2.jpg\" alt=\"\" class=\"wp-image-7851\" srcset=\"https:\/\/judoposeidon.be\/wordpress\/wp-content\/uploads\/2020\/02\/CBJeunes_2020_2.jpg 960w, https:\/\/judoposeidon.be\/wordpress\/wp-content\/uploads\/2020\/02\/CBJeunes_2020_2-150x150.jpg 150w, https:\/\/judoposeidon.be\/wordpress\/wp-content\/uploads\/2020\/02\/CBJeunes_2020_2-300x300.jpg 300w, https:\/\/judoposeidon.be\/wordpress\/wp-content\/uploads\/2020\/02\/CBJeunes_2020_2-768x768.jpg 768w, https:\/\/judoposeidon.be\/wordpress\/wp-content\/uploads\/2020\/02\/CBJeunes_2020_2-365x365.jpg 365w, https:\/\/judoposeidon.be\/wordpress\/wp-content\/uploads\/2020\/02\/CBJeunes_2020_2-500x500.jpg 500w\" sizes=\"auto, (max-width: 960px) 100vw, 960px\" \/><\/figure>\n\n\n\n<figure class=\"wp-block-image\"><img loading=\"lazy\" decoding=\"async\" width=\"960\" height=\"960\" data-id=\"7850\" src=\"https:\/\/judoposeidon.be\/wordpress\/wp-content\/uploads\/2020\/02\/CBJeunes_2020_1.jpg\" alt=\"\" class=\"wp-image-7850\" srcset=\"https:\/\/judoposeidon.be\/wordpress\/wp-content\/uploads\/2020\/02\/CBJeunes_2020_1.jpg 960w, https:\/\/judoposeidon.be\/wordpress\/wp-content\/uploads\/2020\/02\/CBJeunes_2020_1-150x150.jpg 150w, https:\/\/judoposeidon.be\/wordpress\/wp-content\/uploads\/2020\/02\/CBJeunes_2020_1-300x300.jpg 300w, https:\/\/judoposeidon.be\/wordpress\/wp-content\/uploads\/2020\/02\/CBJeunes_2020_1-768x768.jpg 768w, https:\/\/judoposeidon.be\/wordpress\/wp-content\/uploads\/2020\/02\/CBJeunes_2020_1-365x365.jpg 365w, https:\/\/judoposeidon.be\/wordpress\/wp-content\/uploads\/2020\/02\/CBJeunes_2020_1-500x500.jpg 500w\" sizes=\"auto, (max-width: 960px) 100vw, 960px\" \/><\/figure>\n<\/figure>\n\n\n\n<p>\nR\u00e9sultats du championnat r\u00e9gional \u00e0 Herstal !!!<br> U21<br> Maxime Van Rechem 3eme<br> Amaury Vanderbreerstraeten 5eme<br> Martin Waegeneers NC<br> U18<br> Marie B\u00fbcher NC<br> Charline Larroque  3eme<br> Lina Kamboui 3eme<br> F\u00e9licitations \u00e9galement \u00e0 nos visiteurs habituels<br> Eddine, Dilaver et Ryan\n\n<\/p>\n\n\n\nngg_shortcode_0_placeholder\n\n\n\n<p>R\u00e9sultats du championnat provincial du 19\/01<br> U13 : Stassin Clara 1er, Kokalj Jan 1er, Brisy Alexandre 1er, Vivier Alix 1er,  Leclercq Thomas 1er, Vierendeels Manon 2eme <br>U18 :<br>-57<br> Bucher Marie 2\u00e8me <br> Larroque Charline 1\u00e8re <br> -60<br> Saidi Chahine NC<br> -63<br> Kamboui Lina 1\u00e8re <br>-66<br> Schaelbroeck Alexandre NC<br>-73<br>Marin Gabriel NC<br>U15<br>-42<br> Bratina Matej NC<br> -66<br> Lauria Anthony NC<br> U21<br> -60<br> Vanderbreetstraeten Amaury 1er<br> Van Rechem Maxime 2\u00e8me <br> -66<br> Waegeneers Martin 5\u00e8me <br>F\u00e9licitations  \u00e9galement \u00e0 nos visiteurs habituels qui se sont qualifi\u00e9s pour le r\u00e9gional : Ryan Aabassi, Dilaver Hanci, Eddine Merzouk<\/p>\n\n\n\n<p> Au tournoi de saint gilles, le dimanche 1\/12 les r\u00e9sultats sont :<br> En U11<br>  -Quellec Gauthier 2\u00e8me <br> &#8211; Le Bras Tymeo 3\u00e8me<br> En U13<br> &#8211; Stassin Clara 1\u00e8re <br> &#8211; Vierendeels Manon 2\u00e8me <br> &#8211; Vivier Alix 3\u00e8me <br> &#8211; Kokalj Jan 1er<br> &#8211; Brisy Alexandre 1er<br> &#8211; Leclercq Thomas 3\u00e8me <\/p>\n\n\n\n<p>Les 23 et 24 novembre avaient lieu les derni\u00e8res journ\u00e9es d&rsquo;interclubs 2019. L&rsquo;\u00e9quipe D1 hommes termine 3\u00e8me, l&rsquo;\u00e9quipe D2 hommes 7\u00e8me et l&rsquo;\u00e9quipe D1 Dames 7\u00e8me. Bravo pour vos combats et r\u00e9sultats<br><br>Cr\u00e9dit photo : Renaud Sterpin<\/p>\n\n\n\nngg_shortcode_1_placeholder\n\n\n\n<p>\nLes 16 &amp; 17 novembre ont eu lieu la 3\u00e8me journ\u00e9e pour les 3 \u00e9quipes \ndu club. Et de beaux r\u00e9sultats sont \u00e0 souligner : les 3 \u00e9quipes gagnent 2\n des 3 rencontres au programme de leur journ\u00e9e <br><\/p>\n\n\n\n<p> Samedi 2\/11 avait lieu les championnats de Belgique s\u00e9niors. <a href=\"https:\/\/www.facebook.com\/glenn.segers.92?__tn__=K-R&amp;eid=ARA1W4Yowuj0dkT-7_Pq9YjlcCK0sL3_3J9X1FoGygIMp4t8ce1MjJnYv3KPbcc9Lwj9d8DYx1Yl5M1V&amp;fref=mentions&amp;__xts__%5B0%5D=68.ARDUZpLoLTUbkw42SIOvcrS40CO5yYEZQlqFvJ3tSf7cv14dsxOdRUePfGApR2oCYCMG_UxCLm89lGe1GxxHr5h-SVkh8E9Io5ujMrO0nXxglNe1Ax2FzWkv9CTnh9nwDadEXd5d_kP6YU3h85VZwh2aAmp6dGMQk51ol_SIh32r7OMacyLifq48oMx1wr-JdAxUkFIw_lRkdg1NXgg_XF_LshX71qDndDRrtP6Q-iMKARrX3d1C9ZhxH6moGG_t2s5mdOkKiLC5slv38G7wremUijEZfhmTUPmWp3UuBW9fr_HGNYFmqxKuS5RQU4VSPluvfs3QT7ZZOo7jQ8NxzLV7nA\">Glenn Sgrs<\/a> termine 3\u00e8me en -100kg, Drilon (-81kg) &amp; Osman (-90kg) 5\u00e8me, Philippe (-73kg) &amp; Camille (-52kg) 7\u00e8me. <br> Bravo \u00e0 eux pour leur parcours.<br> Les deux coachs des championnats Samuel &amp; Alain  <br><br>(Cr\u00e9dit photo VJF)<\/p>\n\n\n\n<figure class=\"wp-block-image\"><img loading=\"lazy\" decoding=\"async\" width=\"1024\" height=\"683\" src=\"https:\/\/judoposeidon.be\/wordpress\/wp-content\/uploads\/2019\/11\/belsenior2019-1024x683.jpg\" alt=\"\" class=\"wp-image-7335\" srcset=\"https:\/\/judoposeidon.be\/wordpress\/wp-content\/uploads\/2019\/11\/belsenior2019-1024x683.jpg 1024w, https:\/\/judoposeidon.be\/wordpress\/wp-content\/uploads\/2019\/11\/belsenior2019-300x200.jpg 300w, https:\/\/judoposeidon.be\/wordpress\/wp-content\/uploads\/2019\/11\/belsenior2019-768x512.jpg 768w, https:\/\/judoposeidon.be\/wordpress\/wp-content\/uploads\/2019\/11\/belsenior2019.jpg 1080w\" sizes=\"auto, (max-width: 1024px) 100vw, 1024px\" \/><\/figure>\n\n\n\n<p>\nLes r\u00e9sultats du championnat r\u00e9gional senior :<br> Camille termine 3eme en -52<br> Sanda termine 7eme en -60<br> Philippe et Osman terminent 3eme en -73 &amp;-90<br> Glenn termine 2eme en -100<br> Drilon termine 1er en -81\n\n<\/p>\n\n\n\n<figure class=\"wp-block-image\"><img loading=\"lazy\" decoding=\"async\" width=\"1024\" height=\"768\" src=\"https:\/\/judoposeidon.be\/wordpress\/wp-content\/uploads\/2019\/11\/regionalsenior2019-1024x768.jpg\" alt=\"\" class=\"wp-image-7331\" srcset=\"https:\/\/judoposeidon.be\/wordpress\/wp-content\/uploads\/2019\/11\/regionalsenior2019-1024x768.jpg 1024w, https:\/\/judoposeidon.be\/wordpress\/wp-content\/uploads\/2019\/11\/regionalsenior2019-300x225.jpg 300w, https:\/\/judoposeidon.be\/wordpress\/wp-content\/uploads\/2019\/11\/regionalsenior2019-768x576.jpg 768w, https:\/\/judoposeidon.be\/wordpress\/wp-content\/uploads\/2019\/11\/regionalsenior2019.jpg 2048w\" sizes=\"auto, (max-width: 1024px) 100vw, 1024px\" \/><\/figure>\n\n\n\n<p>\n Samedi avait lieu la Ketjes Trophee. L\u2019\u00e9quipe en U11 termine 3eme et \ncelle en U13 ne sort pas de sa poule malgr\u00e9 de beaux combats.<br> F\u00e9licitations aux membres des 2 \u00e9quipes \n\n<\/p>\n\n\n\n<figure class=\"wp-block-gallery has-nested-images columns-default is-cropped wp-block-gallery-5 is-layout-flex wp-block-gallery-is-layout-flex\">\n<figure class=\"wp-block-image\"><img loading=\"lazy\" decoding=\"async\" width=\"1024\" height=\"576\" data-id=\"7323\" src=\"https:\/\/judoposeidon.be\/wordpress\/wp-content\/uploads\/2019\/10\/ketjes-2019-2-1024x576.jpg\" alt=\"\" class=\"wp-image-7323\" srcset=\"https:\/\/judoposeidon.be\/wordpress\/wp-content\/uploads\/2019\/10\/ketjes-2019-2-1024x576.jpg 1024w, https:\/\/judoposeidon.be\/wordpress\/wp-content\/uploads\/2019\/10\/ketjes-2019-2-300x169.jpg 300w, https:\/\/judoposeidon.be\/wordpress\/wp-content\/uploads\/2019\/10\/ketjes-2019-2-768x432.jpg 768w\" sizes=\"auto, (max-width: 1024px) 100vw, 1024px\" \/><\/figure>\n\n\n\n<figure class=\"wp-block-image\"><img loading=\"lazy\" decoding=\"async\" width=\"1024\" height=\"768\" data-id=\"7310\" src=\"https:\/\/judoposeidon.be\/wordpress\/wp-content\/uploads\/2019\/10\/ketjes_2019_1-1024x768.jpg\" alt=\"\" class=\"wp-image-7310\" srcset=\"https:\/\/judoposeidon.be\/wordpress\/wp-content\/uploads\/2019\/10\/ketjes_2019_1-1024x768.jpg 1024w, https:\/\/judoposeidon.be\/wordpress\/wp-content\/uploads\/2019\/10\/ketjes_2019_1-300x225.jpg 300w, https:\/\/judoposeidon.be\/wordpress\/wp-content\/uploads\/2019\/10\/ketjes_2019_1-768x576.jpg 768w, https:\/\/judoposeidon.be\/wordpress\/wp-content\/uploads\/2019\/10\/ketjes_2019_1.jpg 1920w\" sizes=\"auto, (max-width: 1024px) 100vw, 1024px\" \/><\/figure>\n<\/figure>\n\n\n\n<p> Le dimanche 6 octobre a eu lieu la \u00ab\u00a0international Hainaut Cup\u00a0\u00bb les r\u00e9sultats sont : <br>En U13 :<br> &#8211; Manon Vierendeels 1ere<br> &#8211; Clara Stassin 2eme<br> &#8211; Jan Kokalj 3eme<br>En U11:<br> &#8211; No\u00e9 Akon 3eme  <br><br><\/p>\n\n\n\n<figure class=\"wp-block-gallery has-nested-images columns-default is-cropped wp-block-gallery-6 is-layout-flex wp-block-gallery-is-layout-flex\">\n<figure class=\"wp-block-image\"><img loading=\"lazy\" decoding=\"async\" width=\"720\" height=\"960\" data-id=\"7267\" src=\"https:\/\/judoposeidon.be\/wordpress\/wp-content\/uploads\/2019\/10\/hainautcup2019_1.jpg\" alt=\"\" class=\"wp-image-7267\" srcset=\"https:\/\/judoposeidon.be\/wordpress\/wp-content\/uploads\/2019\/10\/hainautcup2019_1.jpg 720w, https:\/\/judoposeidon.be\/wordpress\/wp-content\/uploads\/2019\/10\/hainautcup2019_1-225x300.jpg 225w\" sizes=\"auto, (max-width: 720px) 100vw, 720px\" \/><\/figure>\n\n\n\n<figure class=\"wp-block-image\"><img loading=\"lazy\" decoding=\"async\" width=\"720\" height=\"960\" data-id=\"7266\" src=\"https:\/\/judoposeidon.be\/wordpress\/wp-content\/uploads\/2019\/10\/hainautcup2019_2.jpg\" alt=\"\" class=\"wp-image-7266\" srcset=\"https:\/\/judoposeidon.be\/wordpress\/wp-content\/uploads\/2019\/10\/hainautcup2019_2.jpg 720w, https:\/\/judoposeidon.be\/wordpress\/wp-content\/uploads\/2019\/10\/hainautcup2019_2-225x300.jpg 225w\" sizes=\"auto, (max-width: 720px) 100vw, 720px\" \/><\/figure>\n\n\n\n<figure class=\"wp-block-image\"><img loading=\"lazy\" decoding=\"async\" width=\"720\" height=\"960\" data-id=\"7265\" src=\"https:\/\/judoposeidon.be\/wordpress\/wp-content\/uploads\/2019\/10\/hainautcup2019_3.jpg\" alt=\"\" class=\"wp-image-7265\" srcset=\"https:\/\/judoposeidon.be\/wordpress\/wp-content\/uploads\/2019\/10\/hainautcup2019_3.jpg 720w, https:\/\/judoposeidon.be\/wordpress\/wp-content\/uploads\/2019\/10\/hainautcup2019_3-225x300.jpg 225w\" sizes=\"auto, (max-width: 720px) 100vw, 720px\" \/><\/figure>\n<\/figure>\n\n\n\n<p>Les r\u00e9sultats de la comp\u00e9tition \u00e0 Florennes sont les suivants :<br> U11:     Karel Zika 1er <br>             Gauthier Quellec 2\u00e8me  <br>             Kyrill Kesteman 2\u00e8me    <br>             Elouen Adamovic 3\u00e8me <br>U13:     Manon Vierendeels 2\u00e8me<br>             Alix Vivier 3\u00e8me<br>             Tatiana Pierlot 4\u00e8me<br>             Thomas Leclercq 1er<br>             Alexandre Brisy 2\u00e8me <\/p>\n\n\n\n<figure class=\"wp-block-gallery has-nested-images columns-default is-cropped wp-block-gallery-7 is-layout-flex wp-block-gallery-is-layout-flex\">\n<figure class=\"wp-block-image\"><img loading=\"lazy\" decoding=\"async\" width=\"576\" height=\"1024\" data-id=\"7280\" src=\"https:\/\/judoposeidon.be\/wordpress\/wp-content\/uploads\/2019\/10\/florennes_3-576x1024.jpg\" alt=\"\" class=\"wp-image-7280\" srcset=\"https:\/\/judoposeidon.be\/wordpress\/wp-content\/uploads\/2019\/10\/florennes_3-576x1024.jpg 576w, https:\/\/judoposeidon.be\/wordpress\/wp-content\/uploads\/2019\/10\/florennes_3-169x300.jpg 169w, https:\/\/judoposeidon.be\/wordpress\/wp-content\/uploads\/2019\/10\/florennes_3-768x1365.jpg 768w, https:\/\/judoposeidon.be\/wordpress\/wp-content\/uploads\/2019\/10\/florennes_3.jpg 1152w\" sizes=\"auto, (max-width: 576px) 100vw, 576px\" \/><\/figure>\n\n\n\n<figure class=\"wp-block-image\"><img loading=\"lazy\" decoding=\"async\" width=\"576\" height=\"1024\" data-id=\"7281\" src=\"https:\/\/judoposeidon.be\/wordpress\/wp-content\/uploads\/2019\/10\/florennes_2-576x1024.jpg\" alt=\"\" class=\"wp-image-7281\" srcset=\"https:\/\/judoposeidon.be\/wordpress\/wp-content\/uploads\/2019\/10\/florennes_2-576x1024.jpg 576w, https:\/\/judoposeidon.be\/wordpress\/wp-content\/uploads\/2019\/10\/florennes_2-169x300.jpg 169w, https:\/\/judoposeidon.be\/wordpress\/wp-content\/uploads\/2019\/10\/florennes_2-768x1365.jpg 768w, https:\/\/judoposeidon.be\/wordpress\/wp-content\/uploads\/2019\/10\/florennes_2.jpg 1152w\" sizes=\"auto, (max-width: 576px) 100vw, 576px\" \/><\/figure>\n\n\n\n<figure class=\"wp-block-image\"><img loading=\"lazy\" decoding=\"async\" width=\"1024\" height=\"576\" data-id=\"7282\" src=\"https:\/\/judoposeidon.be\/wordpress\/wp-content\/uploads\/2019\/10\/florennes_1-1024x576.jpg\" alt=\"\" class=\"wp-image-7282\" srcset=\"https:\/\/judoposeidon.be\/wordpress\/wp-content\/uploads\/2019\/10\/florennes_1-1024x576.jpg 1024w, https:\/\/judoposeidon.be\/wordpress\/wp-content\/uploads\/2019\/10\/florennes_1-300x169.jpg 300w, https:\/\/judoposeidon.be\/wordpress\/wp-content\/uploads\/2019\/10\/florennes_1-768x432.jpg 768w, https:\/\/judoposeidon.be\/wordpress\/wp-content\/uploads\/2019\/10\/florennes_1.jpg 2048w\" sizes=\"auto, (max-width: 1024px) 100vw, 1024px\" \/><\/figure>\n<\/figure>\n\n\n\n<p>Ce samedi 21 septembre \u00e0 l\u2019Open van Brabant en U21\/+21, Samuel Maigret en -73 termine 1er et Mathias Maigret -66 n\u2019est pas class\u00e9. Et dimance 22\/09  <br>Lina Kamboui ne sort pas de sa poule malgr\u00e9 de magnifiques combats \u00e0 l\u2019Open van Brabant en U18 -70.  <\/p>\n\n\n\n<figure class=\"wp-block-image\"><img loading=\"lazy\" decoding=\"async\" width=\"1024\" height=\"768\" src=\"https:\/\/judoposeidon.be\/wordpress\/wp-content\/uploads\/2019\/09\/sambrabant19-1024x768.jpg\" alt=\"\" class=\"wp-image-7248\" srcset=\"https:\/\/judoposeidon.be\/wordpress\/wp-content\/uploads\/2019\/09\/sambrabant19-1024x768.jpg 1024w, https:\/\/judoposeidon.be\/wordpress\/wp-content\/uploads\/2019\/09\/sambrabant19-300x225.jpg 300w, https:\/\/judoposeidon.be\/wordpress\/wp-content\/uploads\/2019\/09\/sambrabant19-768x576.jpg 768w, https:\/\/judoposeidon.be\/wordpress\/wp-content\/uploads\/2019\/09\/sambrabant19.jpg 1440w\" sizes=\"auto, (max-width: 1024px) 100vw, 1024px\" \/><\/figure>\n\n\n<div data-editor=\"ejabq\" data-block=\"true\" data-offset-key=\"b6gsb-0-0\">\n<div class=\"_1mf _1mj\" data-offset-key=\"b6gsb-0-0\">\n<div data-contents=\"true\">\n<div data-editor=\"evv0p\" data-block=\"true\" data-offset-key=\"970ai-0-0\">\n<p>Ce dimanche avait lieu le Grand Prix de Soignies. Le club termine 2<sup>\u00e8me<\/sup> au concours gr\u00e2ce aux r\u00e9sultats de nos judoka.te.s&nbsp;:<\/p>\n<p>En pr\u00e9minimes&nbsp;Alexandre, Antoine et No\u00e9 terminent 1<sup>ers<\/sup>, Karel, Gaston Cyril et Adam terminent 2<sup>\u00e8mes<\/sup>, Lucas termine 3<sup>\u00e8mes<\/sup> et Aydan, Kirrill et Elouen terminent 4<sup>\u00e8mes<\/sup>.<\/p>\n<p>En minimes, Clara, Manon et Alix terminent 1<sup>\u00e8res<\/sup>, Thomas et Nouh terminent 2<sup>\u00e8mes<\/sup> et Daniel 4<sup>\u00e8me<\/sup>.<\/p>\n<p>&nbsp;<\/p>\n<p>Pour la premi\u00e8re fois, 4 judoka.te.s du club participaient \u00e0 une comp\u00e9tition d\u2019Enbu Judo. L\u2019\u00e9quipe est compos\u00e9e de Clara, Manon, Alix et Daniel. L\u2019\u00e9quipe terminent 4<sup>\u00e8me<\/sup>&nbsp;!<\/p>\nngg_shortcode_2_placeholder\n<p>Bravo \u00e0 tous pour ces r\u00e9sultats<\/p>\n<hr>\n<p>&nbsp;<\/p>\n<\/div>\n<\/div>\n<\/div>\n<\/div>\n\n\n<p>F\u00e9licitations \u00e0 Maxime Van Rechem qui termine 3eme au championnat r\u00e9gional junior !!!!!<\/p>\n\n\n\n<figure class=\"wp-block-image\"><img loading=\"lazy\" decoding=\"async\" width=\"1024\" height=\"819\" src=\"https:\/\/judoposeidon.be\/wordpress\/wp-content\/uploads\/2019\/02\/regio2019-1024x819.jpg\" alt=\"\" class=\"wp-image-6265\" srcset=\"https:\/\/judoposeidon.be\/wordpress\/wp-content\/uploads\/2019\/02\/regio2019-1024x819.jpg 1024w, https:\/\/judoposeidon.be\/wordpress\/wp-content\/uploads\/2019\/02\/regio2019-300x240.jpg 300w, https:\/\/judoposeidon.be\/wordpress\/wp-content\/uploads\/2019\/02\/regio2019-768x614.jpg 768w, https:\/\/judoposeidon.be\/wordpress\/wp-content\/uploads\/2019\/02\/regio2019.jpg 1200w\" sizes=\"auto, (max-width: 1024px) 100vw, 1024px\" \/><\/figure>\n\n\n\n<figure class=\"wp-block-image\"><img loading=\"lazy\" decoding=\"async\" width=\"1024\" height=\"683\" src=\"https:\/\/judoposeidon.be\/wordpress\/wp-content\/uploads\/2019\/02\/regio2019-2-1024x683.jpg\" alt=\"\" class=\"wp-image-6266\" srcset=\"https:\/\/judoposeidon.be\/wordpress\/wp-content\/uploads\/2019\/02\/regio2019-2-1024x683.jpg 1024w, https:\/\/judoposeidon.be\/wordpress\/wp-content\/uploads\/2019\/02\/regio2019-2-300x200.jpg 300w, https:\/\/judoposeidon.be\/wordpress\/wp-content\/uploads\/2019\/02\/regio2019-2-768x512.jpg 768w, https:\/\/judoposeidon.be\/wordpress\/wp-content\/uploads\/2019\/02\/regio2019-2.jpg 1080w\" sizes=\"auto, (max-width: 1024px) 100vw, 1024px\" \/><\/figure>\n\n\n<hr>\n<div data-offset-key=\"970ai-0-0\">\n<p>R\u00e9sultats du Brabant 2019<br>En U21<br>-66 Mathias Maigret 1er<br>-60 Sami Bendiba 2eme<br>-55 Maxime Van Rechem 2eme<br>-55 Nathan Delacoux 3eme<\/p>\n<p>&nbsp;<\/p>\n<p>En U18<br>+70 Emilie Stassin 1ere<br>-57 Charline Larroque 3eme<br>-52 Marie Bucher 3eme<br>-70 Lina Kamboui 3eme<br>-63 Ana Troppman 3eme<br>-55 Hugo Testa 5eme (qualifi\u00e9)<br>-60 Alexandre Nestoridis NC<br>-60 Alexandre Schalbroeck NC<br>-66 Gabriel Marin NC<\/p>\n<p>&nbsp;<\/p>\n<p>En U15, Matej Bratina termine 4eme<\/p>\n<p>&nbsp;<\/p>\n<ul class=\"wp-block-gallery columns-3 is-cropped\">\n<li class=\"blocks-gallery-item\">\n<figure><img loading=\"lazy\" decoding=\"async\" width=\"960\" height=\"720\" class=\"wp-image-6249\" src=\"https:\/\/judoposeidon.be\/wordpress\/wp-content\/uploads\/2019\/02\/brabant2019-1.jpg\" alt=\"\" data-id=\"6249\" data-link=\"https:\/\/judoposeidon.be\/wordpress\/?attachment_id=6249\" srcset=\"https:\/\/judoposeidon.be\/wordpress\/wp-content\/uploads\/2019\/02\/brabant2019-1.jpg 960w, https:\/\/judoposeidon.be\/wordpress\/wp-content\/uploads\/2019\/02\/brabant2019-1-300x225.jpg 300w, https:\/\/judoposeidon.be\/wordpress\/wp-content\/uploads\/2019\/02\/brabant2019-1-768x576.jpg 768w\" sizes=\"auto, (max-width: 960px) 100vw, 960px\" \/><\/figure>\n<\/li>\n<li class=\"blocks-gallery-item\">\n<figure><img loading=\"lazy\" decoding=\"async\" width=\"960\" height=\"720\" class=\"wp-image-6250\" src=\"https:\/\/judoposeidon.be\/wordpress\/wp-content\/uploads\/2019\/02\/brabant2019-2.jpg\" alt=\"\" data-id=\"6250\" data-link=\"https:\/\/judoposeidon.be\/wordpress\/?attachment_id=6250\" srcset=\"https:\/\/judoposeidon.be\/wordpress\/wp-content\/uploads\/2019\/02\/brabant2019-2.jpg 960w, https:\/\/judoposeidon.be\/wordpress\/wp-content\/uploads\/2019\/02\/brabant2019-2-300x225.jpg 300w, https:\/\/judoposeidon.be\/wordpress\/wp-content\/uploads\/2019\/02\/brabant2019-2-768x576.jpg 768w\" sizes=\"auto, (max-width: 960px) 100vw, 960px\" \/><\/figure>\n<\/li>\n<li class=\"blocks-gallery-item\">\n<figure><img loading=\"lazy\" decoding=\"async\" width=\"960\" height=\"720\" class=\"wp-image-6251\" src=\"https:\/\/judoposeidon.be\/wordpress\/wp-content\/uploads\/2019\/02\/brabant2019-3.jpg\" alt=\"\" data-id=\"6251\" data-link=\"https:\/\/judoposeidon.be\/wordpress\/?attachment_id=6251\" srcset=\"https:\/\/judoposeidon.be\/wordpress\/wp-content\/uploads\/2019\/02\/brabant2019-3.jpg 960w, https:\/\/judoposeidon.be\/wordpress\/wp-content\/uploads\/2019\/02\/brabant2019-3-300x225.jpg 300w, https:\/\/judoposeidon.be\/wordpress\/wp-content\/uploads\/2019\/02\/brabant2019-3-768x576.jpg 768w\" sizes=\"auto, (max-width: 960px) 100vw, 960px\" \/><\/figure>\n<\/li>\n<li class=\"blocks-gallery-item\">\n<figure><img loading=\"lazy\" decoding=\"async\" width=\"960\" height=\"720\" class=\"wp-image-6252\" src=\"https:\/\/judoposeidon.be\/wordpress\/wp-content\/uploads\/2019\/02\/brabant2019-4.jpg\" alt=\"\" data-id=\"6252\" data-link=\"https:\/\/judoposeidon.be\/wordpress\/?attachment_id=6252\" srcset=\"https:\/\/judoposeidon.be\/wordpress\/wp-content\/uploads\/2019\/02\/brabant2019-4.jpg 960w, https:\/\/judoposeidon.be\/wordpress\/wp-content\/uploads\/2019\/02\/brabant2019-4-300x225.jpg 300w, https:\/\/judoposeidon.be\/wordpress\/wp-content\/uploads\/2019\/02\/brabant2019-4-768x576.jpg 768w\" sizes=\"auto, (max-width: 960px) 100vw, 960px\" \/><\/figure>\n<\/li>\n<li class=\"blocks-gallery-item\">\n<figure><img loading=\"lazy\" decoding=\"async\" width=\"960\" height=\"720\" class=\"wp-image-6253\" src=\"https:\/\/judoposeidon.be\/wordpress\/wp-content\/uploads\/2019\/02\/brabant2019-6.jpg\" alt=\"\" data-id=\"6253\" data-link=\"https:\/\/judoposeidon.be\/wordpress\/?attachment_id=6253\" srcset=\"https:\/\/judoposeidon.be\/wordpress\/wp-content\/uploads\/2019\/02\/brabant2019-6.jpg 960w, https:\/\/judoposeidon.be\/wordpress\/wp-content\/uploads\/2019\/02\/brabant2019-6-300x225.jpg 300w, https:\/\/judoposeidon.be\/wordpress\/wp-content\/uploads\/2019\/02\/brabant2019-6-768x576.jpg 768w\" sizes=\"auto, (max-width: 960px) 100vw, 960px\" \/><\/figure>\n<\/li>\n<li class=\"blocks-gallery-item\">\n<figure><img loading=\"lazy\" decoding=\"async\" width=\"960\" height=\"720\" class=\"wp-image-6254\" src=\"https:\/\/judoposeidon.be\/wordpress\/wp-content\/uploads\/2019\/02\/brabant2019-7.jpg\" alt=\"\" data-id=\"6254\" data-link=\"https:\/\/judoposeidon.be\/wordpress\/?attachment_id=6254\" srcset=\"https:\/\/judoposeidon.be\/wordpress\/wp-content\/uploads\/2019\/02\/brabant2019-7.jpg 960w, https:\/\/judoposeidon.be\/wordpress\/wp-content\/uploads\/2019\/02\/brabant2019-7-300x225.jpg 300w, https:\/\/judoposeidon.be\/wordpress\/wp-content\/uploads\/2019\/02\/brabant2019-7-768x576.jpg 768w\" sizes=\"auto, (max-width: 960px) 100vw, 960px\" \/><\/figure>\n<\/li>\n<li class=\"blocks-gallery-item\">\n<figure><img loading=\"lazy\" decoding=\"async\" width=\"960\" height=\"466\" class=\"wp-image-6255\" src=\"https:\/\/judoposeidon.be\/wordpress\/wp-content\/uploads\/2019\/02\/brabant2019-8.jpg\" alt=\"\" data-id=\"6255\" data-link=\"https:\/\/judoposeidon.be\/wordpress\/?attachment_id=6255\" srcset=\"https:\/\/judoposeidon.be\/wordpress\/wp-content\/uploads\/2019\/02\/brabant2019-8.jpg 960w, https:\/\/judoposeidon.be\/wordpress\/wp-content\/uploads\/2019\/02\/brabant2019-8-300x146.jpg 300w, https:\/\/judoposeidon.be\/wordpress\/wp-content\/uploads\/2019\/02\/brabant2019-8-768x373.jpg 768w\" sizes=\"auto, (max-width: 960px) 100vw, 960px\" \/><\/figure>\n<\/li>\n<li class=\"blocks-gallery-item\">\n<figure><img loading=\"lazy\" decoding=\"async\" width=\"960\" height=\"720\" class=\"wp-image-6256\" src=\"https:\/\/judoposeidon.be\/wordpress\/wp-content\/uploads\/2019\/02\/brabant2019-9.jpg\" alt=\"\" data-id=\"6256\" data-link=\"https:\/\/judoposeidon.be\/wordpress\/?attachment_id=6256\" srcset=\"https:\/\/judoposeidon.be\/wordpress\/wp-content\/uploads\/2019\/02\/brabant2019-9.jpg 960w, https:\/\/judoposeidon.be\/wordpress\/wp-content\/uploads\/2019\/02\/brabant2019-9-300x225.jpg 300w, https:\/\/judoposeidon.be\/wordpress\/wp-content\/uploads\/2019\/02\/brabant2019-9-768x576.jpg 768w\" sizes=\"auto, (max-width: 960px) 100vw, 960px\" \/><\/figure>\n<\/li>\n<li class=\"blocks-gallery-item\">\n<figure><img loading=\"lazy\" decoding=\"async\" width=\"960\" height=\"720\" class=\"wp-image-6257\" src=\"https:\/\/judoposeidon.be\/wordpress\/wp-content\/uploads\/2019\/02\/brabant2019-10.jpg\" alt=\"\" data-id=\"6257\" data-link=\"https:\/\/judoposeidon.be\/wordpress\/?attachment_id=6257\" srcset=\"https:\/\/judoposeidon.be\/wordpress\/wp-content\/uploads\/2019\/02\/brabant2019-10.jpg 960w, https:\/\/judoposeidon.be\/wordpress\/wp-content\/uploads\/2019\/02\/brabant2019-10-300x225.jpg 300w, https:\/\/judoposeidon.be\/wordpress\/wp-content\/uploads\/2019\/02\/brabant2019-10-768x576.jpg 768w\" sizes=\"auto, (max-width: 960px) 100vw, 960px\" \/><\/figure>\n<\/li>\n<li class=\"blocks-gallery-item\">\n<figure><img loading=\"lazy\" decoding=\"async\" width=\"960\" height=\"720\" class=\"wp-image-6258\" src=\"https:\/\/judoposeidon.be\/wordpress\/wp-content\/uploads\/2019\/02\/brabant2019-11.jpg\" alt=\"\" data-id=\"6258\" data-link=\"https:\/\/judoposeidon.be\/wordpress\/?attachment_id=6258\" srcset=\"https:\/\/judoposeidon.be\/wordpress\/wp-content\/uploads\/2019\/02\/brabant2019-11.jpg 960w, https:\/\/judoposeidon.be\/wordpress\/wp-content\/uploads\/2019\/02\/brabant2019-11-300x225.jpg 300w, https:\/\/judoposeidon.be\/wordpress\/wp-content\/uploads\/2019\/02\/brabant2019-11-768x576.jpg 768w\" sizes=\"auto, (max-width: 960px) 100vw, 960px\" \/><\/figure>\n<\/li>\n<li class=\"blocks-gallery-item\">\n<figure><img loading=\"lazy\" decoding=\"async\" width=\"960\" height=\"720\" class=\"wp-image-6259\" src=\"https:\/\/judoposeidon.be\/wordpress\/wp-content\/uploads\/2019\/02\/brabant2019-12.jpg\" alt=\"\" data-id=\"6259\" data-link=\"https:\/\/judoposeidon.be\/wordpress\/?attachment_id=6259\" srcset=\"https:\/\/judoposeidon.be\/wordpress\/wp-content\/uploads\/2019\/02\/brabant2019-12.jpg 960w, https:\/\/judoposeidon.be\/wordpress\/wp-content\/uploads\/2019\/02\/brabant2019-12-300x225.jpg 300w, https:\/\/judoposeidon.be\/wordpress\/wp-content\/uploads\/2019\/02\/brabant2019-12-768x576.jpg 768w\" sizes=\"auto, (max-width: 960px) 100vw, 960px\" \/><\/figure>\n<\/li>\n<\/ul>\n<div data-editor=\"6okjf\" data-block=\"true\" data-offset-key=\"5jl9e-0-0\"><hr>\n<p>Ces 12 et 13 janvier 2019 avait lieu le 35\u00e8me tournoi international de Nivelles.<\/p>\n<p>&nbsp;<\/p>\n<p>En U11 ont termin\u00e9 4\u00e8me Kirill Kesteman, 3\u00e8me Cyril Dessort, Aydan Polimac, Luca Segebarth, Noa Kaneti, No\u00e9 Akon, 2\u00e8me Karel Zika et 1er Adam Kahn, Alexandre Bourdy<\/p>\n<p>&nbsp;<\/p>\n<p>En U13 a termin\u00e9 2\u00e8me Manon Vierendeels et 1er Alexandre Brisy. Sont non class\u00e9s Nathan Vierendeels et Thomas Leclercq<\/p>\n<p>&nbsp;<\/p>\n<p>En U18 a termin\u00e9 1\u00e8re en -70 et +70 Lina Kamboui. Sont non class\u00e9s Charline Larroque, Gabriel Marin et Marie Bucher<\/p>\n<p>&nbsp;<\/p>\n<ul class=\"wp-block-gallery columns-2 is-cropped\">\n<li class=\"blocks-gallery-item\">\n<figure><img loading=\"lazy\" decoding=\"async\" width=\"1024\" height=\"768\" class=\"wp-image-6240\" src=\"https:\/\/judoposeidon.be\/wordpress\/wp-content\/uploads\/2019\/02\/nivelles2019-1-1024x768.jpg\" alt=\"\" data-id=\"6240\" data-link=\"https:\/\/judoposeidon.be\/wordpress\/?attachment_id=6240\" srcset=\"https:\/\/judoposeidon.be\/wordpress\/wp-content\/uploads\/2019\/02\/nivelles2019-1-1024x768.jpg 1024w, https:\/\/judoposeidon.be\/wordpress\/wp-content\/uploads\/2019\/02\/nivelles2019-1-300x225.jpg 300w, https:\/\/judoposeidon.be\/wordpress\/wp-content\/uploads\/2019\/02\/nivelles2019-1-768x576.jpg 768w, https:\/\/judoposeidon.be\/wordpress\/wp-content\/uploads\/2019\/02\/nivelles2019-1.jpg 1440w\" sizes=\"auto, (max-width: 1024px) 100vw, 1024px\" \/><\/figure>\n<\/li>\n<li class=\"blocks-gallery-item\">\n<figure><img loading=\"lazy\" decoding=\"async\" width=\"1024\" height=\"768\" class=\"wp-image-6241\" src=\"https:\/\/judoposeidon.be\/wordpress\/wp-content\/uploads\/2019\/02\/nivelles2019-2-1024x768.jpg\" alt=\"\" data-id=\"6241\" data-link=\"https:\/\/judoposeidon.be\/wordpress\/?attachment_id=6241\" srcset=\"https:\/\/judoposeidon.be\/wordpress\/wp-content\/uploads\/2019\/02\/nivelles2019-2-1024x768.jpg 1024w, https:\/\/judoposeidon.be\/wordpress\/wp-content\/uploads\/2019\/02\/nivelles2019-2-300x225.jpg 300w, https:\/\/judoposeidon.be\/wordpress\/wp-content\/uploads\/2019\/02\/nivelles2019-2-768x576.jpg 768w, https:\/\/judoposeidon.be\/wordpress\/wp-content\/uploads\/2019\/02\/nivelles2019-2.jpg 1440w\" sizes=\"auto, (max-width: 1024px) 100vw, 1024px\" \/><\/figure>\n<\/li>\n<\/ul>\n<hr>\n<p>Les gar\u00e7ons en division 3 terminent 2\u00e8me !<\/p>\n<p><a href=\"https:\/\/judoposeidon.be\/wordpress\/wp-content\/uploads\/2018\/12\/d3-j32018.jpg\"><img loading=\"lazy\" decoding=\"async\" class=\"alignnone size-medium wp-image-5967\" src=\"https:\/\/judoposeidon.be\/wordpress\/wp-content\/uploads\/2018\/12\/d3-j32018-300x200.jpg\" alt=\"\" width=\"300\" height=\"200\" srcset=\"https:\/\/judoposeidon.be\/wordpress\/wp-content\/uploads\/2018\/12\/d3-j32018-300x200.jpg 300w, https:\/\/judoposeidon.be\/wordpress\/wp-content\/uploads\/2018\/12\/d3-j32018-768x512.jpg 768w, https:\/\/judoposeidon.be\/wordpress\/wp-content\/uploads\/2018\/12\/d3-j32018.jpg 960w\" sizes=\"auto, (max-width: 300px) 100vw, 300px\" \/><\/a><\/p>\n<hr>\n<p>R\u00e9sultats filles en DH<br>Poseidon &#8211; Samurai eindhout : 5-0<br>Pos\u00e9idon &#8211; Merelbeke : 1-4<br>Pos\u00e9idon &#8211; Lummen : 5-0<br>Pos\u00e9idon &#8211; Mons : 2-3<\/p>\n<div class=\"text_exposed_show\">\n<p>L&rsquo;\u00e9quipe est 5\u00e8me au classement final<\/p>\n<p><a href=\"https:\/\/judoposeidon.be\/wordpress\/wp-content\/uploads\/2018\/12\/dHF-j2-2018.jpg\"><img loading=\"lazy\" decoding=\"async\" class=\"alignnone size-medium wp-image-5963\" src=\"https:\/\/judoposeidon.be\/wordpress\/wp-content\/uploads\/2018\/12\/dHF-j2-2018-300x200.jpg\" alt=\"\" width=\"300\" height=\"200\" srcset=\"https:\/\/judoposeidon.be\/wordpress\/wp-content\/uploads\/2018\/12\/dHF-j2-2018-300x200.jpg 300w, https:\/\/judoposeidon.be\/wordpress\/wp-content\/uploads\/2018\/12\/dHF-j2-2018-768x512.jpg 768w, https:\/\/judoposeidon.be\/wordpress\/wp-content\/uploads\/2018\/12\/dHF-j2-2018.jpg 960w\" sizes=\"auto, (max-width: 300px) 100vw, 300px\" \/><\/a><\/p>\n<hr><\/div>\n<p>L&rsquo;\u00e9quipe gar\u00e7on A termine 2\u00e8me en division 2!!!!<br>Bilan de la journ\u00e9e : 2 victoires contre Jambes et Aiseau Presles et une d\u00e9faite contre l&rsquo;\u00e9quipe d&rsquo;Hermee qui termine premi\u00e8re de la division.<br>Bien jou\u00e9 les gars en route pour la division 1 l&rsquo;ann\u00e9e prochaine !!!!!<\/p>\n<p><a href=\"https:\/\/judoposeidon.be\/wordpress\/wp-content\/uploads\/2018\/12\/d2-j3-2018.jpg\"><img loading=\"lazy\" decoding=\"async\" class=\"alignnone size-medium wp-image-5958\" src=\"https:\/\/judoposeidon.be\/wordpress\/wp-content\/uploads\/2018\/12\/d2-j3-2018-300x214.jpg\" alt=\"\" width=\"300\" height=\"214\" srcset=\"https:\/\/judoposeidon.be\/wordpress\/wp-content\/uploads\/2018\/12\/d2-j3-2018-300x214.jpg 300w, https:\/\/judoposeidon.be\/wordpress\/wp-content\/uploads\/2018\/12\/d2-j3-2018-768x548.jpg 768w, https:\/\/judoposeidon.be\/wordpress\/wp-content\/uploads\/2018\/12\/d2-j3-2018.jpg 960w\" sizes=\"auto, (max-width: 300px) 100vw, 300px\" \/><\/a><\/p>\n<hr>\n<div data-offset-key=\"5jl9e-0-0\">\n<p>La deuxi\u00e8me journ\u00e9e des interclubs a donn\u00e9e les r\u00e9sultats<\/p>\n<ul>\n<li>Les gar\u00e7ons en D2<br>5-1 contre IGW<br>5-1 contre Florennes<br>4-2 contre BJI<br>5-1 contre kanido Herseaux<span class=\"text_exposed_show\"><br>4 victoires!!!!<br>RDV la semaine prochaine pour la derni\u00e8re journ\u00e9e <span class=\"_5mfr\"><span class=\"_6qdm\">&#x1f609;<\/span><\/span><br>Cr\u00e9dit photo Renaud Sterpin<\/span><\/li>\n<\/ul>\n<p><a href=\"https:\/\/judoposeidon.be\/wordpress\/wp-content\/uploads\/2018\/11\/d2-j2-2018.jpg\"><img loading=\"lazy\" decoding=\"async\" class=\"alignnone size-medium wp-image-5942\" src=\"https:\/\/judoposeidon.be\/wordpress\/wp-content\/uploads\/2018\/11\/d2-j2-2018-300x200.jpg\" alt=\"\" width=\"300\" height=\"200\" srcset=\"https:\/\/judoposeidon.be\/wordpress\/wp-content\/uploads\/2018\/11\/d2-j2-2018-300x200.jpg 300w, https:\/\/judoposeidon.be\/wordpress\/wp-content\/uploads\/2018\/11\/d2-j2-2018-768x512.jpg 768w, https:\/\/judoposeidon.be\/wordpress\/wp-content\/uploads\/2018\/11\/d2-j2-2018.jpg 960w\" sizes=\"auto, (max-width: 300px) 100vw, 300px\" \/><\/a><\/p>\n<ul>\n<li>les filles en DH<br>Poseidon ingelmunster 2 3<br>Pos\u00e9idon tori bauvechain 4 1<br>Poseidon jc reet 1 4<br>Poseidon neupr\u00e9 3 2<\/li>\n<li>L&rsquo;\u00e9quipe dame en division 2 a combattu ce matin \u00e0 Vis\u00e9. Les r\u00e9sultats sont :<br>Poseidon &#8211; Wellin 3-2<br>Poseidon &#8211; Bastogne 2-3<br>Poseidon &#8211; Florennes 2-3<br><a href=\"https:\/\/judoposeidon.be\/wordpress\/wp-content\/uploads\/2018\/12\/d2F-j2-2018.jpg\"><img loading=\"lazy\" decoding=\"async\" class=\"alignnone size-medium wp-image-5950\" src=\"https:\/\/judoposeidon.be\/wordpress\/wp-content\/uploads\/2018\/12\/d2F-j2-2018-300x200.jpg\" alt=\"\" width=\"300\" height=\"200\" srcset=\"https:\/\/judoposeidon.be\/wordpress\/wp-content\/uploads\/2018\/12\/d2F-j2-2018-300x200.jpg 300w, https:\/\/judoposeidon.be\/wordpress\/wp-content\/uploads\/2018\/12\/d2F-j2-2018-768x512.jpg 768w, https:\/\/judoposeidon.be\/wordpress\/wp-content\/uploads\/2018\/12\/d2F-j2-2018-1024x683.jpg 1024w, https:\/\/judoposeidon.be\/wordpress\/wp-content\/uploads\/2018\/12\/d2F-j2-2018.jpg 2048w\" sizes=\"auto, (max-width: 300px) 100vw, 300px\" \/><\/a><\/li>\n<li>L&rsquo;\u00e9quipe homme B a rencontr\u00e9 4 \u00e9quipes et les r\u00e9sultats sont deux \u00e9galit\u00e9s parfaites contre Louvi\u00e8rois et Saint-Denis et gagne 4-2 contre Bastogne et \u00e9galement contre le Zita.<\/li>\n<\/ul>\n<p><a href=\"https:\/\/judoposeidon.be\/wordpress\/wp-content\/uploads\/2018\/12\/d3-j2-2018.jpg\"><img loading=\"lazy\" decoding=\"async\" class=\"alignnone size-medium wp-image-5954\" src=\"https:\/\/judoposeidon.be\/wordpress\/wp-content\/uploads\/2018\/12\/d3-j2-2018-300x200.jpg\" alt=\"\" width=\"300\" height=\"200\" srcset=\"https:\/\/judoposeidon.be\/wordpress\/wp-content\/uploads\/2018\/12\/d3-j2-2018-300x200.jpg 300w, https:\/\/judoposeidon.be\/wordpress\/wp-content\/uploads\/2018\/12\/d3-j2-2018-768x512.jpg 768w, https:\/\/judoposeidon.be\/wordpress\/wp-content\/uploads\/2018\/12\/d3-j2-2018-1024x683.jpg 1024w, https:\/\/judoposeidon.be\/wordpress\/wp-content\/uploads\/2018\/12\/d3-j2-2018.jpg 2048w\" sizes=\"auto, (max-width: 300px) 100vw, 300px\" \/><\/a><\/p>\n<hr>\n<p>Les r\u00e9sultats du premier weekend des inter\u00e9quipes sont<\/p>\n<ul>\n<li>Notre \u00e9quipe D2 homme gagne 3 rencontres et fait un partage !!<\/li>\n<li>Notre \u00e9quipe en D3-hommes perd 2-4 contre le Tori et gagne 4-2 contre Herstal et Pepinster<\/li>\n<li>L&rsquo;\u00e9quipe D2 filles gagne 5-0 contre Sirault, gagne 5-0 contre Herm\u00e9e (forfait) et perd 4-1 contre Brussels judo institute<\/li>\n<\/ul>\n<hr>\n<p>F\u00e9licitations \u00e0 Osman Hanci qui termine 3\u00e8me au championnat de Belgique hier samedi 3 novembre !!!<\/p>\n<p>Photo : Vincent Heyy<\/p>\n<p><a href=\"https:\/\/judoposeidon.be\/wordpress\/wp-content\/uploads\/2018\/11\/bel2018_2.jpg\"><img loading=\"lazy\" decoding=\"async\" class=\"alignnone size-medium wp-image-5830\" src=\"https:\/\/judoposeidon.be\/wordpress\/wp-content\/uploads\/2018\/11\/bel2018_2-300x240.jpg\" alt=\"\" width=\"300\" height=\"240\" srcset=\"https:\/\/judoposeidon.be\/wordpress\/wp-content\/uploads\/2018\/11\/bel2018_2-300x240.jpg 300w, https:\/\/judoposeidon.be\/wordpress\/wp-content\/uploads\/2018\/11\/bel2018_2-768x614.jpg 768w, https:\/\/judoposeidon.be\/wordpress\/wp-content\/uploads\/2018\/11\/bel2018_2-1024x819.jpg 1024w, https:\/\/judoposeidon.be\/wordpress\/wp-content\/uploads\/2018\/11\/bel2018_2.jpg 1200w\" sizes=\"auto, (max-width: 300px) 100vw, 300px\" \/><\/a> <a href=\"https:\/\/judoposeidon.be\/wordpress\/wp-content\/uploads\/2018\/11\/bel2018_1.jpg\"><img loading=\"lazy\" decoding=\"async\" class=\"alignnone size-medium wp-image-5829\" src=\"https:\/\/judoposeidon.be\/wordpress\/wp-content\/uploads\/2018\/11\/bel2018_1-300x200.jpg\" alt=\"\" width=\"300\" height=\"200\" srcset=\"https:\/\/judoposeidon.be\/wordpress\/wp-content\/uploads\/2018\/11\/bel2018_1-300x200.jpg 300w, https:\/\/judoposeidon.be\/wordpress\/wp-content\/uploads\/2018\/11\/bel2018_1-768x512.jpg 768w, https:\/\/judoposeidon.be\/wordpress\/wp-content\/uploads\/2018\/11\/bel2018_1-1024x683.jpg 1024w, https:\/\/judoposeidon.be\/wordpress\/wp-content\/uploads\/2018\/11\/bel2018_1.jpg 1080w\" sizes=\"auto, (max-width: 300px) 100vw, 300px\" \/><\/a><\/p>\n<hr>\n<p>F\u00e9licitations \u00e0 Osman Hanci qui termine 3\u00e8me au championnat r\u00e9gional ce dimanche !!!<\/p>\n<p>Photo : Vincent Heyy<\/p>\n<p><a href=\"https:\/\/judoposeidon.be\/wordpress\/wp-content\/uploads\/2018\/11\/regio2018_2.jpg\"><img loading=\"lazy\" decoding=\"async\" class=\"alignnone size-medium wp-image-5804\" src=\"https:\/\/judoposeidon.be\/wordpress\/wp-content\/uploads\/2018\/11\/regio2018_2-300x200.jpg\" alt=\"\" width=\"300\" height=\"200\" srcset=\"https:\/\/judoposeidon.be\/wordpress\/wp-content\/uploads\/2018\/11\/regio2018_2-300x200.jpg 300w, https:\/\/judoposeidon.be\/wordpress\/wp-content\/uploads\/2018\/11\/regio2018_2-768x512.jpg 768w, https:\/\/judoposeidon.be\/wordpress\/wp-content\/uploads\/2018\/11\/regio2018_2-1024x683.jpg 1024w, https:\/\/judoposeidon.be\/wordpress\/wp-content\/uploads\/2018\/11\/regio2018_2.jpg 1080w\" sizes=\"auto, (max-width: 300px) 100vw, 300px\" \/><\/a> <a href=\"https:\/\/judoposeidon.be\/wordpress\/wp-content\/uploads\/2018\/11\/regio2018.jpg\"><img loading=\"lazy\" decoding=\"async\" class=\"alignnone size-medium wp-image-5803\" src=\"https:\/\/judoposeidon.be\/wordpress\/wp-content\/uploads\/2018\/11\/regio2018-300x200.jpg\" alt=\"\" width=\"300\" height=\"200\" srcset=\"https:\/\/judoposeidon.be\/wordpress\/wp-content\/uploads\/2018\/11\/regio2018-300x200.jpg 300w, https:\/\/judoposeidon.be\/wordpress\/wp-content\/uploads\/2018\/11\/regio2018-768x512.jpg 768w, https:\/\/judoposeidon.be\/wordpress\/wp-content\/uploads\/2018\/11\/regio2018.jpg 960w\" sizes=\"auto, (max-width: 300px) 100vw, 300px\" \/><\/a><\/p>\n<\/div>\n<\/div>\n<hr>\n<div data-editor=\"6okjf\" data-block=\"true\" data-offset-key=\"5jl9e-0-0\">\n<div data-offset-key=\"5jl9e-0-0\">\n<p><span style=\"color: #000000;\"><span style=\"font-family: 'Fanwood Text',serif;\"><span style=\"font-size: large;\"><span style=\"color: #006000;\"><span style=\"color: #000000;\">Le dimanche 21\/10 avait lieu le championnat de Belgique Masters \u00e0 Bastogne, nous avions 3 participants. Le petit Jean-Fran\u00e7ois fait champion de Belgique dans sa cat\u00e9gorie et deuxi\u00e8me du regroupement. Le petit Cyrus place un beau yoko-tomoe mais fini deuxi\u00e8me de sa cat\u00e9gorie. Et le jeune Brice fait champion de Belgique de sa cat\u00e9gorie et gagne le regroupement.<\/span><\/span><\/span><\/span><\/span><\/p>\n<p><a href=\"https:\/\/judoposeidon.be\/wordpress\/wp-content\/uploads\/2018\/11\/master2018_1.jpg\"><img loading=\"lazy\" decoding=\"async\" class=\"alignnone size-medium wp-image-5818\" src=\"https:\/\/judoposeidon.be\/wordpress\/wp-content\/uploads\/2018\/11\/master2018_1-300x200.jpg\" alt=\"\" width=\"300\" height=\"200\" srcset=\"https:\/\/judoposeidon.be\/wordpress\/wp-content\/uploads\/2018\/11\/master2018_1-300x200.jpg 300w, https:\/\/judoposeidon.be\/wordpress\/wp-content\/uploads\/2018\/11\/master2018_1-768x512.jpg 768w, https:\/\/judoposeidon.be\/wordpress\/wp-content\/uploads\/2018\/11\/master2018_1-1024x683.jpg 1024w, https:\/\/judoposeidon.be\/wordpress\/wp-content\/uploads\/2018\/11\/master2018_1.jpg 2048w\" sizes=\"auto, (max-width: 300px) 100vw, 300px\" \/><\/a> <a href=\"https:\/\/judoposeidon.be\/wordpress\/wp-content\/uploads\/2018\/11\/master2018_2.jpg\"><img loading=\"lazy\" decoding=\"async\" class=\"alignnone size-medium wp-image-5819\" src=\"https:\/\/judoposeidon.be\/wordpress\/wp-content\/uploads\/2018\/11\/master2018_2-300x200.jpg\" alt=\"\" width=\"300\" height=\"200\" srcset=\"https:\/\/judoposeidon.be\/wordpress\/wp-content\/uploads\/2018\/11\/master2018_2-300x200.jpg 300w, https:\/\/judoposeidon.be\/wordpress\/wp-content\/uploads\/2018\/11\/master2018_2-768x512.jpg 768w, https:\/\/judoposeidon.be\/wordpress\/wp-content\/uploads\/2018\/11\/master2018_2-1024x683.jpg 1024w, https:\/\/judoposeidon.be\/wordpress\/wp-content\/uploads\/2018\/11\/master2018_2.jpg 2048w\" sizes=\"auto, (max-width: 300px) 100vw, 300px\" \/><\/a> <a href=\"https:\/\/judoposeidon.be\/wordpress\/wp-content\/uploads\/2018\/11\/master2018_3.jpg\"><img loading=\"lazy\" decoding=\"async\" class=\"alignnone size-medium wp-image-5820\" src=\"https:\/\/judoposeidon.be\/wordpress\/wp-content\/uploads\/2018\/11\/master2018_3-300x200.jpg\" alt=\"\" width=\"300\" height=\"200\" srcset=\"https:\/\/judoposeidon.be\/wordpress\/wp-content\/uploads\/2018\/11\/master2018_3-300x200.jpg 300w, https:\/\/judoposeidon.be\/wordpress\/wp-content\/uploads\/2018\/11\/master2018_3-768x512.jpg 768w, https:\/\/judoposeidon.be\/wordpress\/wp-content\/uploads\/2018\/11\/master2018_3-1024x683.jpg 1024w, https:\/\/judoposeidon.be\/wordpress\/wp-content\/uploads\/2018\/11\/master2018_3.jpg 2048w\" sizes=\"auto, (max-width: 300px) 100vw, 300px\" \/><\/a><\/p>\n<hr>\n<p><span style=\"color: #000000;\"><span style=\"font-family: 'Fanwood Text',serif;\"><span style=\"font-size: large;\"><span style=\"color: #006000;\"><span style=\"color: #000000;\">Ce 7\/10,<\/span><span style=\"text-align: left; text-transform: none; line-height: 29.92px; text-indent: 0px; letter-spacing: normal; font-style: normal; font-variant: normal; font-weight: 400; text-decoration: none; word-spacing: 0px; display: inline !important; white-space: normal; orphans: 2; float: none; -webkit-text-stroke-width: 0px; background-color: transparent;\"><span style=\"color: #000000;\"> c\u2019\u00e9tait au tour des jeunes de participer \u00e0 la Hainaut Cup. En U13, Alexandre Chiche termine 3\u00e8me. En U1, Clara Stassin termine 1\u00e8re, Manon Vierendeels et Thomas Leclercq terminent tous les deux 2\u00e8me et Tatiana Pierlot termine 5\u00e8me<\/span>.<\/span><\/span><\/span><\/span><\/span><\/p>\n<p><a href=\"https:\/\/judoposeidon.be\/wordpress\/wp-content\/uploads\/2018\/10\/hainaut-cup-2018_5.jpg\"><img loading=\"lazy\" decoding=\"async\" class=\"alignnone size-medium wp-image-5728\" src=\"https:\/\/judoposeidon.be\/wordpress\/wp-content\/uploads\/2018\/10\/hainaut-cup-2018_5-300x146.jpg\" alt=\"\" width=\"300\" height=\"146\" srcset=\"https:\/\/judoposeidon.be\/wordpress\/wp-content\/uploads\/2018\/10\/hainaut-cup-2018_5-300x146.jpg 300w, https:\/\/judoposeidon.be\/wordpress\/wp-content\/uploads\/2018\/10\/hainaut-cup-2018_5-768x373.jpg 768w, https:\/\/judoposeidon.be\/wordpress\/wp-content\/uploads\/2018\/10\/hainaut-cup-2018_5-1024x498.jpg 1024w, https:\/\/judoposeidon.be\/wordpress\/wp-content\/uploads\/2018\/10\/hainaut-cup-2018_5.jpg 1316w\" sizes=\"auto, (max-width: 300px) 100vw, 300px\" \/><\/a> <a href=\"https:\/\/judoposeidon.be\/wordpress\/wp-content\/uploads\/2018\/10\/hainaut-cup-2018_4.jpg\"><img loading=\"lazy\" decoding=\"async\" class=\"alignnone size-medium wp-image-5727\" src=\"https:\/\/judoposeidon.be\/wordpress\/wp-content\/uploads\/2018\/10\/hainaut-cup-2018_4-225x300.jpg\" alt=\"\" width=\"225\" height=\"300\" srcset=\"https:\/\/judoposeidon.be\/wordpress\/wp-content\/uploads\/2018\/10\/hainaut-cup-2018_4-225x300.jpg 225w, https:\/\/judoposeidon.be\/wordpress\/wp-content\/uploads\/2018\/10\/hainaut-cup-2018_4.jpg 720w\" sizes=\"auto, (max-width: 225px) 100vw, 225px\" \/><\/a> <a href=\"https:\/\/judoposeidon.be\/wordpress\/wp-content\/uploads\/2018\/10\/hainaut-cup-2018_3.jpg\"><img loading=\"lazy\" decoding=\"async\" class=\"alignnone size-medium wp-image-5726\" src=\"https:\/\/judoposeidon.be\/wordpress\/wp-content\/uploads\/2018\/10\/hainaut-cup-2018_3-300x249.jpg\" alt=\"\" width=\"300\" height=\"249\" srcset=\"https:\/\/judoposeidon.be\/wordpress\/wp-content\/uploads\/2018\/10\/hainaut-cup-2018_3-300x249.jpg 300w, https:\/\/judoposeidon.be\/wordpress\/wp-content\/uploads\/2018\/10\/hainaut-cup-2018_3.jpg 403w\" sizes=\"auto, (max-width: 300px) 100vw, 300px\" \/><\/a> <a href=\"https:\/\/judoposeidon.be\/wordpress\/wp-content\/uploads\/2018\/10\/hainaut-cup-2018_2.jpg\"><img loading=\"lazy\" decoding=\"async\" class=\"alignnone size-medium wp-image-5725\" src=\"https:\/\/judoposeidon.be\/wordpress\/wp-content\/uploads\/2018\/10\/hainaut-cup-2018_2-300x225.jpg\" alt=\"\" width=\"300\" height=\"225\" srcset=\"https:\/\/judoposeidon.be\/wordpress\/wp-content\/uploads\/2018\/10\/hainaut-cup-2018_2-300x225.jpg 300w, https:\/\/judoposeidon.be\/wordpress\/wp-content\/uploads\/2018\/10\/hainaut-cup-2018_2.jpg 516w\" sizes=\"auto, (max-width: 300px) 100vw, 300px\" \/><\/a> <a href=\"https:\/\/judoposeidon.be\/wordpress\/wp-content\/uploads\/2018\/10\/hainaut-cup-2018_1.jpg\"><img loading=\"lazy\" decoding=\"async\" class=\"alignnone size-full wp-image-5724\" src=\"https:\/\/judoposeidon.be\/wordpress\/wp-content\/uploads\/2018\/10\/hainaut-cup-2018_1.jpg\" alt=\"\" width=\"205\" height=\"128\"><\/a><\/p>\n<\/div>\n<hr>\n<p data-offset-key=\"5jl9e-0-0\"><span style=\"color: #000000;\"><span style=\"font: 400 17.6px\/29.92px 'Fanwood Text',serif; text-align: left; text-transform: none; text-indent: 0px; letter-spacing: normal; text-decoration: none; word-spacing: 0px; display: inline !important; white-space: normal; orphans: 2; float: none; -webkit-text-stroke-width: 0px; background-color: transparent;\">Une \u00e9quipe a particip\u00e9 \u00e0 la Hainaut cup ce 6\/10. <\/span><span style=\"font: 400 17.6px\/29.92px 'Fanwood Text',serif; text-align: left; text-transform: none; text-indent: 0px; letter-spacing: normal; text-decoration: none; word-spacing: 0px; display: inline !important; white-space: normal; orphans: 2; float: none; -webkit-text-stroke-width: 0px; background-color: transparent;\">Elle sort 2 \u00e8me de sa poule mais malheureusement est sortie ensuite au premier tour du tableau. <\/span><\/span><span style=\"display: inline !important; float: none; background-color: transparent; color: #888888; font-family: 'Fanwood Text',serif; font-size: 17.6px; font-style: normal; font-variant: normal; font-weight: 400; letter-spacing: normal; line-height: 29.92px; orphans: 2; text-align: left; text-decoration: none; text-indent: 0px; text-transform: none; -webkit-text-stroke-width: 0px; white-space: normal; word-spacing: 0px;\"><span style=\"color: #000000;\">Bravo malgr\u00e9 tout car il manquait 2 membres \u00e0 l\u2019\u00e9quipe pour chaque rencontre<\/span>.<\/span><\/p>\n<p data-offset-key=\"5jl9e-0-0\"><a href=\"https:\/\/judoposeidon.be\/wordpress\/wp-content\/uploads\/2018\/10\/hainaut-cup-2018_6.jpg\"><img loading=\"lazy\" decoding=\"async\" class=\"alignnone size-medium wp-image-5732\" src=\"https:\/\/judoposeidon.be\/wordpress\/wp-content\/uploads\/2018\/10\/hainaut-cup-2018_6-225x300.jpg\" alt=\"\" width=\"225\" height=\"300\" srcset=\"https:\/\/judoposeidon.be\/wordpress\/wp-content\/uploads\/2018\/10\/hainaut-cup-2018_6-225x300.jpg 225w, https:\/\/judoposeidon.be\/wordpress\/wp-content\/uploads\/2018\/10\/hainaut-cup-2018_6-768x1024.jpg 768w, https:\/\/judoposeidon.be\/wordpress\/wp-content\/uploads\/2018\/10\/hainaut-cup-2018_6.jpg 1200w\" sizes=\"auto, (max-width: 225px) 100vw, 225px\" \/><\/a><\/p>\n<hr>\n<p>R\u00e9sultats de la comp\u00e9tition de Braine (30\/09) :<\/p>\n<ul>\n<li>1ers Clara Stassin, Thomas Leclercq et Daniel Mengez<\/li>\n<li>2eme Tatina Pierlot<\/li>\n<li>3eme Alix Vivier<\/li>\n<\/ul>\n<p>Et l&rsquo;\u00e9quipe gar\u00e7ons U11 termine 2\u00e8me \u00e0 la Ketjes Trophy<\/p>\n<p>Bravo \u00e0 tou.te.s pour ces beaux r\u00e9sultats<\/p>\n<p><a href=\"https:\/\/judoposeidon.be\/wordpress\/wp-content\/uploads\/2018\/09\/BE66EAAA-D60F-4167-86FE-868F993E9F25.png\"><img loading=\"lazy\" decoding=\"async\" class=\"alignnone size-medium wp-image-5708\" src=\"https:\/\/judoposeidon.be\/wordpress\/wp-content\/uploads\/2018\/09\/BE66EAAA-D60F-4167-86FE-868F993E9F25-225x300.png\" alt=\"\" width=\"225\" height=\"300\" srcset=\"https:\/\/judoposeidon.be\/wordpress\/wp-content\/uploads\/2018\/09\/BE66EAAA-D60F-4167-86FE-868F993E9F25-225x300.png 225w, https:\/\/judoposeidon.be\/wordpress\/wp-content\/uploads\/2018\/09\/BE66EAAA-D60F-4167-86FE-868F993E9F25-768x1024.png 768w\" sizes=\"auto, (max-width: 225px) 100vw, 225px\" \/><\/a> <a href=\"https:\/\/judoposeidon.be\/wordpress\/wp-content\/uploads\/2018\/09\/4B414D04-B893-49C0-BD99-8BFA0F5156B1.png\"><img loading=\"lazy\" decoding=\"async\" class=\"alignnone size-medium wp-image-5707\" src=\"https:\/\/judoposeidon.be\/wordpress\/wp-content\/uploads\/2018\/09\/4B414D04-B893-49C0-BD99-8BFA0F5156B1-225x300.png\" alt=\"\" width=\"225\" height=\"300\" srcset=\"https:\/\/judoposeidon.be\/wordpress\/wp-content\/uploads\/2018\/09\/4B414D04-B893-49C0-BD99-8BFA0F5156B1-225x300.png 225w, https:\/\/judoposeidon.be\/wordpress\/wp-content\/uploads\/2018\/09\/4B414D04-B893-49C0-BD99-8BFA0F5156B1-768x1024.png 768w\" sizes=\"auto, (max-width: 225px) 100vw, 225px\" \/><\/a> <a href=\"https:\/\/judoposeidon.be\/wordpress\/wp-content\/uploads\/2018\/09\/DSC00939.jpg\"><img loading=\"lazy\" decoding=\"async\" class=\"alignnone size-medium wp-image-5706\" src=\"https:\/\/judoposeidon.be\/wordpress\/wp-content\/uploads\/2018\/09\/DSC00939-300x270.jpg\" alt=\"\" width=\"300\" height=\"270\" srcset=\"https:\/\/judoposeidon.be\/wordpress\/wp-content\/uploads\/2018\/09\/DSC00939-300x270.jpg 300w, https:\/\/judoposeidon.be\/wordpress\/wp-content\/uploads\/2018\/09\/DSC00939.jpg 395w\" sizes=\"auto, (max-width: 300px) 100vw, 300px\" \/><\/a> <a href=\"https:\/\/judoposeidon.be\/wordpress\/wp-content\/uploads\/2018\/09\/DSC00938.jpg\"><img loading=\"lazy\" decoding=\"async\" class=\"alignnone size-medium wp-image-5705\" src=\"https:\/\/judoposeidon.be\/wordpress\/wp-content\/uploads\/2018\/09\/DSC00938-300x266.jpg\" alt=\"\" width=\"300\" height=\"266\" srcset=\"https:\/\/judoposeidon.be\/wordpress\/wp-content\/uploads\/2018\/09\/DSC00938-300x266.jpg 300w, https:\/\/judoposeidon.be\/wordpress\/wp-content\/uploads\/2018\/09\/DSC00938.jpg 385w\" sizes=\"auto, (max-width: 300px) 100vw, 300px\" \/><\/a> <a href=\"https:\/\/judoposeidon.be\/wordpress\/wp-content\/uploads\/2018\/09\/DSC00935.jpg\"><img loading=\"lazy\" decoding=\"async\" class=\"alignnone size-medium wp-image-5704\" src=\"https:\/\/judoposeidon.be\/wordpress\/wp-content\/uploads\/2018\/09\/DSC00935-300x251.jpg\" alt=\"\" width=\"300\" height=\"251\" srcset=\"https:\/\/judoposeidon.be\/wordpress\/wp-content\/uploads\/2018\/09\/DSC00935-300x251.jpg 300w, https:\/\/judoposeidon.be\/wordpress\/wp-content\/uploads\/2018\/09\/DSC00935.jpg 385w\" sizes=\"auto, (max-width: 300px) 100vw, 300px\" \/><\/a> <a href=\"https:\/\/judoposeidon.be\/wordpress\/wp-content\/uploads\/2018\/09\/DSC00927.jpg\"><img loading=\"lazy\" decoding=\"async\" class=\"alignnone size-medium wp-image-5703\" src=\"https:\/\/judoposeidon.be\/wordpress\/wp-content\/uploads\/2018\/09\/DSC00927-268x300.jpg\" alt=\"\" width=\"268\" height=\"300\" srcset=\"https:\/\/judoposeidon.be\/wordpress\/wp-content\/uploads\/2018\/09\/DSC00927-268x300.jpg 268w, https:\/\/judoposeidon.be\/wordpress\/wp-content\/uploads\/2018\/09\/DSC00927.jpg 277w\" sizes=\"auto, (max-width: 268px) 100vw, 268px\" \/><\/a> <a href=\"https:\/\/judoposeidon.be\/wordpress\/wp-content\/uploads\/2018\/09\/DSC00926.jpg\"><img loading=\"lazy\" decoding=\"async\" class=\"alignnone size-medium wp-image-5702\" src=\"https:\/\/judoposeidon.be\/wordpress\/wp-content\/uploads\/2018\/09\/DSC00926-300x291.jpg\" alt=\"\" width=\"300\" height=\"291\" srcset=\"https:\/\/judoposeidon.be\/wordpress\/wp-content\/uploads\/2018\/09\/DSC00926-300x291.jpg 300w, https:\/\/judoposeidon.be\/wordpress\/wp-content\/uploads\/2018\/09\/DSC00926.jpg 316w\" sizes=\"auto, (max-width: 300px) 100vw, 300px\" \/><\/a><a href=\"https:\/\/judoposeidon.be\/wordpress\/wp-content\/uploads\/2018\/09\/FB_IMG_1538374412577.jpg\"><img loading=\"lazy\" decoding=\"async\" class=\"alignnone size-medium wp-image-5717\" src=\"https:\/\/judoposeidon.be\/wordpress\/wp-content\/uploads\/2018\/09\/FB_IMG_1538374412577-223x300.jpg\" alt=\"\" width=\"223\" height=\"300\" srcset=\"https:\/\/judoposeidon.be\/wordpress\/wp-content\/uploads\/2018\/09\/FB_IMG_1538374412577-223x300.jpg 223w, https:\/\/judoposeidon.be\/wordpress\/wp-content\/uploads\/2018\/09\/FB_IMG_1538374412577-768x1032.jpg 768w, https:\/\/judoposeidon.be\/wordpress\/wp-content\/uploads\/2018\/09\/FB_IMG_1538374412577-762x1024.jpg 762w, https:\/\/judoposeidon.be\/wordpress\/wp-content\/uploads\/2018\/09\/FB_IMG_1538374412577.jpg 1072w\" sizes=\"auto, (max-width: 223px) 100vw, 223px\" \/><\/a><\/p>\n<div data-offset-key=\"5jl9e-0-0\"><hr><\/div>\n<div data-offset-key=\"5jl9e-0-0\">F\u00e9licitations \u00e0 Lina Kamboui et Gabriel Marin qui terminent tous les deux 3\u00e8me \u00e0 l&rsquo;Open du Brabant ces 22 et 23 septembre.<\/div>\n<div data-offset-key=\"5jl9e-0-0\"><a href=\"https:\/\/judoposeidon.be\/wordpress\/wp-content\/uploads\/2018\/09\/gabrielopenbrabant2018.jpg\"><img loading=\"lazy\" decoding=\"async\" class=\"alignnone size-medium wp-image-5674\" src=\"https:\/\/judoposeidon.be\/wordpress\/wp-content\/uploads\/2018\/09\/gabrielopenbrabant2018-300x225.jpg\" alt=\"\" width=\"300\" height=\"225\" srcset=\"https:\/\/judoposeidon.be\/wordpress\/wp-content\/uploads\/2018\/09\/gabrielopenbrabant2018-300x225.jpg 300w, https:\/\/judoposeidon.be\/wordpress\/wp-content\/uploads\/2018\/09\/gabrielopenbrabant2018-768x576.jpg 768w, https:\/\/judoposeidon.be\/wordpress\/wp-content\/uploads\/2018\/09\/gabrielopenbrabant2018-1024x768.jpg 1024w, https:\/\/judoposeidon.be\/wordpress\/wp-content\/uploads\/2018\/09\/gabrielopenbrabant2018.jpg 2048w\" sizes=\"auto, (max-width: 300px) 100vw, 300px\" \/><\/a> <a href=\"https:\/\/judoposeidon.be\/wordpress\/wp-content\/uploads\/2018\/09\/linaopenbrabant2018.jpg\"><img loading=\"lazy\" decoding=\"async\" class=\"alignnone size-medium wp-image-5675\" src=\"https:\/\/judoposeidon.be\/wordpress\/wp-content\/uploads\/2018\/09\/linaopenbrabant2018-300x225.jpg\" alt=\"\" width=\"300\" height=\"225\" srcset=\"https:\/\/judoposeidon.be\/wordpress\/wp-content\/uploads\/2018\/09\/linaopenbrabant2018-300x225.jpg 300w, https:\/\/judoposeidon.be\/wordpress\/wp-content\/uploads\/2018\/09\/linaopenbrabant2018-768x576.jpg 768w, https:\/\/judoposeidon.be\/wordpress\/wp-content\/uploads\/2018\/09\/linaopenbrabant2018-1024x768.jpg 1024w, https:\/\/judoposeidon.be\/wordpress\/wp-content\/uploads\/2018\/09\/linaopenbrabant2018.jpg 2048w\" sizes=\"auto, (max-width: 300px) 100vw, 300px\" \/><\/a><\/div>\n<div data-offset-key=\"5jl9e-0-0\"><hr><\/div>\n<div data-offset-key=\"5jl9e-0-0\">A la comp\u00e9tition d&rsquo;Herm\u00e9e du samedi 19 mai, les r\u00e9sultats sont :<\/div>\n<div data-offset-key=\"5jl9e-0-0\">&#8211; Clara Stassin, Alexandre Brisy &amp; Jan Kokalj terminent 1er<br>&#8211; Cyril Dessort termine 2eme<br>&#8211; Gabriel Noel &amp; Adam Khan terminent 3eme<br>Bravo !<\/div>\n<div data-offset-key=\"5jl9e-0-0\"><a href=\"https:\/\/judoposeidon.be\/wordpress\/wp-content\/uploads\/2018\/05\/20180519_1248168216.jpg\"><img loading=\"lazy\" decoding=\"async\" class=\"alignnone size-medium wp-image-5447\" src=\"https:\/\/judoposeidon.be\/wordpress\/wp-content\/uploads\/2018\/05\/20180519_1248168216-289x300.jpg\" alt=\"\" width=\"289\" height=\"300\" srcset=\"https:\/\/judoposeidon.be\/wordpress\/wp-content\/uploads\/2018\/05\/20180519_1248168216-289x300.jpg 289w, https:\/\/judoposeidon.be\/wordpress\/wp-content\/uploads\/2018\/05\/20180519_1248168216-768x796.jpg 768w, https:\/\/judoposeidon.be\/wordpress\/wp-content\/uploads\/2018\/05\/20180519_1248168216-988x1024.jpg 988w, https:\/\/judoposeidon.be\/wordpress\/wp-content\/uploads\/2018\/05\/20180519_1248168216.jpg 1031w\" sizes=\"auto, (max-width: 289px) 100vw, 289px\" \/><\/a><\/div>\n<div data-offset-key=\"5jl9e-0-0\"><hr><\/div>\n<div class=\"_1mf _1mj\" data-offset-key=\"5jl9e-0-0\"><span data-offset-key=\"5jl9e-0-0\">A la comp\u00e9tition de Soignies du dimanche 11 mars 2018, les r\u00e9sutats sont les suivants :<\/span><\/div>\n<\/div>\n<div data-editor=\"6okjf\" data-block=\"true\" data-offset-key=\"8llal-0-0\">\n<div class=\"_1mf _1mj\" data-offset-key=\"8llal-0-0\"><span data-offset-key=\"8llal-0-0\">En U11, terminent <\/span><\/div>\n<\/div>\n<div data-editor=\"6okjf\" data-block=\"true\" data-offset-key=\"e56ae-0-0\">\n<div class=\"_1mf _1mj\" data-offset-key=\"e56ae-0-0\"><span data-offset-key=\"e56ae-0-0\">\u2022 Premier\u00b7e\u00b7s Clara Stassin, Jan Kokalj, Manon Vierendeels, Naji Arroud, Nouh Saoudi Laghribi et Thomas Leclercq<\/span><\/div>\n<\/div>\n<div data-editor=\"6okjf\" data-block=\"true\" data-offset-key=\"ee439-0-0\">\n<div class=\"_1mf _1mj\" data-offset-key=\"ee439-0-0\"><span data-offset-key=\"ee439-0-0\">\u2022 Deuxi\u00e8mes Adam Khan, Cyril Dessort, Tatiana Pierlot et Valeria Ayong<\/span><\/div>\n<\/div>\n<div data-editor=\"6okjf\" data-block=\"true\" data-offset-key=\"1ie4n-0-0\">\n<div class=\"_1mf _1mj\" data-offset-key=\"1ie4n-0-0\"><span data-offset-key=\"1ie4n-0-0\">\u2022 Troisi\u00e8me Mohamed Yassine Boufares<\/span><\/div>\n<\/div>\n<div data-editor=\"6okjf\" data-block=\"true\" data-offset-key=\"ee5hc-0-0\">\n<div class=\"_1mf _1mj\" data-offset-key=\"ee5hc-0-0\"><span data-offset-key=\"ee5hc-0-0\">\u2022 Quatri\u00e8mes Daniel Menges, Ryan Vyvermans et Shaun Britton<\/span><\/div>\n<\/div>\n<div data-editor=\"6okjf\" data-block=\"true\" data-offset-key=\"4nvib-0-0\">\n<div class=\"_1mf _1mj\" data-offset-key=\"4nvib-0-0\"><span data-offset-key=\"4nvib-0-0\">En U13, Alexandre Chiche et Nathan Vierendeels terminent tous les deux quatri\u00e8mes<\/span><\/div>\n<\/div>\n<div data-editor=\"6okjf\" data-block=\"true\" data-offset-key=\"72mfc-0-0\">\n<div class=\"_1mf _1mj\" data-offset-key=\"72mfc-0-0\"><span data-offset-key=\"72mfc-0-0\">En U15, Steven Ley en -40kg termine deuxi\u00e8me et Gabriel Marin en -66kg termine premier<\/span><\/div>\n<\/div>\n<div data-editor=\"6okjf\" data-block=\"true\" data-offset-key=\"af09g-0-0\">\n<div class=\"_1mf _1mj\" data-offset-key=\"af09g-0-0\"><span data-offset-key=\"af09g-0-0\">En U18, Lina Kamboui en -63kg termine deuxi\u00e8me, Hugo Testa en -50kg et Emilie Stassin en -70kg terminent troisi\u00e8mes et Martin Waegeneers en -66kg est non class\u00e9.<\/span><\/div>\n<\/div>\n<div data-editor=\"6okjf\" data-block=\"true\" data-offset-key=\"fojf1-0-0\">\n<div class=\"_1mf _1mj\" data-offset-key=\"fojf1-0-0\"><span data-offset-key=\"fojf1-0-0\">Bravo \u00e0 tou\u00b7te\u00b7s<\/span><\/div>\n<div data-offset-key=\"fojf1-0-0\"><hr><\/div>\n<\/div>\n<p>Gr\u00e2ce aux super bons r\u00e9sultats de tou.te.s les judo.te.s du club qui ont particip\u00e9 \u00e0 la comp\u00e9tition de Soignies ce dimanche le club termine 2\u00e8me du challenge<br>Bravo \u00e0 tou.te.s<\/p>\n<p><a href=\"https:\/\/judoposeidon.be\/wordpress\/wp-content\/uploads\/2018\/03\/soignies-2018.jpg\"><img loading=\"lazy\" decoding=\"async\" class=\"alignnone size-medium wp-image-5031\" src=\"https:\/\/judoposeidon.be\/wordpress\/wp-content\/uploads\/2018\/03\/soignies-2018-300x225.jpg\" alt=\"\" width=\"300\" height=\"225\" srcset=\"https:\/\/judoposeidon.be\/wordpress\/wp-content\/uploads\/2018\/03\/soignies-2018-300x225.jpg 300w, https:\/\/judoposeidon.be\/wordpress\/wp-content\/uploads\/2018\/03\/soignies-2018-768x576.jpg 768w, https:\/\/judoposeidon.be\/wordpress\/wp-content\/uploads\/2018\/03\/soignies-2018-1024x768.jpg 1024w\" sizes=\"auto, (max-width: 300px) 100vw, 300px\" \/><\/a><a href=\"https:\/\/judoposeidon.be\/wordpress\/wp-content\/uploads\/2018\/03\/soignies-1-2018.jpg\"><img loading=\"lazy\" decoding=\"async\" class=\"alignnone size-medium wp-image-5030\" src=\"https:\/\/judoposeidon.be\/wordpress\/wp-content\/uploads\/2018\/03\/soignies-1-2018-300x225.jpg\" alt=\"\" width=\"300\" height=\"225\" srcset=\"https:\/\/judoposeidon.be\/wordpress\/wp-content\/uploads\/2018\/03\/soignies-1-2018-300x225.jpg 300w, https:\/\/judoposeidon.be\/wordpress\/wp-content\/uploads\/2018\/03\/soignies-1-2018-768x576.jpg 768w, https:\/\/judoposeidon.be\/wordpress\/wp-content\/uploads\/2018\/03\/soignies-1-2018-1024x768.jpg 1024w\" sizes=\"auto, (max-width: 300px) 100vw, 300px\" \/><\/a><a href=\"https:\/\/judoposeidon.be\/wordpress\/wp-content\/uploads\/2018\/03\/soignies-2-2018.jpg\"><img loading=\"lazy\" decoding=\"async\" class=\"alignnone size-medium wp-image-5029\" src=\"https:\/\/judoposeidon.be\/wordpress\/wp-content\/uploads\/2018\/03\/soignies-2-2018-300x225.jpg\" alt=\"\" width=\"300\" height=\"225\" srcset=\"https:\/\/judoposeidon.be\/wordpress\/wp-content\/uploads\/2018\/03\/soignies-2-2018-300x225.jpg 300w, https:\/\/judoposeidon.be\/wordpress\/wp-content\/uploads\/2018\/03\/soignies-2-2018-768x576.jpg 768w, https:\/\/judoposeidon.be\/wordpress\/wp-content\/uploads\/2018\/03\/soignies-2-2018-1024x768.jpg 1024w\" sizes=\"auto, (max-width: 300px) 100vw, 300px\" \/><\/a><\/p>\n<hr>\n<p><span id=\"fbPhotoSnowliftCaption\" class=\"fbPhotosPhotoCaption\" tabindex=\"0\" aria-live=\"polite\" data-ft=\"{&quot;tn&quot;:&quot;K&quot;}\"><span class=\"hasCaption\">A la comp\u00e9tition inter \u00e9quipe de Soignies, l&rsquo;\u00e9quipe fille compos\u00e9e de Charline, Lina, Fiona, Lola, Anniek et Ingrid, coach\u00e9e par Samuel termine 2\u00e8me. F\u00e9licitations \u00e0 toutes !<\/span><\/span><\/p>\n<p><a href=\"https:\/\/judoposeidon.be\/wordpress\/wp-content\/uploads\/2018\/03\/podiumsoignies.jpg\"><img loading=\"lazy\" decoding=\"async\" class=\"alignnone size-medium wp-image-5026\" src=\"https:\/\/judoposeidon.be\/wordpress\/wp-content\/uploads\/2018\/03\/podiumsoignies-190x300.jpg\" alt=\"\" width=\"190\" height=\"300\" srcset=\"https:\/\/judoposeidon.be\/wordpress\/wp-content\/uploads\/2018\/03\/podiumsoignies-190x300.jpg 190w, https:\/\/judoposeidon.be\/wordpress\/wp-content\/uploads\/2018\/03\/podiumsoignies-768x1214.jpg 768w, https:\/\/judoposeidon.be\/wordpress\/wp-content\/uploads\/2018\/03\/podiumsoignies-648x1024.jpg 648w, https:\/\/judoposeidon.be\/wordpress\/wp-content\/uploads\/2018\/03\/podiumsoignies.jpg 1275w\" sizes=\"auto, (max-width: 190px) 100vw, 190px\" \/><\/a> <a href=\"https:\/\/judoposeidon.be\/wordpress\/wp-content\/uploads\/2018\/03\/equipesoignies.jpg\"><img loading=\"lazy\" decoding=\"async\" class=\"alignnone size-medium wp-image-5025\" src=\"https:\/\/judoposeidon.be\/wordpress\/wp-content\/uploads\/2018\/03\/equipesoignies-300x225.jpg\" alt=\"\" width=\"300\" height=\"225\" srcset=\"https:\/\/judoposeidon.be\/wordpress\/wp-content\/uploads\/2018\/03\/equipesoignies-300x225.jpg 300w, https:\/\/judoposeidon.be\/wordpress\/wp-content\/uploads\/2018\/03\/equipesoignies-768x576.jpg 768w, https:\/\/judoposeidon.be\/wordpress\/wp-content\/uploads\/2018\/03\/equipesoignies-1024x768.jpg 1024w, https:\/\/judoposeidon.be\/wordpress\/wp-content\/uploads\/2018\/03\/equipesoignies.jpg 2048w\" sizes=\"auto, (max-width: 300px) 100vw, 300px\" \/><\/a><\/p>\n<\/div>\n<hr>\n<div data-editor=\"evv0p\" data-block=\"true\" data-offset-key=\"970ai-0-0\">\n<div data-offset-key=\"970ai-0-0\">\n<p>Aux championnats interuniversitaires (7\/02\/2018), Adrien Van Rechem et Mathias Maigret terminent 3\u00e8me dans leur cat\u00e9gorie respective.<\/p>\n<hr>\n<p>Les 27 et 28 janvier, \u00e0 Herstal, a eu lieu le r\u00e9gional pour les jeunes. Gabriel Marin et \u00c9milie Stassin se qualifie pour le Belgique en terminant respectivement 2\u00e8me et 3\u00e8me.<br>Mathias Maigret, Maxime Van Rechem, Salim Duclos ,Pierre Paul Charbonnier, Lina Kamboui terminent 5\u00e8me.<br>Cr\u00e9dit Photo FFBJ et Vincent Hevy<\/p>\n<p><a href=\"https:\/\/judoposeidon.be\/wordpress\/wp-content\/uploads\/2018\/02\/regionals-2018-2.jpg\"><img loading=\"lazy\" decoding=\"async\" class=\"alignnone size-medium wp-image-4985\" src=\"https:\/\/judoposeidon.be\/wordpress\/wp-content\/uploads\/2018\/02\/regionals-2018-2-300x200.jpg\" alt=\"\" width=\"300\" height=\"200\" srcset=\"https:\/\/judoposeidon.be\/wordpress\/wp-content\/uploads\/2018\/02\/regionals-2018-2-300x200.jpg 300w, https:\/\/judoposeidon.be\/wordpress\/wp-content\/uploads\/2018\/02\/regionals-2018-2-768x512.jpg 768w, https:\/\/judoposeidon.be\/wordpress\/wp-content\/uploads\/2018\/02\/regionals-2018-2.jpg 960w\" sizes=\"auto, (max-width: 300px) 100vw, 300px\" \/><\/a><a href=\"https:\/\/judoposeidon.be\/wordpress\/wp-content\/uploads\/2018\/02\/regionals-2018.jpg\"><img loading=\"lazy\" decoding=\"async\" class=\"alignnone size-medium wp-image-4984\" src=\"https:\/\/judoposeidon.be\/wordpress\/wp-content\/uploads\/2018\/02\/regionals-2018-300x223.jpg\" alt=\"\" width=\"300\" height=\"223\" srcset=\"https:\/\/judoposeidon.be\/wordpress\/wp-content\/uploads\/2018\/02\/regionals-2018-300x223.jpg 300w, https:\/\/judoposeidon.be\/wordpress\/wp-content\/uploads\/2018\/02\/regionals-2018-768x571.jpg 768w, https:\/\/judoposeidon.be\/wordpress\/wp-content\/uploads\/2018\/02\/regionals-2018.jpg 960w\" sizes=\"auto, (max-width: 300px) 100vw, 300px\" \/><\/a><\/p>\n<hr>\n<p>&nbsp;Le samedi 27 janvier, \u00e0 Lille avait lieu la 10\u00e8me \u00e9dition de l&rsquo;eurometropole masters. Le niveau \u00e9tait tr\u00e8s haut. Les petits Luis et Jean-Fran\u00e7ois perdent leurs deux combats. Le petit Cyrus en gagne deux et ensuite en perd deux, il se retrouve donc 5 \u00e8me, mais sans d\u00e9m\u00e9riter.<\/p>\n<hr>\n<p>Le 21 janvier avait lieu le provincial au C\u00e9ria. Voici les r\u00e9sultats :<\/p>\n<p>U15, Gabriel Marin termine 1er et \u00c9lise Pas 2\u00e8me<\/p>\n<p>U18, Lina Kamboui, Emilie Stassin, Pierre Paul Charbonnier, Nathan Delacoux terminent tou\u00b7te\u00b7s 2\u00e8mes, Charline Larroque et Valentin Salmon 3\u00e8me et Alexandre Schalbroeck 5\u00e8me<\/p>\n<div class=\"text_exposed_show\">\n<p>U21, Maxim Van Rechem termine 1er, Salim Duclos 2\u00e8me et Mathias Maigret 3\u00e8me<\/p>\n<p>Tou\u00b7te\u00b7s se qualifient pour la phase suivante des championnats : le r\u00e9gional<\/p>\n<hr><\/div>\n<p>Le 13 et 14 janvier avait lieu le 34 \u00e8me tournoi international de Nivelles, voici les r\u00e9sultats&nbsp;:<\/p>\n<p>En U11 terminent 1<sup>er<\/sup><sup>\u00b7<\/sup><sup>e\u00b7<\/sup><sup>s<\/sup> Clara Stassin et Alexandre Brisy, 2<sup>\u00e8mes<\/sup> Tatiana Pierlot, Manon Vierendeels et Cyril Dessort et 3<sup>\u00e8mes<\/sup> Gabriel No\u00ebl, Ryan Vyvermans et Adam Khan &nbsp;<\/p>\n<p>En U13, Nathan Vierendeels termine 5<sup>\u00e8me<\/sup>.<\/p>\n<p>En U18 terminent 1<sup>\u00e8re<\/sup> Charline Larroque, 2<sup>\u00e8me<\/sup> Lina Kamboui et 3<sup>\u00e8me<\/sup> Emilie Stassin.<\/p>\n<p><a href=\"https:\/\/judoposeidon.be\/wordpress\/wp-content\/uploads\/2018\/01\/nivelles_lina_2018.jpg\"><img loading=\"lazy\" decoding=\"async\" class=\"alignnone size-medium wp-image-4948\" src=\"https:\/\/judoposeidon.be\/wordpress\/wp-content\/uploads\/2018\/01\/nivelles_lina_2018-225x300.jpg\" alt=\"\" width=\"225\" height=\"300\" srcset=\"https:\/\/judoposeidon.be\/wordpress\/wp-content\/uploads\/2018\/01\/nivelles_lina_2018-225x300.jpg 225w, https:\/\/judoposeidon.be\/wordpress\/wp-content\/uploads\/2018\/01\/nivelles_lina_2018-768x1024.jpg 768w\" sizes=\"auto, (max-width: 225px) 100vw, 225px\" \/><\/a><a href=\"https:\/\/judoposeidon.be\/wordpress\/wp-content\/uploads\/2018\/01\/nivelles_charline_2018.jpg\"><img loading=\"lazy\" decoding=\"async\" class=\"alignnone size-medium wp-image-4947\" src=\"https:\/\/judoposeidon.be\/wordpress\/wp-content\/uploads\/2018\/01\/nivelles_charline_2018-225x300.jpg\" alt=\"\" width=\"225\" height=\"300\" srcset=\"https:\/\/judoposeidon.be\/wordpress\/wp-content\/uploads\/2018\/01\/nivelles_charline_2018-225x300.jpg 225w, https:\/\/judoposeidon.be\/wordpress\/wp-content\/uploads\/2018\/01\/nivelles_charline_2018-768x1024.jpg 768w\" sizes=\"auto, (max-width: 225px) 100vw, 225px\" \/><\/a><a href=\"https:\/\/judoposeidon.be\/wordpress\/wp-content\/uploads\/2018\/01\/nivelles_cyril_2018.jpg\"><img loading=\"lazy\" decoding=\"async\" class=\"alignnone size-medium wp-image-4946\" src=\"https:\/\/judoposeidon.be\/wordpress\/wp-content\/uploads\/2018\/01\/nivelles_cyril_2018-300x225.jpg\" alt=\"\" width=\"300\" height=\"225\" srcset=\"https:\/\/judoposeidon.be\/wordpress\/wp-content\/uploads\/2018\/01\/nivelles_cyril_2018-300x225.jpg 300w, https:\/\/judoposeidon.be\/wordpress\/wp-content\/uploads\/2018\/01\/nivelles_cyril_2018-768x576.jpg 768w, https:\/\/judoposeidon.be\/wordpress\/wp-content\/uploads\/2018\/01\/nivelles_cyril_2018-1024x768.jpg 1024w, https:\/\/judoposeidon.be\/wordpress\/wp-content\/uploads\/2018\/01\/nivelles_cyril_2018.jpg 1600w\" sizes=\"auto, (max-width: 300px) 100vw, 300px\" \/><\/a><a href=\"https:\/\/judoposeidon.be\/wordpress\/wp-content\/uploads\/2018\/01\/nivelles_emilie_2018.jpg\"><img loading=\"lazy\" decoding=\"async\" class=\"alignnone size-medium wp-image-4945\" src=\"https:\/\/judoposeidon.be\/wordpress\/wp-content\/uploads\/2018\/01\/nivelles_emilie_2018-225x300.jpg\" alt=\"\" width=\"225\" height=\"300\" srcset=\"https:\/\/judoposeidon.be\/wordpress\/wp-content\/uploads\/2018\/01\/nivelles_emilie_2018-225x300.jpg 225w, https:\/\/judoposeidon.be\/wordpress\/wp-content\/uploads\/2018\/01\/nivelles_emilie_2018-768x1024.jpg 768w\" sizes=\"auto, (max-width: 225px) 100vw, 225px\" \/><\/a><\/p>\n<hr>\n<p>&nbsp;L&rsquo;\u00e9quipe dame termine 4\u00e8me en division nationale et se maintient donc en division nationale pour l&rsquo;ann\u00e9e prochaine, la D3 termine 1\u00e8re et se qualifie pour la deuxi\u00e8me division pour la saison prochaine et la D4 termine 2\u00e8me.<\/p>\n<p>Bravo \u00e0 tou.te.s, Klara, LuLu, C\u00e9line, Fiona, Ingrid, Lola, Anniek, Fanny, Brice, Adrien, Andr\u00e9, Renaud, Alexandre, Antony, S\u00e2l\u00eem, Luis, Jan, Alain, Sam, Mathias, Glenn, Th\u00e9o, Drilon &amp; Nathan.<\/p>\n<p>Merci aux nombreux.ses supporter.e.s<\/p>\n<p>Cr\u00e9dit Photos : Andr\u00e9 Sterpin, Renaud Sterpin &amp; Mathieu Sterpin<\/p>\nngg_shortcode_3_placeholder\n<hr>\n<p>Voici les r\u00e9sultats des \u00e9quipes du deuxi\u00e8me weekend inter\u00e9quipes<\/p>\n<p>DH \u2013 dames<\/p>\n<p>Royal JC Mons \u2013 Pos\u00e9idon 5-0<\/p>\n<p>Pos\u00e9idon \u2013 JS Merelbeke 0-5<\/p>\n<p>Pos\u00e9idon \u2013 Lummen 3-2<\/p>\n<p>Pos\u00e9idon \u2013 Jitsu Kwai Hamme 4-1<\/p>\n<p>D3A \u2013 Hommes<\/p>\n<p>Royal Judo Budo Club Herstal \u2013 Pos\u00e9idon 2-3<\/p>\n<p>Pos\u00e9idon \u2013 JC Bastogne 4-1<\/p>\n<p>Pos\u00e9idon \u2013 JC ABW Jodoigne 5-0<\/p>\n<p>Pos\u00e9idon \u2013 Zita Kyotei 5-0<\/p>\n<p>D4A \u2013 Hommes<\/p>\n<p>JC Andrimont \u2013 Pos\u00e9idon 2-3<\/p>\n<p>JC Bushido Saive \u2013 Pos\u00e9idon 2-3<\/p>\n<p>Cr\u00e9dit photos Andr\u00e9 Sterpin et Renaud Sterpin<\/p>\n<p><a href=\"https:\/\/judoposeidon.be\/wordpress\/wp-content\/uploads\/2017\/11\/herstal2017.jpg\"><img loading=\"lazy\" decoding=\"async\" class=\"alignnone size-medium wp-image-4040\" src=\"https:\/\/judoposeidon.be\/wordpress\/wp-content\/uploads\/2017\/11\/herstal2017-300x200.jpg\" alt=\"\" width=\"300\" height=\"200\" srcset=\"https:\/\/judoposeidon.be\/wordpress\/wp-content\/uploads\/2017\/11\/herstal2017-300x200.jpg 300w, https:\/\/judoposeidon.be\/wordpress\/wp-content\/uploads\/2017\/11\/herstal2017-768x511.jpg 768w, https:\/\/judoposeidon.be\/wordpress\/wp-content\/uploads\/2017\/11\/herstal2017.jpg 960w\" sizes=\"auto, (max-width: 300px) 100vw, 300px\" \/><\/a><a href=\"https:\/\/judoposeidon.be\/wordpress\/wp-content\/uploads\/2017\/11\/herstal2017_G.jpg\"><img loading=\"lazy\" decoding=\"async\" class=\"alignnone size-medium wp-image-4041\" src=\"https:\/\/judoposeidon.be\/wordpress\/wp-content\/uploads\/2017\/11\/herstal2017_G-300x200.jpg\" alt=\"\" width=\"300\" height=\"200\" srcset=\"https:\/\/judoposeidon.be\/wordpress\/wp-content\/uploads\/2017\/11\/herstal2017_G-300x200.jpg 300w, https:\/\/judoposeidon.be\/wordpress\/wp-content\/uploads\/2017\/11\/herstal2017_G-768x512.jpg 768w, https:\/\/judoposeidon.be\/wordpress\/wp-content\/uploads\/2017\/11\/herstal2017_G.jpg 960w\" sizes=\"auto, (max-width: 300px) 100vw, 300px\" \/><\/a><\/p>\n<\/div>\n<\/div>\n<hr>\n<p>Premier weekend inter\u00e9quipes :<\/p>\n<p>L&rsquo;\u00e9quipe de 4A gagne ses 3 rencontres de la journ\u00e9e :<br>POS\u00c9IDON B \/ J.C.PLOMBIERES B: 3 &#8211; 2<br>ROYAL J.C.GAUMAIS \/ POS\u00c9IDON B: 1 &#8211; 4<br>J.C.OTTIGNIES \/ POS\u00c9IDON B: 1 &#8211; 4<\/p>\n<p>L&rsquo;\u00e9quipe de 3A fait de m\u00eame :<br>POS\u00c9IDON A \/ JUDO TEAM HERMEE A: 5 &#8211; 0<br>POS\u00c9IDON A \/ J.C.SAMBREVILLE B: 5 &#8211; 0<br>J.C.SAINT-DENIS \/ POS\u00c9IDON A: 1 &#8211; 4<\/p>\n<p>Bravo \u00e0 tous et merci au supportrices\/supporters<\/p>\n<p><a href=\"https:\/\/judoposeidon.be\/wordpress\/wp-content\/uploads\/2017\/11\/Equipe_4_A_D8F9462.jpg\"><img loading=\"lazy\" decoding=\"async\" class=\"alignnone size-large wp-image-4020\" src=\"https:\/\/judoposeidon.be\/wordpress\/wp-content\/uploads\/2017\/11\/Equipe_4_A_D8F9462-1024x683.jpg\" alt=\"\" width=\"1024\" height=\"683\" srcset=\"https:\/\/judoposeidon.be\/wordpress\/wp-content\/uploads\/2017\/11\/Equipe_4_A_D8F9462-1024x683.jpg 1024w, https:\/\/judoposeidon.be\/wordpress\/wp-content\/uploads\/2017\/11\/Equipe_4_A_D8F9462-300x200.jpg 300w, https:\/\/judoposeidon.be\/wordpress\/wp-content\/uploads\/2017\/11\/Equipe_4_A_D8F9462-768x512.jpg 768w\" sizes=\"auto, (max-width: 1024px) 100vw, 1024px\" \/><br><\/a> <a href=\"https:\/\/judoposeidon.be\/wordpress\/wp-content\/uploads\/2017\/11\/dottignies_3A.jpg\"><img loading=\"lazy\" decoding=\"async\" class=\"alignnone size-large wp-image-4019\" src=\"https:\/\/judoposeidon.be\/wordpress\/wp-content\/uploads\/2017\/11\/dottignies_3A-1024x768.jpg\" alt=\"\" width=\"1024\" height=\"768\" srcset=\"https:\/\/judoposeidon.be\/wordpress\/wp-content\/uploads\/2017\/11\/dottignies_3A-1024x768.jpg 1024w, https:\/\/judoposeidon.be\/wordpress\/wp-content\/uploads\/2017\/11\/dottignies_3A-300x225.jpg 300w, https:\/\/judoposeidon.be\/wordpress\/wp-content\/uploads\/2017\/11\/dottignies_3A-768x576.jpg 768w, https:\/\/judoposeidon.be\/wordpress\/wp-content\/uploads\/2017\/11\/dottignies_3A.jpg 2048w\" sizes=\"auto, (max-width: 1024px) 100vw, 1024px\" \/><\/a><\/p>\n<div class=\"_1mf _1mj\" data-offset-key=\"b6gsb-0-0\">\n<div data-contents=\"true\">\n<div data-editor=\"evv0p\" data-block=\"true\" data-offset-key=\"970ai-0-0\">\n<div data-offset-key=\"970ai-0-0\"><hr><\/div>\n<div class=\"_1mf _1mj\" data-offset-key=\"970ai-0-0\"><span data-offset-key=\"970ai-0-0\">Le 15\/10 avait lieu le championnat r\u00e9gional. <\/span><span class=\"_247o\" spellcheck=\"false\" data-offset-key=\"970ai-1-0\"><span data-offset-key=\"970ai-1-0\">C\u00e9line Pany<\/span><\/span><span data-offset-key=\"970ai-2-0\"> termine 2eme en -57kg, <\/span><span class=\"_247o\" spellcheck=\"false\" data-offset-key=\"970ai-3-0\"><span data-offset-key=\"970ai-3-0\">Emeline Seguinot<\/span><\/span><span data-offset-key=\"970ai-4-0\"> termine 3\u00e8me en -70kg et <\/span><span class=\"_247o\" spellcheck=\"false\" data-offset-key=\"970ai-5-0\"><span data-offset-key=\"970ai-5-0\">Glenn Segers<\/span><\/span><span data-offset-key=\"970ai-6-0\"> termine 5\u00e8me en -90kg<\/span><\/div>\n<div class=\"_1mf _1mj\" data-offset-key=\"970ai-0-0\"><a href=\"https:\/\/judoposeidon.be\/wordpress\/wp-content\/uploads\/2017\/10\/regio2017cel.jpg\"><img loading=\"lazy\" decoding=\"async\" class=\"alignnone size-medium wp-image-3939\" src=\"https:\/\/judoposeidon.be\/wordpress\/wp-content\/uploads\/2017\/10\/regio2017cel-300x200.jpg\" alt=\"\" width=\"300\" height=\"200\" srcset=\"https:\/\/judoposeidon.be\/wordpress\/wp-content\/uploads\/2017\/10\/regio2017cel-300x200.jpg 300w, https:\/\/judoposeidon.be\/wordpress\/wp-content\/uploads\/2017\/10\/regio2017cel-768x512.jpg 768w, https:\/\/judoposeidon.be\/wordpress\/wp-content\/uploads\/2017\/10\/regio2017cel.jpg 960w\" sizes=\"auto, (max-width: 300px) 100vw, 300px\" \/><\/a><a href=\"https:\/\/judoposeidon.be\/wordpress\/wp-content\/uploads\/2017\/10\/regio2017em.jpg\"><img loading=\"lazy\" decoding=\"async\" class=\"alignnone size-medium wp-image-3940\" src=\"https:\/\/judoposeidon.be\/wordpress\/wp-content\/uploads\/2017\/10\/regio2017em-300x230.jpg\" alt=\"\" width=\"300\" height=\"230\" srcset=\"https:\/\/judoposeidon.be\/wordpress\/wp-content\/uploads\/2017\/10\/regio2017em-300x230.jpg 300w, https:\/\/judoposeidon.be\/wordpress\/wp-content\/uploads\/2017\/10\/regio2017em-768x589.jpg 768w, https:\/\/judoposeidon.be\/wordpress\/wp-content\/uploads\/2017\/10\/regio2017em.jpg 960w\" sizes=\"auto, (max-width: 300px) 100vw, 300px\" \/><\/a><\/div>\n<\/div>\n<div data-offset-key=\"970ai-0-0\">\nngg_shortcode_4_placeholder\n<\/div>\n<\/div>\n<\/div>\n<div class=\"_1mf _1mj\" data-offset-key=\"970ai-0-0\">&nbsp;<\/div>\n<div class=\"_1mf _1mj\" data-offset-key=\"b6gsb-0-0\"><hr><\/div>\n<div class=\"_1mf _1mj\" data-offset-key=\"b6gsb-0-0\">Emilie Stassin et Lina Kamboui terminent toutes les deux 3\u00e8me dans leur cat\u00e9gorie respective \u00e0 la Hainaut Cup le samedi 7 octobre 2017<\/div>\n<div class=\"_1mf _1mj\" data-offset-key=\"b6gsb-0-0\"><a href=\"https:\/\/judoposeidon.be\/wordpress\/wp-content\/uploads\/2017\/10\/hainautcu2017.jpg\"><img loading=\"lazy\" decoding=\"async\" class=\"alignnone size-medium wp-image-3934\" src=\"https:\/\/judoposeidon.be\/wordpress\/wp-content\/uploads\/2017\/10\/hainautcu2017-225x300.jpg\" alt=\"\" width=\"225\" height=\"300\" srcset=\"https:\/\/judoposeidon.be\/wordpress\/wp-content\/uploads\/2017\/10\/hainautcu2017-225x300.jpg 225w, https:\/\/judoposeidon.be\/wordpress\/wp-content\/uploads\/2017\/10\/hainautcu2017.jpg 720w\" sizes=\"auto, (max-width: 225px) 100vw, 225px\" \/><\/a><\/div>\n<div class=\"_1mf _1mj\" data-offset-key=\"b6gsb-0-0\"><hr><\/div>\n<div class=\"_1mf _1mj\" data-offset-key=\"b6gsb-0-0\"><span data-offset-key=\"b6gsb-0-0\">Ce dimanche avait lieu le 35\u00e8me tournoi de Sakura Braine. <\/span><\/div>\n<div data-editor=\"ejabq\" data-block=\"true\" data-offset-key=\"dtven-0-0\">\n<div class=\"_1mf _1mj\" data-offset-key=\"dtven-0-0\"><span data-offset-key=\"dtven-0-0\">En U11 terminent \u00e0 la <\/span><\/div>\n<\/div>\n<div data-editor=\"ejabq\" data-block=\"true\" data-offset-key=\"4jtbv-0-0\">\n<div class=\"_1mf _1mj\" data-offset-key=\"4jtbv-0-0\"><span data-offset-key=\"4jtbv-0-0\">&#8211; premi\u00e8re place : Alexandre Brisy, Alexandre Chiche, Jan Kokalj &amp; Clara Stassin<\/span><\/div>\n<\/div>\n<div data-editor=\"ejabq\" data-block=\"true\" data-offset-key=\"3bco2-0-0\">\n<div class=\"_1mf _1mj\" data-offset-key=\"3bco2-0-0\"><span data-offset-key=\"3bco2-0-0\">&#8211; troisi\u00e8me place : Ma\u00ebl Allais &amp; Kinji Yoshida<\/span><\/div>\n<\/div>\n<div data-editor=\"ejabq\" data-block=\"true\" data-offset-key=\"a2e03-0-0\">\n<div class=\"_1mf _1mj\" data-offset-key=\"a2e03-0-0\"><span data-offset-key=\"a2e03-0-0\">&#8211; quatri\u00e8me place : Dimitris Kourkoulas, Thomas Leclercq, Daniel Menges, Gabriel Noel, Nathan Vierendeels &amp;Manon Vierendeels<\/span><\/div>\n<\/div>\n<div data-editor=\"ejabq\" data-block=\"true\" data-offset-key=\"6hmo8-0-0\">\n<div class=\"_1mf _1mj\" data-offset-key=\"6hmo8-0-0\"><span data-offset-key=\"6hmo8-0-0\">&nbsp;<\/span><\/div>\n<\/div>\n<div data-editor=\"ejabq\" data-block=\"true\" data-offset-key=\"emd3k-0-0\">\n<div class=\"_1mf _1mj\" data-offset-key=\"emd3k-0-0\"><span data-offset-key=\"emd3k-0-0\">En U13, Steven LEY termine deuxi\u00e8me &amp; Kenzo Yoshida termine troisi\u00e8me<\/span><\/div>\n<\/div>\n<div data-editor=\"ejabq\" data-block=\"true\" data-offset-key=\"avp4t-0-0\">\n<div class=\"_1mf _1mj\" data-offset-key=\"avp4t-0-0\"><span data-offset-key=\"avp4t-0-0\">&nbsp;<\/span><\/div>\n<\/div>\n<div data-editor=\"ejabq\" data-block=\"true\" data-offset-key=\"50u6n-0-0\">\n<div class=\"_1mf _1mj\" data-offset-key=\"50u6n-0-0\"><span data-offset-key=\"50u6n-0-0\">En U15, Lina Kamboui termine premi\u00e8re en -63kg et +de 63kg, Emilie Stassin termine deuxi\u00e8me en +63kg, Charline Larroque termine troisi\u00e8me en -52kg &amp; Marie Burcher cinqui\u00e8me en -52kg<\/span><\/div>\n<div class=\"_1mf _1mj\" data-offset-key=\"50u6n-0-0\">\nngg_shortcode_5_placeholder\n<\/div>\n<\/div>\n<hr>\n<p>Lina Kamboui termine 3\u00e8me \u00e0 l&rsquo;Open de Brabant (Tervuren &#8211; 23\/09)<\/p>\n<p><a href=\"https:\/\/judoposeidon.be\/wordpress\/wp-content\/uploads\/2017\/09\/linabrabant.jpg\"><img loading=\"lazy\" decoding=\"async\" class=\"alignnone size-medium wp-image-3710\" src=\"https:\/\/judoposeidon.be\/wordpress\/wp-content\/uploads\/2017\/09\/linabrabant-225x300.jpg\" alt=\"\" width=\"225\" height=\"300\" srcset=\"https:\/\/judoposeidon.be\/wordpress\/wp-content\/uploads\/2017\/09\/linabrabant-225x300.jpg 225w, https:\/\/judoposeidon.be\/wordpress\/wp-content\/uploads\/2017\/09\/linabrabant.jpg 720w\" sizes=\"auto, (max-width: 225px) 100vw, 225px\" \/><\/a><\/p>\n<hr>\n<p><span data-offset-key=\"1j4ee-0-0\">Ce dimanche 9 avril \u00e0 la Soeverein Judocup de Lommel, en U18 +90Kg, Salim Duclos termine 2\u00e8me et Ilyas Stupar termine 4\u00e8me.<br><\/span><\/p>\n<p>Bravo \u00e0 tous les deux pour leur travail<\/p>\n<p><a href=\"https:\/\/judoposeidon.be\/wordpress\/wp-content\/uploads\/2017\/04\/sovreign2017.jpg\"><img loading=\"lazy\" decoding=\"async\" class=\"alignnone size-medium wp-image-1515\" src=\"https:\/\/judoposeidon.be\/wordpress\/wp-content\/uploads\/2017\/04\/sovreign2017-300x200.jpg\" alt=\"\" width=\"300\" height=\"200\" srcset=\"https:\/\/judoposeidon.be\/wordpress\/wp-content\/uploads\/2017\/04\/sovreign2017-300x200.jpg 300w, https:\/\/judoposeidon.be\/wordpress\/wp-content\/uploads\/2017\/04\/sovreign2017-768x513.jpg 768w, https:\/\/judoposeidon.be\/wordpress\/wp-content\/uploads\/2017\/04\/sovreign2017-1024x684.jpg 1024w, https:\/\/judoposeidon.be\/wordpress\/wp-content\/uploads\/2017\/04\/sovreign2017.jpg 2048w\" sizes=\"auto, (max-width: 300px) 100vw, 300px\" \/><\/a><\/p>\n<hr>\n<p>Ce dimanche 19 mars, au Challenge ALAIN JAUMOTTE (Saint-Denis) terminent :<\/p>\n<p>en U11 : premier.e.s Alexandre Brisy et Clara Stassin, deuxi\u00e8mes Thomas Leclercq et Kinji Yoshida et troisi\u00e8mes Manon Vierendeels et Nathan Vierendeels<\/p>\n<p>en U13 : premier Steven Ley<\/p>\n<p>en U18 : premier Salim Duclos et troisi\u00e8me Martin Waegeneers<\/p>\n<p><a href=\"https:\/\/judoposeidon.be\/wordpress\/wp-content\/uploads\/2015\/09\/saintdenis.jpg\"><img loading=\"lazy\" decoding=\"async\" class=\"alignnone size-medium wp-image-1489\" src=\"https:\/\/judoposeidon.be\/wordpress\/wp-content\/uploads\/2015\/09\/saintdenis-300x225.jpg\" alt=\"\" width=\"300\" height=\"225\" srcset=\"https:\/\/judoposeidon.be\/wordpress\/wp-content\/uploads\/2015\/09\/saintdenis-300x225.jpg 300w, https:\/\/judoposeidon.be\/wordpress\/wp-content\/uploads\/2015\/09\/saintdenis-768x576.jpg 768w, https:\/\/judoposeidon.be\/wordpress\/wp-content\/uploads\/2015\/09\/saintdenis.jpg 857w\" sizes=\"auto, (max-width: 300px) 100vw, 300px\" \/> <\/a><a href=\"https:\/\/judoposeidon.be\/wordpress\/wp-content\/uploads\/2015\/09\/saint-denis-2.jpg\"><img loading=\"lazy\" decoding=\"async\" class=\"alignnone size-medium wp-image-1490\" src=\"https:\/\/judoposeidon.be\/wordpress\/wp-content\/uploads\/2015\/09\/saint-denis-2-300x225.jpg\" alt=\"\" width=\"300\" height=\"225\" srcset=\"https:\/\/judoposeidon.be\/wordpress\/wp-content\/uploads\/2015\/09\/saint-denis-2-300x225.jpg 300w, https:\/\/judoposeidon.be\/wordpress\/wp-content\/uploads\/2015\/09\/saint-denis-2-768x576.jpg 768w, https:\/\/judoposeidon.be\/wordpress\/wp-content\/uploads\/2015\/09\/saint-denis-2-1024x768.jpg 1024w\" sizes=\"auto, (max-width: 300px) 100vw, 300px\" \/><\/a><a href=\"https:\/\/judoposeidon.be\/wordpress\/wp-content\/uploads\/2015\/09\/saintdenis.jpg\"><br><\/a><\/p>\n<p>&nbsp;<\/p>\n<p>&nbsp;<\/p>\n<hr>\n<p>Ce week-end, le petit Jean-Fran\u00e7ois Colinet y termine 3\u00e8me.<br><a href=\"http:\/\/judomastersmedoc.com\/fr\/accueil\/\" target=\"blank\" rel=\"noopener\">9\u00e8me Masters des vignobles du M\u00e9doc.<\/a><\/p>\n<p><a href=\"https:\/\/judoposeidon.be\/wordpress\/wp-content\/uploads\/2017\/03\/JF_medoc.jpg\"><img loading=\"lazy\" decoding=\"async\" class=\"alignnone size-medium wp-image-1482\" src=\"https:\/\/judoposeidon.be\/wordpress\/wp-content\/uploads\/2017\/03\/JF_medoc-300x200.jpg\" alt=\"\" width=\"300\" height=\"200\" srcset=\"https:\/\/judoposeidon.be\/wordpress\/wp-content\/uploads\/2017\/03\/JF_medoc-300x200.jpg 300w, https:\/\/judoposeidon.be\/wordpress\/wp-content\/uploads\/2017\/03\/JF_medoc-768x511.jpg 768w, https:\/\/judoposeidon.be\/wordpress\/wp-content\/uploads\/2017\/03\/JF_medoc.jpg 960w\" sizes=\"auto, (max-width: 300px) 100vw, 300px\" \/><\/a><\/p>\n<p>(Cr\u00e9dit photo: <a href=\"https:\/\/www.flickr.com\/photos\/talbisetti\/\" target=\"blank\" rel=\"noopener\">Thierry Albisetti<\/a>)<\/p>\n<hr>\n<p>Voici les r\u00e9sultats du Belgique : Emilie et Lina terminent 3\u00e8me et Salim et Maxime terminent 5\u00e8me.<br>Bravo \u00e0 tou.te.s pour leur beau parcours dans ces championnats 2017.<\/p>\n<p><a href=\"https:\/\/judoposeidon.be\/wordpress\/wp-content\/uploads\/2017\/02\/IMG_5325-e1487507419948.jpg\"><img loading=\"lazy\" decoding=\"async\" class=\"alignnone size-medium wp-image-1397\" src=\"https:\/\/judoposeidon.be\/wordpress\/wp-content\/uploads\/2017\/02\/IMG_5325-e1487507419948-300x169.jpg\" alt=\"\" width=\"300\" height=\"169\" srcset=\"https:\/\/judoposeidon.be\/wordpress\/wp-content\/uploads\/2017\/02\/IMG_5325-e1487507419948-300x169.jpg 300w, https:\/\/judoposeidon.be\/wordpress\/wp-content\/uploads\/2017\/02\/IMG_5325-e1487507419948-768x432.jpg 768w, https:\/\/judoposeidon.be\/wordpress\/wp-content\/uploads\/2017\/02\/IMG_5325-e1487507419948-1024x576.jpg 1024w, https:\/\/judoposeidon.be\/wordpress\/wp-content\/uploads\/2017\/02\/IMG_5325-e1487507419948.jpg 2048w\" sizes=\"auto, (max-width: 300px) 100vw, 300px\" \/><\/a><a href=\"https:\/\/judoposeidon.be\/wordpress\/wp-content\/uploads\/2017\/02\/IMG_5326-e1487507441641.jpg\"><img loading=\"lazy\" decoding=\"async\" class=\"alignnone size-medium wp-image-1398\" src=\"https:\/\/judoposeidon.be\/wordpress\/wp-content\/uploads\/2017\/02\/IMG_5326-e1487507441641-300x169.jpg\" alt=\"\" width=\"300\" height=\"169\" srcset=\"https:\/\/judoposeidon.be\/wordpress\/wp-content\/uploads\/2017\/02\/IMG_5326-e1487507441641-300x169.jpg 300w, https:\/\/judoposeidon.be\/wordpress\/wp-content\/uploads\/2017\/02\/IMG_5326-e1487507441641-768x432.jpg 768w, https:\/\/judoposeidon.be\/wordpress\/wp-content\/uploads\/2017\/02\/IMG_5326-e1487507441641-1024x576.jpg 1024w, https:\/\/judoposeidon.be\/wordpress\/wp-content\/uploads\/2017\/02\/IMG_5326-e1487507441641.jpg 2048w\" sizes=\"auto, (max-width: 300px) 100vw, 300px\" \/><\/a><\/p>\n<hr>\n<p>Au Championnat r\u00e9gional Emilie Stassin termine premi\u00e8re et Lina Kamboui, Maxime Van Rechem et Salim Duclos terminent tou.te.s 3eme.<br>Ils sont donc qualifi\u00e9s pour le Championnat de Belgique qui aura lieu la semaine prochaine &#x1f609;<\/p>\n<p><a href=\"https:\/\/judoposeidon.be\/wordpress\/wp-content\/uploads\/2017\/02\/IMG_0265.jpg\"><img loading=\"lazy\" decoding=\"async\" class=\"alignnone size-medium wp-image-1380\" src=\"https:\/\/judoposeidon.be\/wordpress\/wp-content\/uploads\/2017\/02\/IMG_0265-300x195.jpg\" alt=\"\" width=\"300\" height=\"195\" srcset=\"https:\/\/judoposeidon.be\/wordpress\/wp-content\/uploads\/2017\/02\/IMG_0265-300x195.jpg 300w, https:\/\/judoposeidon.be\/wordpress\/wp-content\/uploads\/2017\/02\/IMG_0265-768x500.jpg 768w, https:\/\/judoposeidon.be\/wordpress\/wp-content\/uploads\/2017\/02\/IMG_0265-1024x667.jpg 1024w, https:\/\/judoposeidon.be\/wordpress\/wp-content\/uploads\/2017\/02\/IMG_0265.jpg 2048w\" sizes=\"auto, (max-width: 300px) 100vw, 300px\" \/><\/a><\/p>\n<p><a href=\"https:\/\/judoposeidon.be\/wordpress\/wp-content\/uploads\/2017\/02\/IMG_0264.jpg\"><img loading=\"lazy\" decoding=\"async\" class=\"alignnone size-medium wp-image-1379\" src=\"https:\/\/judoposeidon.be\/wordpress\/wp-content\/uploads\/2017\/02\/IMG_0264-300x200.jpg\" alt=\"\" width=\"300\" height=\"200\" srcset=\"https:\/\/judoposeidon.be\/wordpress\/wp-content\/uploads\/2017\/02\/IMG_0264-300x200.jpg 300w, https:\/\/judoposeidon.be\/wordpress\/wp-content\/uploads\/2017\/02\/IMG_0264-768x512.jpg 768w, https:\/\/judoposeidon.be\/wordpress\/wp-content\/uploads\/2017\/02\/IMG_0264-1024x683.jpg 1024w, https:\/\/judoposeidon.be\/wordpress\/wp-content\/uploads\/2017\/02\/IMG_0264.jpg 2048w\" sizes=\"auto, (max-width: 300px) 100vw, 300px\" \/><\/a><\/p>\n<p><a href=\"https:\/\/judoposeidon.be\/wordpress\/wp-content\/uploads\/2017\/02\/IMG_0263.jpg\"><img loading=\"lazy\" decoding=\"async\" class=\"alignnone size-medium wp-image-1378\" src=\"https:\/\/judoposeidon.be\/wordpress\/wp-content\/uploads\/2017\/02\/IMG_0263-300x200.jpg\" alt=\"\" width=\"300\" height=\"200\" srcset=\"https:\/\/judoposeidon.be\/wordpress\/wp-content\/uploads\/2017\/02\/IMG_0263-300x200.jpg 300w, https:\/\/judoposeidon.be\/wordpress\/wp-content\/uploads\/2017\/02\/IMG_0263-768x512.jpg 768w, https:\/\/judoposeidon.be\/wordpress\/wp-content\/uploads\/2017\/02\/IMG_0263-1024x683.jpg 1024w, https:\/\/judoposeidon.be\/wordpress\/wp-content\/uploads\/2017\/02\/IMG_0263.jpg 2048w\" sizes=\"auto, (max-width: 300px) 100vw, 300px\" \/><\/a><\/p>\n<p><a href=\"https:\/\/judoposeidon.be\/wordpress\/wp-content\/uploads\/2017\/02\/IMG_0262.jpg\"><img loading=\"lazy\" decoding=\"async\" class=\"alignnone size-medium wp-image-1377\" src=\"https:\/\/judoposeidon.be\/wordpress\/wp-content\/uploads\/2017\/02\/IMG_0262-300x200.jpg\" alt=\"\" width=\"300\" height=\"200\" srcset=\"https:\/\/judoposeidon.be\/wordpress\/wp-content\/uploads\/2017\/02\/IMG_0262-300x200.jpg 300w, https:\/\/judoposeidon.be\/wordpress\/wp-content\/uploads\/2017\/02\/IMG_0262-768x512.jpg 768w, https:\/\/judoposeidon.be\/wordpress\/wp-content\/uploads\/2017\/02\/IMG_0262-1024x683.jpg 1024w, https:\/\/judoposeidon.be\/wordpress\/wp-content\/uploads\/2017\/02\/IMG_0262.jpg 2048w\" sizes=\"auto, (max-width: 300px) 100vw, 300px\" \/><\/a><\/p>\n<p><a href=\"https:\/\/judoposeidon.be\/wordpress\/wp-content\/uploads\/2017\/02\/IMG_0261.jpg\"><img loading=\"lazy\" decoding=\"async\" class=\"alignnone size-medium wp-image-1369\" src=\"https:\/\/judoposeidon.be\/wordpress\/wp-content\/uploads\/2017\/02\/IMG_0261-300x225.jpg\" alt=\"\" width=\"300\" height=\"225\" srcset=\"https:\/\/judoposeidon.be\/wordpress\/wp-content\/uploads\/2017\/02\/IMG_0261-300x225.jpg 300w, https:\/\/judoposeidon.be\/wordpress\/wp-content\/uploads\/2017\/02\/IMG_0261-768x576.jpg 768w, https:\/\/judoposeidon.be\/wordpress\/wp-content\/uploads\/2017\/02\/IMG_0261.jpg 960w\" sizes=\"auto, (max-width: 300px) 100vw, 300px\" \/><\/a><\/p>\n<hr>\n<p>Les r\u00e9sultats du <strong>Championnat de Brabant<\/strong> (22 janvier) pour les jeunes sont :<\/p>\n<p>&#8211; En U15 terminent<br>Premi\u00e8res Lina KAMBOUI (-63) &amp; Emilie STASSIN (+63)<br>Deuxieme Charline LARROQUE (-52)<br>Troisi\u00e8mes Loreley BRODESSER (-40), Anna TROPPMANN (-52) &amp; Nikoloz BIBILEICHVILI (-55)<\/p>\n<p>&#8211; En U18 terminent<br>Premier S\u00e2l\u00eem DUCLOS(+90)<br>Deuxi\u00e8me Maxime VAN RECHEM (-55)<br>Troisi\u00e8mes David DARBINYAN (+90), Pierre-Paul CHARBONNIER (-73), Valentin SALMON (-66), Antony NESTORIDIS (-60) &amp; Nathan DELACOUX (-50)<\/p>\n<p>&#8211; En U21 terminent<br>Deuxi\u00e8me Alexandre TOUAT (-73)<br>Cinqui\u00e8me Adil THAMI (-73)<\/p>\n<p>Bravo \u00e0 tou.te.s pour ces beaux r\u00e9sultats &#x1f609;<\/p>\n<hr>\n<p>Le samedi 21 janvier au <strong>33\u00e8me tournoi international de Nivelles<\/strong>, en U11 les r\u00e9sultats sont :<\/p>\n<ul>\n<li>1<sup>er<\/sup> Alexandre BRISY<\/li>\n<li>2<sup>\u00e8me<\/sup> Thomas LECLERCQ , Clara STASSIN, &nbsp;Manon VIERENDEELS et Alexandre CHICHE<\/li>\n<li>3<sup>\u00e8me<\/sup> Gabriel NOEL, Ma\u00ebl ALLAIS et Nathan VIERENDEELS<\/li>\n<li>4<sup>\u00e8me<\/sup> Daniel MENGES<\/li>\n<\/ul>\n<p>Et en U13, Noam BEL KOUNANI a termin\u00e9 3<sup>\u00e8me<\/sup><\/p>\n<p>Bravo \u00e0 tou.te.s<\/p>\n<hr>\n<p><strong>3\u00e8me Grand Prix de Woluw\u00e9<\/strong><\/p>\n<p>En U11 terminent&nbsp;:<\/p>\n<ul>\n<li>1<sup>er<\/sup> Marin Gabriel, Belkounani Noam et Tumoyan David<\/li>\n<li>2<sup>\u00e8me<\/sup> Chiche Alexandre<\/li>\n<li>3<sup>\u00e8me<\/sup> Oliden Hector, Sinka Kristof, Beatriz Thomas et Reboux Noah<\/li>\n<li>4<sup>\u00e8me<\/sup> Kamboui Na\u00efm, Poss Raphaa\u00ebl, Vierendeels Nathan et Allais Ma\u00ebl<\/li>\n<\/ul>\n<p>En U13 terminent&nbsp;:<\/p>\n<ul>\n<li>1<sup>er<\/sup> Bibileichvili Nikoloz<\/li>\n<li>2<sup>\u00e8me<\/sup> Jaidi Chahine et Ley Steven<\/li>\n<li>3<sup>\u00e8me<\/sup> Pavez Irina et Robat Mathieu<\/li>\n<li>4<sup>\u00e8me<\/sup> El Ayabi Jad et Marchal Antoine<\/li>\n<\/ul>\n<p>En U 15&nbsp;:<\/p>\n<ul>\n<li>Larroque Charline termine 3<sup>\u00e8me<\/sup> en -52kg<\/li>\n<li>Kamboui Lina termine 1<sup>\u00e8re<\/sup> en -63kg et 2<sup>\u00e8me<\/sup> en +63kg<\/li>\n<li>Stassin Emilie termine 3<sup>\u00e8me<\/sup> en + 63kg<\/li>\n<li>Testa Jugo termine 2<sup>\u00e8me<\/sup> en -46kg<\/li>\n<li>Kneip Oscar termine 3<sup>\u00e8me<\/sup> en -46kg<\/li>\n<li>Waegneers Martin termine 3<sup>\u00e8me<\/sup> en -55kg<\/li>\n<li>Salmon Valentin termine 1<sup>er<\/sup> en -66kg<\/li>\n<\/ul>\n<hr>\n<p><strong>Iris trophy<\/strong><\/p>\n<p>Le dimanche 4\/12, l&rsquo;\u00e9quipe des jeunes a particip\u00e9 \u00e0 l&rsquo;iris trophy. L&rsquo;\u00e9quipe ne sort pas de sa poule mais tous ont acquis un peu d&rsquo;exp\u00e9rience suppl\u00e9mentaire et ont d\u00e9montr\u00e9 de belles qualit\u00e9s<\/p>\n<p><a href=\"https:\/\/judoposeidon.be\/wordpress\/wp-content\/uploads\/2016\/12\/IMG_4844.jpg\" rel=\"attachment wp-att-1078\"><img loading=\"lazy\" decoding=\"async\" class=\"alignnone size-medium wp-image-1078\" src=\"https:\/\/judoposeidon.be\/wordpress\/wp-content\/uploads\/2016\/12\/IMG_4844-300x200.jpg\" alt=\"img_4844\" width=\"300\" height=\"200\" srcset=\"https:\/\/judoposeidon.be\/wordpress\/wp-content\/uploads\/2016\/12\/IMG_4844-300x200.jpg 300w, https:\/\/judoposeidon.be\/wordpress\/wp-content\/uploads\/2016\/12\/IMG_4844-768x512.jpg 768w, https:\/\/judoposeidon.be\/wordpress\/wp-content\/uploads\/2016\/12\/IMG_4844-1024x683.jpg 1024w\" sizes=\"auto, (max-width: 300px) 100vw, 300px\" \/><\/a><\/p>\n<hr>\n<p><b>Troisi\u00e8me et derni\u00e8re journee inter\u00e9quipes<\/b><\/p>\n<p>L\u2019\u00e9quipe gar\u00e7ons, inscrite en division 3A, termine 4\u00e8me.<\/p>\n<p><a href=\"https:\/\/judoposeidon.be\/wordpress\/wp-content\/uploads\/2016\/11\/IMG_4743.jpg\" rel=\"attachment wp-att-1065\"><img loading=\"lazy\" decoding=\"async\" class=\"alignnone size-medium wp-image-1065\" src=\"https:\/\/judoposeidon.be\/wordpress\/wp-content\/uploads\/2016\/11\/IMG_4743-300x200.jpg\" alt=\"3jonterequipe3A\" width=\"300\" height=\"200\" srcset=\"https:\/\/judoposeidon.be\/wordpress\/wp-content\/uploads\/2016\/11\/IMG_4743-300x200.jpg 300w, https:\/\/judoposeidon.be\/wordpress\/wp-content\/uploads\/2016\/11\/IMG_4743-768x512.jpg 768w, https:\/\/judoposeidon.be\/wordpress\/wp-content\/uploads\/2016\/11\/IMG_4743-1024x683.jpg 1024w, https:\/\/judoposeidon.be\/wordpress\/wp-content\/uploads\/2016\/11\/IMG_4743.jpg 2048w\" sizes=\"auto, (max-width: 300px) 100vw, 300px\" \/><\/a><\/p>\n<hr>\n<p><strong>Deuxi\u00e8me journ\u00e9e inter\u00e9quipes<\/strong><\/p>\n<p>L&rsquo;\u00e9quipe Dames, qui tire en division nationale, termine 5\u00e8me et se maintient en division national pour la deuxi\u00e8me ann\u00e9e cons\u00e9cutive. <span data-offset-key=\"ebdob-0-0\"><span data-text=\"true\">Les r\u00e9sultats des rencontres de l&rsquo;\u00e9quipe de ce samedi 19\/11 sont :<\/span><\/span><\/p>\n<ul>\n<li>Pos\u00e9idon vs Sambreville 4-1<\/li>\n<li>Pos\u00e9idon vs Jenos Kwai Hooglede 2-3<\/li>\n<li>Pos\u00e9idon vs Kawaishi Ingelmunster 3-2<\/li>\n<li>Pos\u00e9idon vs Antwerpen United Judo 1-4<\/li>\n<\/ul>\n<p>L&rsquo;\u00e9quipe Hommes, qui tire en division 3A, <span data-offset-key=\"a9fte-0-0\"><span data-text=\"true\">ont gagn\u00e9 toutes leurs rencontres dimanche 20\/11 :<\/span><\/span><\/p>\n<ul>\n<li>Pos\u00e9idon vs Habay 5-0<\/li>\n<li>Pos\u00e9idon vs Saule 5-0<\/li>\n<li>Pos\u00e9idon vs Grand Hornu B 3-2<\/li>\n<\/ul>\n<p><a href=\"https:\/\/judoposeidon.be\/wordpress\/wp-content\/uploads\/2015\/09\/interequipe_dames_j2.jpg\" rel=\"attachment wp-att-1003\"><img loading=\"lazy\" decoding=\"async\" class=\"alignnone size-medium wp-image-1003\" src=\"https:\/\/judoposeidon.be\/wordpress\/wp-content\/uploads\/2015\/09\/interequipe_dames_j2-300x200.jpg\" alt=\"interequipe_dames_j2\" width=\"300\" height=\"200\" srcset=\"https:\/\/judoposeidon.be\/wordpress\/wp-content\/uploads\/2015\/09\/interequipe_dames_j2-300x200.jpg 300w, https:\/\/judoposeidon.be\/wordpress\/wp-content\/uploads\/2015\/09\/interequipe_dames_j2-768x512.jpg 768w, https:\/\/judoposeidon.be\/wordpress\/wp-content\/uploads\/2015\/09\/interequipe_dames_j2-1024x683.jpg 1024w, https:\/\/judoposeidon.be\/wordpress\/wp-content\/uploads\/2015\/09\/interequipe_dames_j2.jpg 2048w\" sizes=\"auto, (max-width: 300px) 100vw, 300px\" \/><\/a> <a href=\"https:\/\/judoposeidon.be\/wordpress\/wp-content\/uploads\/2015\/09\/interequipe_hommes_j2.jpg\" rel=\"attachment wp-att-1004\"><img loading=\"lazy\" decoding=\"async\" class=\"alignnone size-medium wp-image-1004\" src=\"https:\/\/judoposeidon.be\/wordpress\/wp-content\/uploads\/2015\/09\/interequipe_hommes_j2-300x200.jpg\" alt=\"interequipe_hommes_j2\" width=\"300\" height=\"200\" srcset=\"https:\/\/judoposeidon.be\/wordpress\/wp-content\/uploads\/2015\/09\/interequipe_hommes_j2-300x200.jpg 300w, https:\/\/judoposeidon.be\/wordpress\/wp-content\/uploads\/2015\/09\/interequipe_hommes_j2-768x512.jpg 768w, https:\/\/judoposeidon.be\/wordpress\/wp-content\/uploads\/2015\/09\/interequipe_hommes_j2-1024x683.jpg 1024w, https:\/\/judoposeidon.be\/wordpress\/wp-content\/uploads\/2015\/09\/interequipe_hommes_j2.jpg 2048w\" sizes=\"auto, (max-width: 300px) 100vw, 300px\" \/><\/a><\/p>\n<hr>\n<p><strong>Championnats universitaires 2016<\/strong><\/p>\n<p>Ce mercredi 16 novembre ont eu lieu les championnats universitaires \u00e0 Mons. Voici les r\u00e9sultats des judoka.te.s de notre Club :<\/p>\n<ul>\n<li>en moins de 57kg, C\u00e9line Pany termine 3\u00e8me<\/li>\n<li>en moins de 70kg, Fiona De Witte termine 2\u00e8me<\/li>\n<li>en moins de 60kg, Sanda Andrianjakavelo termine 1er<\/li>\n<li>en moins de 73kg, Saouden Haji termine 5\u00e8me<\/li>\n<\/ul>\n<p>Bravo \u00e0 tous \ud83d\ude09<\/p>\n<hr>\n<p><strong>Premi\u00e8re journ\u00e9e inter\u00e9quipes<\/strong><\/p>\n<p>Ce week-end, donc, nos filles tiraient en division nationale, ce samedi \u00e0 Ingelmunster.<br>Pos\u00e9idon vs Mons 1-4<br>Pos\u00e9idon vs Frameries 1-4<br>Pos\u00e9idon vs Tournai 2-3<br>Pos\u00e9idon vs Kruishoutem 4-1<\/p>\n<p>Et nos gar\u00e7ons en 3A \u00e0 Dottignies.<br>Pos\u00e9idon vs Ath 5-0<br>Pos\u00e9idon vs Aiseau Presles 3-2<br>Pos\u00e9idon vs Fagnes\/Couvin 5-0<br>Pos\u00e9idon vs Centre Brugelettois 5-0<\/p>\n<p><a href=\"https:\/\/judoposeidon.be\/wordpress\/wp-content\/uploads\/2016\/11\/equipedames2016.jpg\" rel=\"attachment wp-att-980\"><img loading=\"lazy\" decoding=\"async\" class=\"alignnone size-medium wp-image-980\" src=\"https:\/\/judoposeidon.be\/wordpress\/wp-content\/uploads\/2016\/11\/equipedames2016-300x200.jpg\" alt=\"equipedames2016\" width=\"300\" height=\"200\" srcset=\"https:\/\/judoposeidon.be\/wordpress\/wp-content\/uploads\/2016\/11\/equipedames2016-300x200.jpg 300w, https:\/\/judoposeidon.be\/wordpress\/wp-content\/uploads\/2016\/11\/equipedames2016-768x512.jpg 768w, https:\/\/judoposeidon.be\/wordpress\/wp-content\/uploads\/2016\/11\/equipedames2016-1024x683.jpg 1024w, https:\/\/judoposeidon.be\/wordpress\/wp-content\/uploads\/2016\/11\/equipedames2016.jpg 2048w\" sizes=\"auto, (max-width: 300px) 100vw, 300px\" \/><\/a> <a href=\"https:\/\/judoposeidon.be\/wordpress\/wp-content\/uploads\/2016\/11\/equipemessieurs2016.jpg\" rel=\"attachment wp-att-981\"><img loading=\"lazy\" decoding=\"async\" class=\"alignnone size-medium wp-image-981\" src=\"https:\/\/judoposeidon.be\/wordpress\/wp-content\/uploads\/2016\/11\/equipemessieurs2016-300x200.jpg\" alt=\"equipemessieurs2016\" width=\"300\" height=\"200\" srcset=\"https:\/\/judoposeidon.be\/wordpress\/wp-content\/uploads\/2016\/11\/equipemessieurs2016-300x200.jpg 300w, https:\/\/judoposeidon.be\/wordpress\/wp-content\/uploads\/2016\/11\/equipemessieurs2016-768x512.jpg 768w, https:\/\/judoposeidon.be\/wordpress\/wp-content\/uploads\/2016\/11\/equipemessieurs2016-1024x683.jpg 1024w, https:\/\/judoposeidon.be\/wordpress\/wp-content\/uploads\/2016\/11\/equipemessieurs2016.jpg 2048w\" sizes=\"auto, (max-width: 300px) 100vw, 300px\" \/><\/a><\/p>\n<hr>\n<p>Le dimanche 16octobre avait lieu le <strong>championnat r\u00e9gional U21 &amp; +U21<\/strong> \u00e0 Basecles. Samuel Maigret termine premier en -66kg, Glenn Segers termine troisi\u00e8me en -90kg et C\u00e9line Pagny termine cinqui\u00e8me en -57kg.<\/p>\n<p>photos de Carlos Fereira<\/p>\n<p><a href=\"https:\/\/judoposeidon.be\/wordpress\/wp-content\/uploads\/2016\/10\/Podium_sam_regionaux_2016.jpg\" rel=\"attachment wp-att-956\"><img loading=\"lazy\" decoding=\"async\" class=\"alignnone size-medium wp-image-956\" src=\"https:\/\/judoposeidon.be\/wordpress\/wp-content\/uploads\/2016\/10\/Podium_sam_regionaux_2016-300x186.jpg\" alt=\"podium_sam_regionaux_2016\" width=\"300\" height=\"186\" srcset=\"https:\/\/judoposeidon.be\/wordpress\/wp-content\/uploads\/2016\/10\/Podium_sam_regionaux_2016-300x186.jpg 300w, https:\/\/judoposeidon.be\/wordpress\/wp-content\/uploads\/2016\/10\/Podium_sam_regionaux_2016-768x475.jpg 768w, https:\/\/judoposeidon.be\/wordpress\/wp-content\/uploads\/2016\/10\/Podium_sam_regionaux_2016.jpg 960w\" sizes=\"auto, (max-width: 300px) 100vw, 300px\" \/><\/a>&nbsp; &nbsp;<a href=\"https:\/\/judoposeidon.be\/wordpress\/wp-content\/uploads\/2015\/09\/IMG_0255.jpg\" rel=\"attachment wp-att-960\"><img loading=\"lazy\" decoding=\"async\" class=\"alignnone size-medium wp-image-960\" src=\"https:\/\/judoposeidon.be\/wordpress\/wp-content\/uploads\/2015\/09\/IMG_0255-300x169.jpg\" alt=\"Podiumregional2016\" width=\"300\" height=\"169\" srcset=\"https:\/\/judoposeidon.be\/wordpress\/wp-content\/uploads\/2015\/09\/IMG_0255-300x169.jpg 300w, https:\/\/judoposeidon.be\/wordpress\/wp-content\/uploads\/2015\/09\/IMG_0255-768x432.jpg 768w, https:\/\/judoposeidon.be\/wordpress\/wp-content\/uploads\/2015\/09\/IMG_0255.jpg 960w\" sizes=\"auto, (max-width: 300px) 100vw, 300px\" \/><\/a><\/p>\n<hr>\n<p>Le samedi 26\/09, \u00e0 <strong>Tervuren<\/strong>, Jangirashivili Tsira termine 2<sup>\u00e8me<\/sup> en +78kg \u00e0 la comp\u00e9tition de Tervuren.<\/p>\n<p>Le dimanche 25\/09 a eu lieu le <strong>tournoi international individuel<\/strong> \u00e0 Braine. Les r\u00e9sultats sont :<\/p>\n<ul>\n<li>En Pr\u00e9minimes terminent 1<sup>er<\/sup> Kamboui Na\u00efm er Tumoyan David, 2<sup>\u00e8me<\/sup> Yosida Kinji et 3<sup>\u00e8me<\/sup> Belkouani Noam et Chiche Alexandre.<\/li>\n<li>En Minimes terminent 1<sup>er<\/sup> Ley Steven, 2<sup>\u00e8me<\/sup> Saidi Chahine, 3<sup>\u00e8me<\/sup> Pavel Irina et Robat Mathieu et 4<sup>\u00e8me<\/sup> Yoshida Kenzo.<\/li>\n<li>En Cadettes terminent 1<sup>\u00e8re<\/sup> Kamboui Lina en -63 kg et 5<sup>\u00e8me<\/sup> Bucher Marie en \u201352kg.<\/li>\n<li>En Espoirs terminent 1<sup>er<\/sup> Touat Alexandre en -73kg et 5<sup>\u00e8me<\/sup> Van Rechem Maxime en -55kg<\/li>\n<\/ul>\n<p><a href=\"https:\/\/judoposeidon.be\/wordpress\/wp-content\/uploads\/2016\/09\/judo.jpg\" rel=\"attachment wp-att-930\"><img loading=\"lazy\" decoding=\"async\" class=\"alignnone size-medium wp-image-930\" src=\"https:\/\/judoposeidon.be\/wordpress\/wp-content\/uploads\/2016\/09\/judo-225x300.jpg\" alt=\"judo\" width=\"225\" height=\"300\" srcset=\"https:\/\/judoposeidon.be\/wordpress\/wp-content\/uploads\/2016\/09\/judo-225x300.jpg 225w, https:\/\/judoposeidon.be\/wordpress\/wp-content\/uploads\/2016\/09\/judo-768x1024.jpg 768w\" sizes=\"auto, (max-width: 225px) 100vw, 225px\" \/><\/a> <a href=\"https:\/\/judoposeidon.be\/wordpress\/wp-content\/uploads\/2016\/09\/judo-12.jpg\" rel=\"attachment wp-att-928\"><img loading=\"lazy\" decoding=\"async\" class=\"alignnone size-medium wp-image-928\" src=\"https:\/\/judoposeidon.be\/wordpress\/wp-content\/uploads\/2016\/09\/judo-12-225x300.jpg\" alt=\"judo-12\" width=\"225\" height=\"300\" srcset=\"https:\/\/judoposeidon.be\/wordpress\/wp-content\/uploads\/2016\/09\/judo-12-225x300.jpg 225w, https:\/\/judoposeidon.be\/wordpress\/wp-content\/uploads\/2016\/09\/judo-12.jpg 600w\" sizes=\"auto, (max-width: 225px) 100vw, 225px\" \/><\/a> <a href=\"https:\/\/judoposeidon.be\/wordpress\/wp-content\/uploads\/2016\/09\/judo-13.jpg\" rel=\"attachment wp-att-929\"><img loading=\"lazy\" decoding=\"async\" class=\"alignnone size-medium wp-image-929\" src=\"https:\/\/judoposeidon.be\/wordpress\/wp-content\/uploads\/2016\/09\/judo-13-169x300.jpg\" alt=\"judo-13\" width=\"169\" height=\"300\" srcset=\"https:\/\/judoposeidon.be\/wordpress\/wp-content\/uploads\/2016\/09\/judo-13-169x300.jpg 169w, https:\/\/judoposeidon.be\/wordpress\/wp-content\/uploads\/2016\/09\/judo-13.jpg 270w\" sizes=\"auto, (max-width: 169px) 100vw, 169px\" \/><\/a> <a href=\"https:\/\/judoposeidon.be\/wordpress\/wp-content\/uploads\/2016\/09\/judo-11.jpg\" rel=\"attachment wp-att-927\"><img loading=\"lazy\" decoding=\"async\" class=\"alignnone size-medium wp-image-927\" src=\"https:\/\/judoposeidon.be\/wordpress\/wp-content\/uploads\/2016\/09\/judo-11-225x300.jpg\" alt=\"judo-11\" width=\"225\" height=\"300\" srcset=\"https:\/\/judoposeidon.be\/wordpress\/wp-content\/uploads\/2016\/09\/judo-11-225x300.jpg 225w, https:\/\/judoposeidon.be\/wordpress\/wp-content\/uploads\/2016\/09\/judo-11-768x1024.jpg 768w\" sizes=\"auto, (max-width: 225px) 100vw, 225px\" \/><\/a> <a href=\"https:\/\/judoposeidon.be\/wordpress\/wp-content\/uploads\/2016\/09\/judo-10.jpg\" rel=\"attachment wp-att-926\"><img loading=\"lazy\" decoding=\"async\" class=\"alignnone size-medium wp-image-926\" src=\"https:\/\/judoposeidon.be\/wordpress\/wp-content\/uploads\/2016\/09\/judo-10-225x300.jpg\" alt=\"judo-10\" width=\"225\" height=\"300\" srcset=\"https:\/\/judoposeidon.be\/wordpress\/wp-content\/uploads\/2016\/09\/judo-10-225x300.jpg 225w, https:\/\/judoposeidon.be\/wordpress\/wp-content\/uploads\/2016\/09\/judo-10-768x1024.jpg 768w\" sizes=\"auto, (max-width: 225px) 100vw, 225px\" \/><\/a> <a href=\"https:\/\/judoposeidon.be\/wordpress\/wp-content\/uploads\/2016\/09\/Judo-9.jpg\" rel=\"attachment wp-att-925\"><img loading=\"lazy\" decoding=\"async\" class=\"alignnone size-medium wp-image-925\" src=\"https:\/\/judoposeidon.be\/wordpress\/wp-content\/uploads\/2016\/09\/Judo-9-225x300.jpg\" alt=\"judo-9\" width=\"225\" height=\"300\" srcset=\"https:\/\/judoposeidon.be\/wordpress\/wp-content\/uploads\/2016\/09\/Judo-9-225x300.jpg 225w, https:\/\/judoposeidon.be\/wordpress\/wp-content\/uploads\/2016\/09\/Judo-9-768x1024.jpg 768w\" sizes=\"auto, (max-width: 225px) 100vw, 225px\" \/><\/a> <a href=\"https:\/\/judoposeidon.be\/wordpress\/wp-content\/uploads\/2016\/09\/judo-8.jpg\" rel=\"attachment wp-att-924\"><img loading=\"lazy\" decoding=\"async\" class=\"alignnone size-medium wp-image-924\" src=\"https:\/\/judoposeidon.be\/wordpress\/wp-content\/uploads\/2016\/09\/judo-8-225x300.jpg\" alt=\"judo-8\" width=\"225\" height=\"300\" srcset=\"https:\/\/judoposeidon.be\/wordpress\/wp-content\/uploads\/2016\/09\/judo-8-225x300.jpg 225w, https:\/\/judoposeidon.be\/wordpress\/wp-content\/uploads\/2016\/09\/judo-8-768x1024.jpg 768w\" sizes=\"auto, (max-width: 225px) 100vw, 225px\" \/><\/a> <a href=\"https:\/\/judoposeidon.be\/wordpress\/wp-content\/uploads\/2016\/09\/judo-6.jpg\" rel=\"attachment wp-att-923\"><img loading=\"lazy\" decoding=\"async\" class=\"alignnone size-medium wp-image-923\" src=\"https:\/\/judoposeidon.be\/wordpress\/wp-content\/uploads\/2016\/09\/judo-6-225x300.jpg\" alt=\"judo-6\" width=\"225\" height=\"300\" srcset=\"https:\/\/judoposeidon.be\/wordpress\/wp-content\/uploads\/2016\/09\/judo-6-225x300.jpg 225w, https:\/\/judoposeidon.be\/wordpress\/wp-content\/uploads\/2016\/09\/judo-6-768x1024.jpg 768w\" sizes=\"auto, (max-width: 225px) 100vw, 225px\" \/><\/a> <a href=\"https:\/\/judoposeidon.be\/wordpress\/wp-content\/uploads\/2016\/09\/judo-5.jpg\" rel=\"attachment wp-att-922\"><img loading=\"lazy\" decoding=\"async\" class=\"alignnone size-medium wp-image-922\" src=\"https:\/\/judoposeidon.be\/wordpress\/wp-content\/uploads\/2016\/09\/judo-5-225x300.jpg\" alt=\"judo-5\" width=\"225\" height=\"300\" srcset=\"https:\/\/judoposeidon.be\/wordpress\/wp-content\/uploads\/2016\/09\/judo-5-225x300.jpg 225w, https:\/\/judoposeidon.be\/wordpress\/wp-content\/uploads\/2016\/09\/judo-5-768x1024.jpg 768w\" sizes=\"auto, (max-width: 225px) 100vw, 225px\" \/><\/a> <a href=\"https:\/\/judoposeidon.be\/wordpress\/wp-content\/uploads\/2016\/09\/judo-2.jpg\" rel=\"attachment wp-att-921\"><img loading=\"lazy\" decoding=\"async\" class=\"alignnone size-medium wp-image-921\" src=\"https:\/\/judoposeidon.be\/wordpress\/wp-content\/uploads\/2016\/09\/judo-2-225x300.jpg\" alt=\"judo-2\" width=\"225\" height=\"300\" srcset=\"https:\/\/judoposeidon.be\/wordpress\/wp-content\/uploads\/2016\/09\/judo-2-225x300.jpg 225w, https:\/\/judoposeidon.be\/wordpress\/wp-content\/uploads\/2016\/09\/judo-2-768x1024.jpg 768w\" sizes=\"auto, (max-width: 225px) 100vw, 225px\" \/><\/a><\/p>\n<hr>\n<p><strong>\u00c0 l&rsquo;open international de Tori<\/strong>, en individuelle, en pr\u00e9 minime :<br>&#8211; Termine 1er Noam Ben Kounani<br>&#8211; Terminent 2eme Alexandre Chiche et Noa Reboux<br>&#8211; Termine 4eme Kinji Yoshida<br>En minime Kenzo Yoshida termine 3eme.<\/p>\n<p>Lina Kamboui en U15 en \u2013 63kg et&nbsp;Lucile Moune en +18ans en -52 kg terminent toutes les deux 2\u00e8me.<\/p>\n<p>Par \u00e9quipe, 13 \u00e9quipes \u00e9taient inscrites \u00e0 cette \u00e9dition dont celle du Royal Judo Pos\u00e9idon. Les r\u00e9sultats des deux rencontres en poule sont :<br>&#8211; Pos\u00e9idon \/ La Motte Survole (Fra) : 6\/2<br>&#8211; Pos\u00e9idon\/ Veneux-Les-Sablons B (Fra) : 7\/1<\/p>\n<p>L&rsquo;\u00e9quipe se qualifie en 1\/4 Finale. La rencontre se termine sur une \u00e9galit\u00e9 : Pos\u00e9idon\/ Lu Gia Jen Den Haag (Ned) : 4\/4. Apr\u00e8s tirage au sort de 3 combats, l&rsquo;\u00e9quipe reporte le quart de finale 2\/1. En 1\/2 finale, l&rsquo;\u00e9quipe du Pos\u00e9idon rencontre le Judoschool Lummen (Bel) et gagne 6\/2. En finale, le Pos\u00e9idon perd contre Judo Team School Noord-Ost (Ned) 2\/6.<\/p>\n<p>Le classement de l&rsquo;inter \u00e9quipe est :<br>1: JTS Noord-Ost (Ned)<br>2: Royal Judo Pos\u00e9idon (Bel)<br>3: Judoschool Lumen (Bel)<br>3 : Lu Gia Jen Den Haag (Ned)<\/p>\n<p>L&rsquo;\u00e9quipe, coach\u00e9e par De Gendt Alain, \u00e9tait compos\u00e9e de Moune Lucile en -57kg, De Witte Fiona en -63kg, de&nbsp;Jangirashvili Tsira et Tielemans Lola en +63kg, Galliard Benjamin et Maigret Samuel en -66kg qui se sont partag\u00e9s les combats des -66kg et -73kg, Taflili Drilon et Haine Kevin en -81kg qui se sont partag\u00e9s les combats de -81kg et -90kg et Gielis Nathan en +90.<\/p>\n<p>Merci aux accompagnants et au photographe Andr\u00e9 Sterpin.<\/p>\n<div id='gallery-1' class='gallery galleryid-69 gallery-columns-3 gallery-size-thumbnail'><figure class='gallery-item'>\n\t\t\t<div class='gallery-icon landscape'>\n\t\t\t\t<a href='https:\/\/judoposeidon.be\/wordpress\/2016\/04\/10\/resultats-de-ce-10-avril-2016\/_d8f3244_2048-2\/'><img loading=\"lazy\" decoding=\"async\" width=\"150\" height=\"150\" src=\"https:\/\/judoposeidon.be\/wordpress\/wp-content\/uploads\/2016\/04\/D8F3244_2048-1-150x150.jpg\" class=\"attachment-thumbnail size-thumbnail\" alt=\"\" srcset=\"https:\/\/judoposeidon.be\/wordpress\/wp-content\/uploads\/2016\/04\/D8F3244_2048-1-150x150.jpg 150w, https:\/\/judoposeidon.be\/wordpress\/wp-content\/uploads\/2016\/04\/D8F3244_2048-1-365x365.jpg 365w, https:\/\/judoposeidon.be\/wordpress\/wp-content\/uploads\/2016\/04\/D8F3244_2048-1-500x500.jpg 500w\" sizes=\"auto, (max-width: 150px) 100vw, 150px\" \/><\/a>\n\t\t\t<\/div><\/figure><figure class='gallery-item'>\n\t\t\t<div class='gallery-icon landscape'>\n\t\t\t\t<a href='https:\/\/judoposeidon.be\/wordpress\/_d8f3122_2048-2\/'><img loading=\"lazy\" decoding=\"async\" width=\"150\" height=\"150\" src=\"https:\/\/judoposeidon.be\/wordpress\/wp-content\/uploads\/2016\/04\/D8F3122_2048-1-150x150.jpg\" class=\"attachment-thumbnail size-thumbnail\" alt=\"\" srcset=\"https:\/\/judoposeidon.be\/wordpress\/wp-content\/uploads\/2016\/04\/D8F3122_2048-1-150x150.jpg 150w, https:\/\/judoposeidon.be\/wordpress\/wp-content\/uploads\/2016\/04\/D8F3122_2048-1-365x365.jpg 365w, https:\/\/judoposeidon.be\/wordpress\/wp-content\/uploads\/2016\/04\/D8F3122_2048-1-500x500.jpg 500w\" sizes=\"auto, (max-width: 150px) 100vw, 150px\" \/><\/a>\n\t\t\t<\/div><\/figure><figure class='gallery-item'>\n\t\t\t<div class='gallery-icon landscape'>\n\t\t\t\t<a href='https:\/\/judoposeidon.be\/wordpress\/_d8f2911_2048-2\/'><img loading=\"lazy\" decoding=\"async\" width=\"150\" height=\"150\" src=\"https:\/\/judoposeidon.be\/wordpress\/wp-content\/uploads\/2016\/04\/D8F2911_2048-1-150x150.jpg\" class=\"attachment-thumbnail size-thumbnail\" alt=\"\" srcset=\"https:\/\/judoposeidon.be\/wordpress\/wp-content\/uploads\/2016\/04\/D8F2911_2048-1-150x150.jpg 150w, https:\/\/judoposeidon.be\/wordpress\/wp-content\/uploads\/2016\/04\/D8F2911_2048-1-365x365.jpg 365w, https:\/\/judoposeidon.be\/wordpress\/wp-content\/uploads\/2016\/04\/D8F2911_2048-1-500x500.jpg 500w\" sizes=\"auto, (max-width: 150px) 100vw, 150px\" \/><\/a>\n\t\t\t<\/div><\/figure><figure class='gallery-item'>\n\t\t\t<div class='gallery-icon landscape'>\n\t\t\t\t<a href='https:\/\/judoposeidon.be\/wordpress\/_d8f2915_2048-2\/'><img loading=\"lazy\" decoding=\"async\" width=\"150\" height=\"150\" src=\"https:\/\/judoposeidon.be\/wordpress\/wp-content\/uploads\/2016\/04\/D8F2915_2048-1-150x150.jpg\" class=\"attachment-thumbnail size-thumbnail\" alt=\"\" srcset=\"https:\/\/judoposeidon.be\/wordpress\/wp-content\/uploads\/2016\/04\/D8F2915_2048-1-150x150.jpg 150w, https:\/\/judoposeidon.be\/wordpress\/wp-content\/uploads\/2016\/04\/D8F2915_2048-1-365x365.jpg 365w, https:\/\/judoposeidon.be\/wordpress\/wp-content\/uploads\/2016\/04\/D8F2915_2048-1-500x500.jpg 500w\" sizes=\"auto, (max-width: 150px) 100vw, 150px\" \/><\/a>\n\t\t\t<\/div><\/figure><figure class='gallery-item'>\n\t\t\t<div class='gallery-icon landscape'>\n\t\t\t\t<a href='https:\/\/judoposeidon.be\/wordpress\/_d8f2917_2048-2\/'><img loading=\"lazy\" decoding=\"async\" width=\"150\" height=\"150\" src=\"https:\/\/judoposeidon.be\/wordpress\/wp-content\/uploads\/2016\/04\/D8F2917_2048-1-150x150.jpg\" class=\"attachment-thumbnail size-thumbnail\" alt=\"\" srcset=\"https:\/\/judoposeidon.be\/wordpress\/wp-content\/uploads\/2016\/04\/D8F2917_2048-1-150x150.jpg 150w, https:\/\/judoposeidon.be\/wordpress\/wp-content\/uploads\/2016\/04\/D8F2917_2048-1-365x365.jpg 365w, https:\/\/judoposeidon.be\/wordpress\/wp-content\/uploads\/2016\/04\/D8F2917_2048-1-500x500.jpg 500w\" sizes=\"auto, (max-width: 150px) 100vw, 150px\" \/><\/a>\n\t\t\t<\/div><\/figure><figure class='gallery-item'>\n\t\t\t<div class='gallery-icon landscape'>\n\t\t\t\t<a href='https:\/\/judoposeidon.be\/wordpress\/_d8f2924_2048-2\/'><img loading=\"lazy\" decoding=\"async\" width=\"150\" height=\"150\" src=\"https:\/\/judoposeidon.be\/wordpress\/wp-content\/uploads\/2016\/04\/D8F2924_2048-1-150x150.jpg\" class=\"attachment-thumbnail size-thumbnail\" alt=\"\" srcset=\"https:\/\/judoposeidon.be\/wordpress\/wp-content\/uploads\/2016\/04\/D8F2924_2048-1-150x150.jpg 150w, https:\/\/judoposeidon.be\/wordpress\/wp-content\/uploads\/2016\/04\/D8F2924_2048-1-365x365.jpg 365w, https:\/\/judoposeidon.be\/wordpress\/wp-content\/uploads\/2016\/04\/D8F2924_2048-1-500x500.jpg 500w\" sizes=\"auto, (max-width: 150px) 100vw, 150px\" \/><\/a>\n\t\t\t<\/div><\/figure><figure class='gallery-item'>\n\t\t\t<div class='gallery-icon portrait'>\n\t\t\t\t<a href='https:\/\/judoposeidon.be\/wordpress\/_d8f2929_2048-2\/'><img loading=\"lazy\" decoding=\"async\" width=\"150\" height=\"150\" src=\"https:\/\/judoposeidon.be\/wordpress\/wp-content\/uploads\/2016\/04\/D8F2929_2048-1-150x150.jpg\" class=\"attachment-thumbnail size-thumbnail\" alt=\"\" srcset=\"https:\/\/judoposeidon.be\/wordpress\/wp-content\/uploads\/2016\/04\/D8F2929_2048-1-150x150.jpg 150w, https:\/\/judoposeidon.be\/wordpress\/wp-content\/uploads\/2016\/04\/D8F2929_2048-1-365x365.jpg 365w, https:\/\/judoposeidon.be\/wordpress\/wp-content\/uploads\/2016\/04\/D8F2929_2048-1-500x500.jpg 500w\" sizes=\"auto, (max-width: 150px) 100vw, 150px\" \/><\/a>\n\t\t\t<\/div><\/figure><figure class='gallery-item'>\n\t\t\t<div class='gallery-icon landscape'>\n\t\t\t\t<a href='https:\/\/judoposeidon.be\/wordpress\/_d8f2937_2048-2\/'><img loading=\"lazy\" decoding=\"async\" width=\"150\" height=\"150\" src=\"https:\/\/judoposeidon.be\/wordpress\/wp-content\/uploads\/2016\/04\/D8F2937_2048-1-150x150.jpg\" class=\"attachment-thumbnail size-thumbnail\" alt=\"\" srcset=\"https:\/\/judoposeidon.be\/wordpress\/wp-content\/uploads\/2016\/04\/D8F2937_2048-1-150x150.jpg 150w, https:\/\/judoposeidon.be\/wordpress\/wp-content\/uploads\/2016\/04\/D8F2937_2048-1-365x365.jpg 365w, https:\/\/judoposeidon.be\/wordpress\/wp-content\/uploads\/2016\/04\/D8F2937_2048-1-500x500.jpg 500w\" sizes=\"auto, (max-width: 150px) 100vw, 150px\" \/><\/a>\n\t\t\t<\/div><\/figure><figure class='gallery-item'>\n\t\t\t<div class='gallery-icon landscape'>\n\t\t\t\t<a href='https:\/\/judoposeidon.be\/wordpress\/_d8f2942_2048-2\/'><img loading=\"lazy\" decoding=\"async\" width=\"150\" height=\"150\" src=\"https:\/\/judoposeidon.be\/wordpress\/wp-content\/uploads\/2016\/04\/D8F2942_2048-1-150x150.jpg\" class=\"attachment-thumbnail size-thumbnail\" alt=\"\" srcset=\"https:\/\/judoposeidon.be\/wordpress\/wp-content\/uploads\/2016\/04\/D8F2942_2048-1-150x150.jpg 150w, https:\/\/judoposeidon.be\/wordpress\/wp-content\/uploads\/2016\/04\/D8F2942_2048-1-365x365.jpg 365w, https:\/\/judoposeidon.be\/wordpress\/wp-content\/uploads\/2016\/04\/D8F2942_2048-1-500x500.jpg 500w\" sizes=\"auto, (max-width: 150px) 100vw, 150px\" \/><\/a>\n\t\t\t<\/div><\/figure><figure class='gallery-item'>\n\t\t\t<div class='gallery-icon landscape'>\n\t\t\t\t<a href='https:\/\/judoposeidon.be\/wordpress\/_d8f2946_2048-2\/'><img loading=\"lazy\" decoding=\"async\" width=\"150\" height=\"150\" src=\"https:\/\/judoposeidon.be\/wordpress\/wp-content\/uploads\/2016\/04\/D8F2946_2048-1-150x150.jpg\" class=\"attachment-thumbnail size-thumbnail\" alt=\"\" srcset=\"https:\/\/judoposeidon.be\/wordpress\/wp-content\/uploads\/2016\/04\/D8F2946_2048-1-150x150.jpg 150w, https:\/\/judoposeidon.be\/wordpress\/wp-content\/uploads\/2016\/04\/D8F2946_2048-1-365x365.jpg 365w, https:\/\/judoposeidon.be\/wordpress\/wp-content\/uploads\/2016\/04\/D8F2946_2048-1-500x500.jpg 500w\" sizes=\"auto, (max-width: 150px) 100vw, 150px\" \/><\/a>\n\t\t\t<\/div><\/figure><figure class='gallery-item'>\n\t\t\t<div class='gallery-icon portrait'>\n\t\t\t\t<a href='https:\/\/judoposeidon.be\/wordpress\/_d8f2949_2048-2\/'><img loading=\"lazy\" decoding=\"async\" width=\"150\" height=\"150\" src=\"https:\/\/judoposeidon.be\/wordpress\/wp-content\/uploads\/2016\/04\/D8F2949_2048-1-150x150.jpg\" class=\"attachment-thumbnail size-thumbnail\" alt=\"\" srcset=\"https:\/\/judoposeidon.be\/wordpress\/wp-content\/uploads\/2016\/04\/D8F2949_2048-1-150x150.jpg 150w, https:\/\/judoposeidon.be\/wordpress\/wp-content\/uploads\/2016\/04\/D8F2949_2048-1-365x365.jpg 365w, https:\/\/judoposeidon.be\/wordpress\/wp-content\/uploads\/2016\/04\/D8F2949_2048-1-500x500.jpg 500w\" sizes=\"auto, (max-width: 150px) 100vw, 150px\" \/><\/a>\n\t\t\t<\/div><\/figure><figure class='gallery-item'>\n\t\t\t<div class='gallery-icon landscape'>\n\t\t\t\t<a href='https:\/\/judoposeidon.be\/wordpress\/_d8f2957_2048-2\/'><img loading=\"lazy\" decoding=\"async\" width=\"150\" height=\"150\" src=\"https:\/\/judoposeidon.be\/wordpress\/wp-content\/uploads\/2016\/04\/D8F2957_2048-1-150x150.jpg\" class=\"attachment-thumbnail size-thumbnail\" alt=\"\" srcset=\"https:\/\/judoposeidon.be\/wordpress\/wp-content\/uploads\/2016\/04\/D8F2957_2048-1-150x150.jpg 150w, https:\/\/judoposeidon.be\/wordpress\/wp-content\/uploads\/2016\/04\/D8F2957_2048-1-365x365.jpg 365w, https:\/\/judoposeidon.be\/wordpress\/wp-content\/uploads\/2016\/04\/D8F2957_2048-1-500x500.jpg 500w\" sizes=\"auto, (max-width: 150px) 100vw, 150px\" \/><\/a>\n\t\t\t<\/div><\/figure><figure class='gallery-item'>\n\t\t\t<div class='gallery-icon landscape'>\n\t\t\t\t<a href='https:\/\/judoposeidon.be\/wordpress\/_d8f2962_2048-2\/'><img loading=\"lazy\" decoding=\"async\" width=\"150\" height=\"150\" src=\"https:\/\/judoposeidon.be\/wordpress\/wp-content\/uploads\/2016\/04\/D8F2962_2048-1-150x150.jpg\" class=\"attachment-thumbnail size-thumbnail\" alt=\"\" srcset=\"https:\/\/judoposeidon.be\/wordpress\/wp-content\/uploads\/2016\/04\/D8F2962_2048-1-150x150.jpg 150w, https:\/\/judoposeidon.be\/wordpress\/wp-content\/uploads\/2016\/04\/D8F2962_2048-1-365x365.jpg 365w, https:\/\/judoposeidon.be\/wordpress\/wp-content\/uploads\/2016\/04\/D8F2962_2048-1-500x500.jpg 500w\" sizes=\"auto, (max-width: 150px) 100vw, 150px\" \/><\/a>\n\t\t\t<\/div><\/figure><figure class='gallery-item'>\n\t\t\t<div class='gallery-icon landscape'>\n\t\t\t\t<a href='https:\/\/judoposeidon.be\/wordpress\/_d8f2964_2048-2\/'><img loading=\"lazy\" decoding=\"async\" width=\"150\" height=\"150\" src=\"https:\/\/judoposeidon.be\/wordpress\/wp-content\/uploads\/2016\/04\/D8F2964_2048-1-150x150.jpg\" class=\"attachment-thumbnail size-thumbnail\" alt=\"\" srcset=\"https:\/\/judoposeidon.be\/wordpress\/wp-content\/uploads\/2016\/04\/D8F2964_2048-1-150x150.jpg 150w, https:\/\/judoposeidon.be\/wordpress\/wp-content\/uploads\/2016\/04\/D8F2964_2048-1-365x365.jpg 365w, https:\/\/judoposeidon.be\/wordpress\/wp-content\/uploads\/2016\/04\/D8F2964_2048-1-500x500.jpg 500w\" sizes=\"auto, (max-width: 150px) 100vw, 150px\" \/><\/a>\n\t\t\t<\/div><\/figure><figure class='gallery-item'>\n\t\t\t<div class='gallery-icon landscape'>\n\t\t\t\t<a href='https:\/\/judoposeidon.be\/wordpress\/_d8f2984_2048-2\/'><img loading=\"lazy\" decoding=\"async\" width=\"150\" height=\"150\" src=\"https:\/\/judoposeidon.be\/wordpress\/wp-content\/uploads\/2016\/04\/D8F2984_2048-1-150x150.jpg\" class=\"attachment-thumbnail size-thumbnail\" alt=\"\" srcset=\"https:\/\/judoposeidon.be\/wordpress\/wp-content\/uploads\/2016\/04\/D8F2984_2048-1-150x150.jpg 150w, https:\/\/judoposeidon.be\/wordpress\/wp-content\/uploads\/2016\/04\/D8F2984_2048-1-365x365.jpg 365w, https:\/\/judoposeidon.be\/wordpress\/wp-content\/uploads\/2016\/04\/D8F2984_2048-1-500x500.jpg 500w\" sizes=\"auto, (max-width: 150px) 100vw, 150px\" \/><\/a>\n\t\t\t<\/div><\/figure><figure class='gallery-item'>\n\t\t\t<div class='gallery-icon landscape'>\n\t\t\t\t<a href='https:\/\/judoposeidon.be\/wordpress\/_d8f2986_2048-2\/'><img loading=\"lazy\" decoding=\"async\" width=\"150\" height=\"150\" src=\"https:\/\/judoposeidon.be\/wordpress\/wp-content\/uploads\/2016\/04\/D8F2986_2048-1-150x150.jpg\" class=\"attachment-thumbnail size-thumbnail\" alt=\"\" srcset=\"https:\/\/judoposeidon.be\/wordpress\/wp-content\/uploads\/2016\/04\/D8F2986_2048-1-150x150.jpg 150w, https:\/\/judoposeidon.be\/wordpress\/wp-content\/uploads\/2016\/04\/D8F2986_2048-1-365x365.jpg 365w, https:\/\/judoposeidon.be\/wordpress\/wp-content\/uploads\/2016\/04\/D8F2986_2048-1-500x500.jpg 500w\" sizes=\"auto, (max-width: 150px) 100vw, 150px\" \/><\/a>\n\t\t\t<\/div><\/figure><figure class='gallery-item'>\n\t\t\t<div class='gallery-icon landscape'>\n\t\t\t\t<a href='https:\/\/judoposeidon.be\/wordpress\/_d8f2990_2048-2\/'><img loading=\"lazy\" decoding=\"async\" width=\"150\" height=\"150\" src=\"https:\/\/judoposeidon.be\/wordpress\/wp-content\/uploads\/2016\/04\/D8F2990_2048-1-150x150.jpg\" class=\"attachment-thumbnail size-thumbnail\" alt=\"\" srcset=\"https:\/\/judoposeidon.be\/wordpress\/wp-content\/uploads\/2016\/04\/D8F2990_2048-1-150x150.jpg 150w, https:\/\/judoposeidon.be\/wordpress\/wp-content\/uploads\/2016\/04\/D8F2990_2048-1-365x365.jpg 365w, https:\/\/judoposeidon.be\/wordpress\/wp-content\/uploads\/2016\/04\/D8F2990_2048-1-500x500.jpg 500w\" sizes=\"auto, (max-width: 150px) 100vw, 150px\" \/><\/a>\n\t\t\t<\/div><\/figure><figure class='gallery-item'>\n\t\t\t<div class='gallery-icon landscape'>\n\t\t\t\t<a href='https:\/\/judoposeidon.be\/wordpress\/_d8f2998_2048-2\/'><img loading=\"lazy\" decoding=\"async\" width=\"150\" height=\"150\" src=\"https:\/\/judoposeidon.be\/wordpress\/wp-content\/uploads\/2016\/04\/D8F2998_2048-1-150x150.jpg\" class=\"attachment-thumbnail size-thumbnail\" alt=\"\" srcset=\"https:\/\/judoposeidon.be\/wordpress\/wp-content\/uploads\/2016\/04\/D8F2998_2048-1-150x150.jpg 150w, https:\/\/judoposeidon.be\/wordpress\/wp-content\/uploads\/2016\/04\/D8F2998_2048-1-365x365.jpg 365w, https:\/\/judoposeidon.be\/wordpress\/wp-content\/uploads\/2016\/04\/D8F2998_2048-1-500x500.jpg 500w\" sizes=\"auto, (max-width: 150px) 100vw, 150px\" \/><\/a>\n\t\t\t<\/div><\/figure><figure class='gallery-item'>\n\t\t\t<div class='gallery-icon landscape'>\n\t\t\t\t<a href='https:\/\/judoposeidon.be\/wordpress\/_d8f3010_2048-2\/'><img loading=\"lazy\" decoding=\"async\" width=\"150\" height=\"150\" src=\"https:\/\/judoposeidon.be\/wordpress\/wp-content\/uploads\/2016\/04\/D8F3010_2048-1-150x150.jpg\" class=\"attachment-thumbnail size-thumbnail\" alt=\"\" srcset=\"https:\/\/judoposeidon.be\/wordpress\/wp-content\/uploads\/2016\/04\/D8F3010_2048-1-150x150.jpg 150w, https:\/\/judoposeidon.be\/wordpress\/wp-content\/uploads\/2016\/04\/D8F3010_2048-1-365x365.jpg 365w, https:\/\/judoposeidon.be\/wordpress\/wp-content\/uploads\/2016\/04\/D8F3010_2048-1-500x500.jpg 500w\" sizes=\"auto, (max-width: 150px) 100vw, 150px\" \/><\/a>\n\t\t\t<\/div><\/figure><figure class='gallery-item'>\n\t\t\t<div class='gallery-icon landscape'>\n\t\t\t\t<a href='https:\/\/judoposeidon.be\/wordpress\/_d8f3017_2048-2\/'><img loading=\"lazy\" decoding=\"async\" width=\"150\" height=\"150\" src=\"https:\/\/judoposeidon.be\/wordpress\/wp-content\/uploads\/2016\/04\/D8F3017_2048-1-150x150.jpg\" class=\"attachment-thumbnail size-thumbnail\" alt=\"\" srcset=\"https:\/\/judoposeidon.be\/wordpress\/wp-content\/uploads\/2016\/04\/D8F3017_2048-1-150x150.jpg 150w, https:\/\/judoposeidon.be\/wordpress\/wp-content\/uploads\/2016\/04\/D8F3017_2048-1-365x365.jpg 365w, https:\/\/judoposeidon.be\/wordpress\/wp-content\/uploads\/2016\/04\/D8F3017_2048-1-500x500.jpg 500w\" sizes=\"auto, (max-width: 150px) 100vw, 150px\" \/><\/a>\n\t\t\t<\/div><\/figure><figure class='gallery-item'>\n\t\t\t<div class='gallery-icon portrait'>\n\t\t\t\t<a href='https:\/\/judoposeidon.be\/wordpress\/_d8f3017_nb_2048\/'><img loading=\"lazy\" decoding=\"async\" width=\"150\" height=\"150\" src=\"https:\/\/judoposeidon.be\/wordpress\/wp-content\/uploads\/2016\/04\/D8F3017_NB_2048-150x150.jpg\" class=\"attachment-thumbnail size-thumbnail\" alt=\"\" srcset=\"https:\/\/judoposeidon.be\/wordpress\/wp-content\/uploads\/2016\/04\/D8F3017_NB_2048-150x150.jpg 150w, https:\/\/judoposeidon.be\/wordpress\/wp-content\/uploads\/2016\/04\/D8F3017_NB_2048-365x365.jpg 365w, https:\/\/judoposeidon.be\/wordpress\/wp-content\/uploads\/2016\/04\/D8F3017_NB_2048-500x500.jpg 500w\" sizes=\"auto, (max-width: 150px) 100vw, 150px\" \/><\/a>\n\t\t\t<\/div><\/figure><figure class='gallery-item'>\n\t\t\t<div class='gallery-icon landscape'>\n\t\t\t\t<a href='https:\/\/judoposeidon.be\/wordpress\/_d8f3024_2048-2\/'><img loading=\"lazy\" decoding=\"async\" width=\"150\" height=\"150\" src=\"https:\/\/judoposeidon.be\/wordpress\/wp-content\/uploads\/2016\/04\/D8F3024_2048-1-150x150.jpg\" class=\"attachment-thumbnail size-thumbnail\" alt=\"\" srcset=\"https:\/\/judoposeidon.be\/wordpress\/wp-content\/uploads\/2016\/04\/D8F3024_2048-1-150x150.jpg 150w, https:\/\/judoposeidon.be\/wordpress\/wp-content\/uploads\/2016\/04\/D8F3024_2048-1-365x365.jpg 365w, https:\/\/judoposeidon.be\/wordpress\/wp-content\/uploads\/2016\/04\/D8F3024_2048-1-500x500.jpg 500w\" sizes=\"auto, (max-width: 150px) 100vw, 150px\" \/><\/a>\n\t\t\t<\/div><\/figure><figure class='gallery-item'>\n\t\t\t<div class='gallery-icon landscape'>\n\t\t\t\t<a href='https:\/\/judoposeidon.be\/wordpress\/_d8f3029_2048\/'><img loading=\"lazy\" decoding=\"async\" width=\"150\" height=\"150\" src=\"https:\/\/judoposeidon.be\/wordpress\/wp-content\/uploads\/2016\/04\/D8F3029_2048-150x150.jpg\" class=\"attachment-thumbnail size-thumbnail\" alt=\"\" srcset=\"https:\/\/judoposeidon.be\/wordpress\/wp-content\/uploads\/2016\/04\/D8F3029_2048-150x150.jpg 150w, https:\/\/judoposeidon.be\/wordpress\/wp-content\/uploads\/2016\/04\/D8F3029_2048-365x365.jpg 365w, https:\/\/judoposeidon.be\/wordpress\/wp-content\/uploads\/2016\/04\/D8F3029_2048-500x500.jpg 500w\" sizes=\"auto, (max-width: 150px) 100vw, 150px\" \/><\/a>\n\t\t\t<\/div><\/figure><figure class='gallery-item'>\n\t\t\t<div class='gallery-icon landscape'>\n\t\t\t\t<a href='https:\/\/judoposeidon.be\/wordpress\/_d8f3040_2048\/'><img loading=\"lazy\" decoding=\"async\" width=\"150\" height=\"150\" src=\"https:\/\/judoposeidon.be\/wordpress\/wp-content\/uploads\/2016\/04\/D8F3040_2048-150x150.jpg\" class=\"attachment-thumbnail size-thumbnail\" alt=\"\" srcset=\"https:\/\/judoposeidon.be\/wordpress\/wp-content\/uploads\/2016\/04\/D8F3040_2048-150x150.jpg 150w, https:\/\/judoposeidon.be\/wordpress\/wp-content\/uploads\/2016\/04\/D8F3040_2048-365x365.jpg 365w, https:\/\/judoposeidon.be\/wordpress\/wp-content\/uploads\/2016\/04\/D8F3040_2048-500x500.jpg 500w\" sizes=\"auto, (max-width: 150px) 100vw, 150px\" \/><\/a>\n\t\t\t<\/div><\/figure><figure class='gallery-item'>\n\t\t\t<div class='gallery-icon landscape'>\n\t\t\t\t<a href='https:\/\/judoposeidon.be\/wordpress\/_d8f3042_2048\/'><img loading=\"lazy\" decoding=\"async\" width=\"150\" height=\"150\" src=\"https:\/\/judoposeidon.be\/wordpress\/wp-content\/uploads\/2016\/04\/D8F3042_2048-150x150.jpg\" class=\"attachment-thumbnail size-thumbnail\" alt=\"\" srcset=\"https:\/\/judoposeidon.be\/wordpress\/wp-content\/uploads\/2016\/04\/D8F3042_2048-150x150.jpg 150w, https:\/\/judoposeidon.be\/wordpress\/wp-content\/uploads\/2016\/04\/D8F3042_2048-365x365.jpg 365w, https:\/\/judoposeidon.be\/wordpress\/wp-content\/uploads\/2016\/04\/D8F3042_2048-500x500.jpg 500w\" sizes=\"auto, (max-width: 150px) 100vw, 150px\" \/><\/a>\n\t\t\t<\/div><\/figure><figure class='gallery-item'>\n\t\t\t<div class='gallery-icon landscape'>\n\t\t\t\t<a href='https:\/\/judoposeidon.be\/wordpress\/_d8f3046_2048\/'><img loading=\"lazy\" decoding=\"async\" width=\"150\" height=\"150\" src=\"https:\/\/judoposeidon.be\/wordpress\/wp-content\/uploads\/2016\/04\/D8F3046_2048-150x150.jpg\" class=\"attachment-thumbnail size-thumbnail\" alt=\"\" srcset=\"https:\/\/judoposeidon.be\/wordpress\/wp-content\/uploads\/2016\/04\/D8F3046_2048-150x150.jpg 150w, https:\/\/judoposeidon.be\/wordpress\/wp-content\/uploads\/2016\/04\/D8F3046_2048-365x365.jpg 365w, https:\/\/judoposeidon.be\/wordpress\/wp-content\/uploads\/2016\/04\/D8F3046_2048-500x500.jpg 500w\" sizes=\"auto, (max-width: 150px) 100vw, 150px\" \/><\/a>\n\t\t\t<\/div><\/figure><figure class='gallery-item'>\n\t\t\t<div class='gallery-icon landscape'>\n\t\t\t\t<a href='https:\/\/judoposeidon.be\/wordpress\/_d8f3049_2048\/'><img loading=\"lazy\" decoding=\"async\" width=\"150\" height=\"150\" src=\"https:\/\/judoposeidon.be\/wordpress\/wp-content\/uploads\/2016\/04\/D8F3049_2048-150x150.jpg\" class=\"attachment-thumbnail size-thumbnail\" alt=\"\" srcset=\"https:\/\/judoposeidon.be\/wordpress\/wp-content\/uploads\/2016\/04\/D8F3049_2048-150x150.jpg 150w, https:\/\/judoposeidon.be\/wordpress\/wp-content\/uploads\/2016\/04\/D8F3049_2048-365x365.jpg 365w, https:\/\/judoposeidon.be\/wordpress\/wp-content\/uploads\/2016\/04\/D8F3049_2048-500x500.jpg 500w\" sizes=\"auto, (max-width: 150px) 100vw, 150px\" \/><\/a>\n\t\t\t<\/div><\/figure><figure class='gallery-item'>\n\t\t\t<div class='gallery-icon landscape'>\n\t\t\t\t<a href='https:\/\/judoposeidon.be\/wordpress\/_d8f3054_2048\/'><img loading=\"lazy\" decoding=\"async\" width=\"150\" height=\"150\" src=\"https:\/\/judoposeidon.be\/wordpress\/wp-content\/uploads\/2016\/04\/D8F3054_2048-150x150.jpg\" class=\"attachment-thumbnail size-thumbnail\" alt=\"\" srcset=\"https:\/\/judoposeidon.be\/wordpress\/wp-content\/uploads\/2016\/04\/D8F3054_2048-150x150.jpg 150w, https:\/\/judoposeidon.be\/wordpress\/wp-content\/uploads\/2016\/04\/D8F3054_2048-365x365.jpg 365w, https:\/\/judoposeidon.be\/wordpress\/wp-content\/uploads\/2016\/04\/D8F3054_2048-500x500.jpg 500w\" sizes=\"auto, (max-width: 150px) 100vw, 150px\" \/><\/a>\n\t\t\t<\/div><\/figure><figure class='gallery-item'>\n\t\t\t<div class='gallery-icon landscape'>\n\t\t\t\t<a href='https:\/\/judoposeidon.be\/wordpress\/_d8f3059_2048\/'><img loading=\"lazy\" decoding=\"async\" width=\"150\" height=\"150\" src=\"https:\/\/judoposeidon.be\/wordpress\/wp-content\/uploads\/2016\/04\/D8F3059_2048-150x150.jpg\" class=\"attachment-thumbnail size-thumbnail\" alt=\"\" srcset=\"https:\/\/judoposeidon.be\/wordpress\/wp-content\/uploads\/2016\/04\/D8F3059_2048-150x150.jpg 150w, https:\/\/judoposeidon.be\/wordpress\/wp-content\/uploads\/2016\/04\/D8F3059_2048-365x365.jpg 365w, https:\/\/judoposeidon.be\/wordpress\/wp-content\/uploads\/2016\/04\/D8F3059_2048-500x500.jpg 500w\" sizes=\"auto, (max-width: 150px) 100vw, 150px\" \/><\/a>\n\t\t\t<\/div><\/figure><figure class='gallery-item'>\n\t\t\t<div class='gallery-icon landscape'>\n\t\t\t\t<a href='https:\/\/judoposeidon.be\/wordpress\/_d8f3063_2048\/'><img loading=\"lazy\" decoding=\"async\" width=\"150\" height=\"150\" src=\"https:\/\/judoposeidon.be\/wordpress\/wp-content\/uploads\/2016\/04\/D8F3063_2048-150x150.jpg\" class=\"attachment-thumbnail size-thumbnail\" alt=\"\" srcset=\"https:\/\/judoposeidon.be\/wordpress\/wp-content\/uploads\/2016\/04\/D8F3063_2048-150x150.jpg 150w, https:\/\/judoposeidon.be\/wordpress\/wp-content\/uploads\/2016\/04\/D8F3063_2048-365x365.jpg 365w, https:\/\/judoposeidon.be\/wordpress\/wp-content\/uploads\/2016\/04\/D8F3063_2048-500x500.jpg 500w\" sizes=\"auto, (max-width: 150px) 100vw, 150px\" \/><\/a>\n\t\t\t<\/div><\/figure><figure class='gallery-item'>\n\t\t\t<div class='gallery-icon landscape'>\n\t\t\t\t<a href='https:\/\/judoposeidon.be\/wordpress\/_d8f3063_nb_2048\/'><img loading=\"lazy\" decoding=\"async\" width=\"150\" height=\"150\" src=\"https:\/\/judoposeidon.be\/wordpress\/wp-content\/uploads\/2016\/04\/D8F3063_NB_2048-150x150.jpg\" class=\"attachment-thumbnail size-thumbnail\" alt=\"\" srcset=\"https:\/\/judoposeidon.be\/wordpress\/wp-content\/uploads\/2016\/04\/D8F3063_NB_2048-150x150.jpg 150w, https:\/\/judoposeidon.be\/wordpress\/wp-content\/uploads\/2016\/04\/D8F3063_NB_2048-365x365.jpg 365w, https:\/\/judoposeidon.be\/wordpress\/wp-content\/uploads\/2016\/04\/D8F3063_NB_2048-500x500.jpg 500w\" sizes=\"auto, (max-width: 150px) 100vw, 150px\" \/><\/a>\n\t\t\t<\/div><\/figure><figure class='gallery-item'>\n\t\t\t<div class='gallery-icon landscape'>\n\t\t\t\t<a href='https:\/\/judoposeidon.be\/wordpress\/_d8f3085_2048\/'><img loading=\"lazy\" decoding=\"async\" width=\"150\" height=\"150\" src=\"https:\/\/judoposeidon.be\/wordpress\/wp-content\/uploads\/2016\/04\/D8F3085_2048-150x150.jpg\" class=\"attachment-thumbnail size-thumbnail\" alt=\"\" srcset=\"https:\/\/judoposeidon.be\/wordpress\/wp-content\/uploads\/2016\/04\/D8F3085_2048-150x150.jpg 150w, https:\/\/judoposeidon.be\/wordpress\/wp-content\/uploads\/2016\/04\/D8F3085_2048-365x365.jpg 365w, https:\/\/judoposeidon.be\/wordpress\/wp-content\/uploads\/2016\/04\/D8F3085_2048-500x500.jpg 500w\" sizes=\"auto, (max-width: 150px) 100vw, 150px\" \/><\/a>\n\t\t\t<\/div><\/figure><figure class='gallery-item'>\n\t\t\t<div class='gallery-icon landscape'>\n\t\t\t\t<a href='https:\/\/judoposeidon.be\/wordpress\/_d8f3098_2048\/'><img loading=\"lazy\" decoding=\"async\" width=\"150\" height=\"150\" src=\"https:\/\/judoposeidon.be\/wordpress\/wp-content\/uploads\/2016\/04\/D8F3098_2048-150x150.jpg\" class=\"attachment-thumbnail size-thumbnail\" alt=\"\" srcset=\"https:\/\/judoposeidon.be\/wordpress\/wp-content\/uploads\/2016\/04\/D8F3098_2048-150x150.jpg 150w, https:\/\/judoposeidon.be\/wordpress\/wp-content\/uploads\/2016\/04\/D8F3098_2048-365x365.jpg 365w, https:\/\/judoposeidon.be\/wordpress\/wp-content\/uploads\/2016\/04\/D8F3098_2048-500x500.jpg 500w\" sizes=\"auto, (max-width: 150px) 100vw, 150px\" \/><\/a>\n\t\t\t<\/div><\/figure><figure class='gallery-item'>\n\t\t\t<div class='gallery-icon landscape'>\n\t\t\t\t<a href='https:\/\/judoposeidon.be\/wordpress\/_d8f3106_2048\/'><img loading=\"lazy\" decoding=\"async\" width=\"150\" height=\"150\" src=\"https:\/\/judoposeidon.be\/wordpress\/wp-content\/uploads\/2016\/04\/D8F3106_2048-150x150.jpg\" class=\"attachment-thumbnail size-thumbnail\" alt=\"\" srcset=\"https:\/\/judoposeidon.be\/wordpress\/wp-content\/uploads\/2016\/04\/D8F3106_2048-150x150.jpg 150w, https:\/\/judoposeidon.be\/wordpress\/wp-content\/uploads\/2016\/04\/D8F3106_2048-365x365.jpg 365w, https:\/\/judoposeidon.be\/wordpress\/wp-content\/uploads\/2016\/04\/D8F3106_2048-500x500.jpg 500w\" sizes=\"auto, (max-width: 150px) 100vw, 150px\" \/><\/a>\n\t\t\t<\/div><\/figure><figure class='gallery-item'>\n\t\t\t<div class='gallery-icon landscape'>\n\t\t\t\t<a href='https:\/\/judoposeidon.be\/wordpress\/_d8f3122_nb_2048\/'><img loading=\"lazy\" decoding=\"async\" width=\"150\" height=\"150\" src=\"https:\/\/judoposeidon.be\/wordpress\/wp-content\/uploads\/2016\/04\/D8F3122_NB_2048-150x150.jpg\" class=\"attachment-thumbnail size-thumbnail\" alt=\"\" srcset=\"https:\/\/judoposeidon.be\/wordpress\/wp-content\/uploads\/2016\/04\/D8F3122_NB_2048-150x150.jpg 150w, https:\/\/judoposeidon.be\/wordpress\/wp-content\/uploads\/2016\/04\/D8F3122_NB_2048-365x365.jpg 365w, https:\/\/judoposeidon.be\/wordpress\/wp-content\/uploads\/2016\/04\/D8F3122_NB_2048-500x500.jpg 500w\" sizes=\"auto, (max-width: 150px) 100vw, 150px\" \/><\/a>\n\t\t\t<\/div><\/figure><figure class='gallery-item'>\n\t\t\t<div class='gallery-icon landscape'>\n\t\t\t\t<a href='https:\/\/judoposeidon.be\/wordpress\/_d8f3126_2048\/'><img loading=\"lazy\" decoding=\"async\" width=\"150\" height=\"150\" src=\"https:\/\/judoposeidon.be\/wordpress\/wp-content\/uploads\/2016\/04\/D8F3126_2048-150x150.jpg\" class=\"attachment-thumbnail size-thumbnail\" alt=\"\" srcset=\"https:\/\/judoposeidon.be\/wordpress\/wp-content\/uploads\/2016\/04\/D8F3126_2048-150x150.jpg 150w, https:\/\/judoposeidon.be\/wordpress\/wp-content\/uploads\/2016\/04\/D8F3126_2048-365x365.jpg 365w, https:\/\/judoposeidon.be\/wordpress\/wp-content\/uploads\/2016\/04\/D8F3126_2048-500x500.jpg 500w\" sizes=\"auto, (max-width: 150px) 100vw, 150px\" \/><\/a>\n\t\t\t<\/div><\/figure><figure class='gallery-item'>\n\t\t\t<div class='gallery-icon landscape'>\n\t\t\t\t<a href='https:\/\/judoposeidon.be\/wordpress\/_d8f3144_2048\/'><img loading=\"lazy\" decoding=\"async\" width=\"150\" height=\"150\" src=\"https:\/\/judoposeidon.be\/wordpress\/wp-content\/uploads\/2016\/04\/D8F3144_2048-150x150.jpg\" class=\"attachment-thumbnail size-thumbnail\" alt=\"\" srcset=\"https:\/\/judoposeidon.be\/wordpress\/wp-content\/uploads\/2016\/04\/D8F3144_2048-150x150.jpg 150w, https:\/\/judoposeidon.be\/wordpress\/wp-content\/uploads\/2016\/04\/D8F3144_2048-365x365.jpg 365w, https:\/\/judoposeidon.be\/wordpress\/wp-content\/uploads\/2016\/04\/D8F3144_2048-500x500.jpg 500w\" sizes=\"auto, (max-width: 150px) 100vw, 150px\" \/><\/a>\n\t\t\t<\/div><\/figure><figure class='gallery-item'>\n\t\t\t<div class='gallery-icon landscape'>\n\t\t\t\t<a href='https:\/\/judoposeidon.be\/wordpress\/_d8f3148_2048\/'><img loading=\"lazy\" decoding=\"async\" width=\"150\" height=\"150\" src=\"https:\/\/judoposeidon.be\/wordpress\/wp-content\/uploads\/2016\/04\/D8F3148_2048-150x150.jpg\" class=\"attachment-thumbnail size-thumbnail\" alt=\"\" srcset=\"https:\/\/judoposeidon.be\/wordpress\/wp-content\/uploads\/2016\/04\/D8F3148_2048-150x150.jpg 150w, https:\/\/judoposeidon.be\/wordpress\/wp-content\/uploads\/2016\/04\/D8F3148_2048-365x365.jpg 365w, https:\/\/judoposeidon.be\/wordpress\/wp-content\/uploads\/2016\/04\/D8F3148_2048-500x500.jpg 500w\" sizes=\"auto, (max-width: 150px) 100vw, 150px\" \/><\/a>\n\t\t\t<\/div><\/figure><figure class='gallery-item'>\n\t\t\t<div class='gallery-icon landscape'>\n\t\t\t\t<a href='https:\/\/judoposeidon.be\/wordpress\/_d8f3155_2048\/'><img loading=\"lazy\" decoding=\"async\" width=\"150\" height=\"150\" src=\"https:\/\/judoposeidon.be\/wordpress\/wp-content\/uploads\/2016\/04\/D8F3155_2048-150x150.jpg\" class=\"attachment-thumbnail size-thumbnail\" alt=\"\" srcset=\"https:\/\/judoposeidon.be\/wordpress\/wp-content\/uploads\/2016\/04\/D8F3155_2048-150x150.jpg 150w, https:\/\/judoposeidon.be\/wordpress\/wp-content\/uploads\/2016\/04\/D8F3155_2048-365x365.jpg 365w, https:\/\/judoposeidon.be\/wordpress\/wp-content\/uploads\/2016\/04\/D8F3155_2048-500x500.jpg 500w\" sizes=\"auto, (max-width: 150px) 100vw, 150px\" \/><\/a>\n\t\t\t<\/div><\/figure><figure class='gallery-item'>\n\t\t\t<div class='gallery-icon landscape'>\n\t\t\t\t<a href='https:\/\/judoposeidon.be\/wordpress\/_d8f3161_2048\/'><img loading=\"lazy\" decoding=\"async\" width=\"150\" height=\"150\" src=\"https:\/\/judoposeidon.be\/wordpress\/wp-content\/uploads\/2016\/04\/D8F3161_2048-150x150.jpg\" class=\"attachment-thumbnail size-thumbnail\" alt=\"\" srcset=\"https:\/\/judoposeidon.be\/wordpress\/wp-content\/uploads\/2016\/04\/D8F3161_2048-150x150.jpg 150w, https:\/\/judoposeidon.be\/wordpress\/wp-content\/uploads\/2016\/04\/D8F3161_2048-365x365.jpg 365w, https:\/\/judoposeidon.be\/wordpress\/wp-content\/uploads\/2016\/04\/D8F3161_2048-500x500.jpg 500w\" sizes=\"auto, (max-width: 150px) 100vw, 150px\" \/><\/a>\n\t\t\t<\/div><\/figure><figure class='gallery-item'>\n\t\t\t<div class='gallery-icon landscape'>\n\t\t\t\t<a href='https:\/\/judoposeidon.be\/wordpress\/_d8f3172_2048\/'><img loading=\"lazy\" decoding=\"async\" width=\"150\" height=\"150\" src=\"https:\/\/judoposeidon.be\/wordpress\/wp-content\/uploads\/2016\/04\/D8F3172_2048-150x150.jpg\" class=\"attachment-thumbnail size-thumbnail\" alt=\"\" srcset=\"https:\/\/judoposeidon.be\/wordpress\/wp-content\/uploads\/2016\/04\/D8F3172_2048-150x150.jpg 150w, https:\/\/judoposeidon.be\/wordpress\/wp-content\/uploads\/2016\/04\/D8F3172_2048-365x365.jpg 365w, https:\/\/judoposeidon.be\/wordpress\/wp-content\/uploads\/2016\/04\/D8F3172_2048-500x500.jpg 500w\" sizes=\"auto, (max-width: 150px) 100vw, 150px\" \/><\/a>\n\t\t\t<\/div><\/figure><figure class='gallery-item'>\n\t\t\t<div class='gallery-icon landscape'>\n\t\t\t\t<a href='https:\/\/judoposeidon.be\/wordpress\/_d8f3177_2048\/'><img loading=\"lazy\" decoding=\"async\" width=\"150\" height=\"150\" src=\"https:\/\/judoposeidon.be\/wordpress\/wp-content\/uploads\/2016\/04\/D8F3177_2048-150x150.jpg\" class=\"attachment-thumbnail size-thumbnail\" alt=\"\" srcset=\"https:\/\/judoposeidon.be\/wordpress\/wp-content\/uploads\/2016\/04\/D8F3177_2048-150x150.jpg 150w, https:\/\/judoposeidon.be\/wordpress\/wp-content\/uploads\/2016\/04\/D8F3177_2048-365x365.jpg 365w, https:\/\/judoposeidon.be\/wordpress\/wp-content\/uploads\/2016\/04\/D8F3177_2048-500x500.jpg 500w\" sizes=\"auto, (max-width: 150px) 100vw, 150px\" \/><\/a>\n\t\t\t<\/div><\/figure><figure class='gallery-item'>\n\t\t\t<div class='gallery-icon landscape'>\n\t\t\t\t<a href='https:\/\/judoposeidon.be\/wordpress\/_d8f3186_2048\/'><img loading=\"lazy\" decoding=\"async\" width=\"150\" height=\"150\" src=\"https:\/\/judoposeidon.be\/wordpress\/wp-content\/uploads\/2016\/04\/D8F3186_2048-150x150.jpg\" class=\"attachment-thumbnail size-thumbnail\" alt=\"\" srcset=\"https:\/\/judoposeidon.be\/wordpress\/wp-content\/uploads\/2016\/04\/D8F3186_2048-150x150.jpg 150w, https:\/\/judoposeidon.be\/wordpress\/wp-content\/uploads\/2016\/04\/D8F3186_2048-365x365.jpg 365w, https:\/\/judoposeidon.be\/wordpress\/wp-content\/uploads\/2016\/04\/D8F3186_2048-500x500.jpg 500w\" sizes=\"auto, (max-width: 150px) 100vw, 150px\" \/><\/a>\n\t\t\t<\/div><\/figure><figure class='gallery-item'>\n\t\t\t<div class='gallery-icon landscape'>\n\t\t\t\t<a href='https:\/\/judoposeidon.be\/wordpress\/_d8f3194_2048\/'><img loading=\"lazy\" decoding=\"async\" width=\"150\" height=\"150\" src=\"https:\/\/judoposeidon.be\/wordpress\/wp-content\/uploads\/2016\/04\/D8F3194_2048-150x150.jpg\" class=\"attachment-thumbnail size-thumbnail\" alt=\"\" srcset=\"https:\/\/judoposeidon.be\/wordpress\/wp-content\/uploads\/2016\/04\/D8F3194_2048-150x150.jpg 150w, https:\/\/judoposeidon.be\/wordpress\/wp-content\/uploads\/2016\/04\/D8F3194_2048-365x365.jpg 365w, https:\/\/judoposeidon.be\/wordpress\/wp-content\/uploads\/2016\/04\/D8F3194_2048-500x500.jpg 500w\" sizes=\"auto, (max-width: 150px) 100vw, 150px\" \/><\/a>\n\t\t\t<\/div><\/figure><figure class='gallery-item'>\n\t\t\t<div class='gallery-icon landscape'>\n\t\t\t\t<a href='https:\/\/judoposeidon.be\/wordpress\/_d8f3200_2048\/'><img loading=\"lazy\" decoding=\"async\" width=\"150\" height=\"150\" src=\"https:\/\/judoposeidon.be\/wordpress\/wp-content\/uploads\/2016\/04\/D8F3200_2048-150x150.jpg\" class=\"attachment-thumbnail size-thumbnail\" alt=\"\" srcset=\"https:\/\/judoposeidon.be\/wordpress\/wp-content\/uploads\/2016\/04\/D8F3200_2048-150x150.jpg 150w, https:\/\/judoposeidon.be\/wordpress\/wp-content\/uploads\/2016\/04\/D8F3200_2048-365x365.jpg 365w, https:\/\/judoposeidon.be\/wordpress\/wp-content\/uploads\/2016\/04\/D8F3200_2048-500x500.jpg 500w\" sizes=\"auto, (max-width: 150px) 100vw, 150px\" \/><\/a>\n\t\t\t<\/div><\/figure><figure class='gallery-item'>\n\t\t\t<div class='gallery-icon landscape'>\n\t\t\t\t<a href='https:\/\/judoposeidon.be\/wordpress\/_d8f3203_2048\/'><img loading=\"lazy\" decoding=\"async\" width=\"150\" height=\"150\" src=\"https:\/\/judoposeidon.be\/wordpress\/wp-content\/uploads\/2016\/04\/D8F3203_2048-150x150.jpg\" class=\"attachment-thumbnail size-thumbnail\" alt=\"\" srcset=\"https:\/\/judoposeidon.be\/wordpress\/wp-content\/uploads\/2016\/04\/D8F3203_2048-150x150.jpg 150w, https:\/\/judoposeidon.be\/wordpress\/wp-content\/uploads\/2016\/04\/D8F3203_2048-365x365.jpg 365w, https:\/\/judoposeidon.be\/wordpress\/wp-content\/uploads\/2016\/04\/D8F3203_2048-500x500.jpg 500w\" sizes=\"auto, (max-width: 150px) 100vw, 150px\" \/><\/a>\n\t\t\t<\/div><\/figure><figure class='gallery-item'>\n\t\t\t<div class='gallery-icon landscape'>\n\t\t\t\t<a href='https:\/\/judoposeidon.be\/wordpress\/_d8f3210_2048\/'><img loading=\"lazy\" decoding=\"async\" width=\"150\" height=\"150\" src=\"https:\/\/judoposeidon.be\/wordpress\/wp-content\/uploads\/2016\/04\/D8F3210_2048-150x150.jpg\" class=\"attachment-thumbnail size-thumbnail\" alt=\"\" srcset=\"https:\/\/judoposeidon.be\/wordpress\/wp-content\/uploads\/2016\/04\/D8F3210_2048-150x150.jpg 150w, https:\/\/judoposeidon.be\/wordpress\/wp-content\/uploads\/2016\/04\/D8F3210_2048-365x365.jpg 365w, https:\/\/judoposeidon.be\/wordpress\/wp-content\/uploads\/2016\/04\/D8F3210_2048-500x500.jpg 500w\" sizes=\"auto, (max-width: 150px) 100vw, 150px\" \/><\/a>\n\t\t\t<\/div><\/figure><figure class='gallery-item'>\n\t\t\t<div class='gallery-icon landscape'>\n\t\t\t\t<a href='https:\/\/judoposeidon.be\/wordpress\/_d8f3221_2048\/'><img loading=\"lazy\" decoding=\"async\" width=\"150\" height=\"150\" src=\"https:\/\/judoposeidon.be\/wordpress\/wp-content\/uploads\/2016\/04\/D8F3221_2048-150x150.jpg\" class=\"attachment-thumbnail size-thumbnail\" alt=\"\" srcset=\"https:\/\/judoposeidon.be\/wordpress\/wp-content\/uploads\/2016\/04\/D8F3221_2048-150x150.jpg 150w, https:\/\/judoposeidon.be\/wordpress\/wp-content\/uploads\/2016\/04\/D8F3221_2048-365x365.jpg 365w, https:\/\/judoposeidon.be\/wordpress\/wp-content\/uploads\/2016\/04\/D8F3221_2048-500x500.jpg 500w\" sizes=\"auto, (max-width: 150px) 100vw, 150px\" \/><\/a>\n\t\t\t<\/div><\/figure><figure class='gallery-item'>\n\t\t\t<div class='gallery-icon landscape'>\n\t\t\t\t<a href='https:\/\/judoposeidon.be\/wordpress\/_d8f3227_2048\/'><img loading=\"lazy\" decoding=\"async\" width=\"150\" height=\"150\" src=\"https:\/\/judoposeidon.be\/wordpress\/wp-content\/uploads\/2016\/04\/D8F3227_2048-150x150.jpg\" class=\"attachment-thumbnail size-thumbnail\" alt=\"\" srcset=\"https:\/\/judoposeidon.be\/wordpress\/wp-content\/uploads\/2016\/04\/D8F3227_2048-150x150.jpg 150w, https:\/\/judoposeidon.be\/wordpress\/wp-content\/uploads\/2016\/04\/D8F3227_2048-365x365.jpg 365w, https:\/\/judoposeidon.be\/wordpress\/wp-content\/uploads\/2016\/04\/D8F3227_2048-500x500.jpg 500w\" sizes=\"auto, (max-width: 150px) 100vw, 150px\" \/><\/a>\n\t\t\t<\/div><\/figure><figure class='gallery-item'>\n\t\t\t<div class='gallery-icon landscape'>\n\t\t\t\t<a href='https:\/\/judoposeidon.be\/wordpress\/_d8f3231_2048\/'><img loading=\"lazy\" decoding=\"async\" width=\"150\" height=\"150\" src=\"https:\/\/judoposeidon.be\/wordpress\/wp-content\/uploads\/2016\/04\/D8F3231_2048-150x150.jpg\" class=\"attachment-thumbnail size-thumbnail\" alt=\"\" srcset=\"https:\/\/judoposeidon.be\/wordpress\/wp-content\/uploads\/2016\/04\/D8F3231_2048-150x150.jpg 150w, https:\/\/judoposeidon.be\/wordpress\/wp-content\/uploads\/2016\/04\/D8F3231_2048-365x365.jpg 365w, https:\/\/judoposeidon.be\/wordpress\/wp-content\/uploads\/2016\/04\/D8F3231_2048-500x500.jpg 500w\" sizes=\"auto, (max-width: 150px) 100vw, 150px\" \/><\/a>\n\t\t\t<\/div><\/figure><figure class='gallery-item'>\n\t\t\t<div class='gallery-icon landscape'>\n\t\t\t\t<a href='https:\/\/judoposeidon.be\/wordpress\/_d8f3255_2048\/'><img loading=\"lazy\" decoding=\"async\" width=\"150\" height=\"150\" src=\"https:\/\/judoposeidon.be\/wordpress\/wp-content\/uploads\/2016\/04\/D8F3255_2048-150x150.jpg\" class=\"attachment-thumbnail size-thumbnail\" alt=\"\" srcset=\"https:\/\/judoposeidon.be\/wordpress\/wp-content\/uploads\/2016\/04\/D8F3255_2048-150x150.jpg 150w, https:\/\/judoposeidon.be\/wordpress\/wp-content\/uploads\/2016\/04\/D8F3255_2048-365x365.jpg 365w, https:\/\/judoposeidon.be\/wordpress\/wp-content\/uploads\/2016\/04\/D8F3255_2048-500x500.jpg 500w\" sizes=\"auto, (max-width: 150px) 100vw, 150px\" \/><\/a>\n\t\t\t<\/div><\/figure><figure class='gallery-item'>\n\t\t\t<div class='gallery-icon landscape'>\n\t\t\t\t<a href='https:\/\/judoposeidon.be\/wordpress\/_d8f3249_nb_cornered_scratch_2048\/'><img loading=\"lazy\" decoding=\"async\" width=\"150\" height=\"150\" src=\"https:\/\/judoposeidon.be\/wordpress\/wp-content\/uploads\/2016\/04\/D8F3249_NB_cornered_scratch_2048-150x150.jpg\" class=\"attachment-thumbnail size-thumbnail\" alt=\"\" srcset=\"https:\/\/judoposeidon.be\/wordpress\/wp-content\/uploads\/2016\/04\/D8F3249_NB_cornered_scratch_2048-150x150.jpg 150w, https:\/\/judoposeidon.be\/wordpress\/wp-content\/uploads\/2016\/04\/D8F3249_NB_cornered_scratch_2048-365x365.jpg 365w, https:\/\/judoposeidon.be\/wordpress\/wp-content\/uploads\/2016\/04\/D8F3249_NB_cornered_scratch_2048-500x500.jpg 500w\" sizes=\"auto, (max-width: 150px) 100vw, 150px\" \/><\/a>\n\t\t\t<\/div><\/figure>\n\t\t<\/div>\n\n<p>&nbsp;<\/p>\n<p><a href=\"https:\/\/judoposeidon.be\/wordpress\/wp-content\/uploads\/2016\/04\/image-2-e1460299636841.jpeg\" rel=\"attachment wp-att-686\"><img loading=\"lazy\" decoding=\"async\" class=\"alignnone size-medium wp-image-686\" src=\"https:\/\/judoposeidon.be\/wordpress\/wp-content\/uploads\/2016\/04\/image-2-e1460299636841-225x300.jpeg\" alt=\"image\" width=\"225\" height=\"300\" srcset=\"https:\/\/judoposeidon.be\/wordpress\/wp-content\/uploads\/2016\/04\/image-2-e1460299636841-225x300.jpeg 225w, https:\/\/judoposeidon.be\/wordpress\/wp-content\/uploads\/2016\/04\/image-2-e1460299636841-768x1024.jpeg 768w\" sizes=\"auto, (max-width: 225px) 100vw, 225px\" \/><\/a><\/p>\n<p>Bravo \u00e0 tous<\/p>\n<hr>\n<p>&nbsp;<\/p>\n<p><strong>Championnat national jeune 2016<\/strong><\/p>\n<p>Ce samedi a eu lieu le championnat de Belgique U18 \u00e0 Herstal, Maxime Van Rechem y termine 7\u00e8me.<br>Toutes nos f\u00e9licitations pour ce beau parcours &#x1f609;<\/p>\n<hr>\n<p>&nbsp;<\/p>\n<p><strong>Championnat R\u00e9gional 2016<\/strong><\/p>\n<p>Ce week-end, le championnat r\u00e9gional a eu lieu \u00e0 Louvain-La-Neuve. Deux judokas du club s&rsquo;y sont illustr\u00e9s :<br>Maxime Van Rechem termine 3eme et se qualifie donc pour le championnat de Belgique.<br>Alexandre Touat termine 5\u00e8me et rate de peu sa qualification&#8230;<\/p>\n<p><a href=\"https:\/\/judoposeidon.be\/wordpress\/wp-content\/uploads\/2016\/02\/image-1.jpeg\" rel=\"attachment wp-att-610\"><img loading=\"lazy\" decoding=\"async\" class=\"alignnone size-medium wp-image-610\" src=\"https:\/\/judoposeidon.be\/wordpress\/wp-content\/uploads\/2016\/02\/image-1-300x280.jpeg\" alt=\"R\u00e9gional 2016\" width=\"300\" height=\"280\" srcset=\"https:\/\/judoposeidon.be\/wordpress\/wp-content\/uploads\/2016\/02\/image-1-300x280.jpeg 300w, https:\/\/judoposeidon.be\/wordpress\/wp-content\/uploads\/2016\/02\/image-1-768x716.jpeg 768w, https:\/\/judoposeidon.be\/wordpress\/wp-content\/uploads\/2016\/02\/image-1-1024x955.jpeg 1024w, https:\/\/judoposeidon.be\/wordpress\/wp-content\/uploads\/2016\/02\/image-1.jpeg 2048w\" sizes=\"auto, (max-width: 300px) 100vw, 300px\" \/><\/a><\/p>\n<hr>\n<p>&nbsp;<\/p>\n<p><strong>Championnat de Brabant 2016<\/strong><\/p>\n<p>Les r\u00e9sultats du Championnat de Brabant 2016 qui a eu lieu le 24 janvier 2016&nbsp;\u00e0 Nivelles sont :<\/p>\n<p>En 21<\/p>\n<p>Terminent 3<sup>\u00e8me<\/sup>&nbsp;: Adrien Van Rechem (-66) et Hajji Saouden (-81)<\/p>\n<p>En U18<\/p>\n<p>Terminent 2<sup>\u00e8me<\/sup> : Maxime Van Rechem (-55) et Pierre-Paul Charbonnier (-66)<\/p>\n<p>Termine 3<sup>\u00e8me<\/sup>&nbsp;: Alexandre Touat (-73)<\/p>\n<p>Termine 5<sup>\u00e8me<\/sup>&nbsp;: Julien Thyssen (-73)<\/p>\n<p>En U15<\/p>\n<p>Termine 1<sup>\u00e8re<\/sup>&nbsp;: Charline Laroque (-52)<\/p>\n<p>Terminent 3<sup>\u00e8me<\/sup> : Marie Busher (-44), Anna Troppman (-52), Martin Waggeneers (-50) et Valentin Salmon (-60)<\/p>\n<p>Bravo \u00e0 tous&nbsp;! Ils sont qualifi\u00e9s pour le <a href=\"https:\/\/judoposeidon.be\/wordpress\/annonces-competitions\/\">championnat r\u00e9gional pr\u00e9vu les 6 et 7 f\u00e9vrier \u00e0 Louvain-La-Neuve<\/a>.<\/p>\n<p><a href=\"https:\/\/judoposeidon.be\/wordpress\/wp-content\/uploads\/2016\/01\/image-5.jpeg\" rel=\"attachment wp-att-569\"><img loading=\"lazy\" decoding=\"async\" class=\"alignnone size-medium wp-image-569\" src=\"https:\/\/judoposeidon.be\/wordpress\/wp-content\/uploads\/2016\/01\/image-5-300x200.jpeg\" alt=\"image\" width=\"300\" height=\"200\" srcset=\"https:\/\/judoposeidon.be\/wordpress\/wp-content\/uploads\/2016\/01\/image-5-300x200.jpeg 300w, https:\/\/judoposeidon.be\/wordpress\/wp-content\/uploads\/2016\/01\/image-5-768x512.jpeg 768w, https:\/\/judoposeidon.be\/wordpress\/wp-content\/uploads\/2016\/01\/image-5-1024x683.jpeg 1024w\" sizes=\"auto, (max-width: 300px) 100vw, 300px\" \/><\/a><\/p>\n<p><a href=\"https:\/\/judoposeidon.be\/wordpress\/wp-content\/uploads\/2016\/01\/image-4.jpeg\" rel=\"attachment wp-att-568\"><img loading=\"lazy\" decoding=\"async\" class=\"alignnone size-medium wp-image-568\" src=\"https:\/\/judoposeidon.be\/wordpress\/wp-content\/uploads\/2016\/01\/image-4-300x200.jpeg\" alt=\"image\" width=\"300\" height=\"200\" srcset=\"https:\/\/judoposeidon.be\/wordpress\/wp-content\/uploads\/2016\/01\/image-4-300x200.jpeg 300w, https:\/\/judoposeidon.be\/wordpress\/wp-content\/uploads\/2016\/01\/image-4-768x512.jpeg 768w, https:\/\/judoposeidon.be\/wordpress\/wp-content\/uploads\/2016\/01\/image-4-1024x683.jpeg 1024w\" sizes=\"auto, (max-width: 300px) 100vw, 300px\" \/><\/a><\/p>\n<p><a href=\"https:\/\/judoposeidon.be\/wordpress\/wp-content\/uploads\/2016\/01\/image-3.jpeg\" rel=\"attachment wp-att-567\"><img loading=\"lazy\" decoding=\"async\" class=\"alignnone size-medium wp-image-567\" src=\"https:\/\/judoposeidon.be\/wordpress\/wp-content\/uploads\/2016\/01\/image-3-300x200.jpeg\" alt=\"image\" width=\"300\" height=\"200\" srcset=\"https:\/\/judoposeidon.be\/wordpress\/wp-content\/uploads\/2016\/01\/image-3-300x200.jpeg 300w, https:\/\/judoposeidon.be\/wordpress\/wp-content\/uploads\/2016\/01\/image-3-768x512.jpeg 768w, https:\/\/judoposeidon.be\/wordpress\/wp-content\/uploads\/2016\/01\/image-3-1024x683.jpeg 1024w\" sizes=\"auto, (max-width: 300px) 100vw, 300px\" \/><\/a><\/p>\n<p><a href=\"https:\/\/judoposeidon.be\/wordpress\/wp-content\/uploads\/2016\/01\/image-2.jpeg\" rel=\"attachment wp-att-566\"><img loading=\"lazy\" decoding=\"async\" class=\"alignnone size-medium wp-image-566\" src=\"https:\/\/judoposeidon.be\/wordpress\/wp-content\/uploads\/2016\/01\/image-2-300x200.jpeg\" alt=\"image\" width=\"300\" height=\"200\" srcset=\"https:\/\/judoposeidon.be\/wordpress\/wp-content\/uploads\/2016\/01\/image-2-300x200.jpeg 300w, https:\/\/judoposeidon.be\/wordpress\/wp-content\/uploads\/2016\/01\/image-2-768x512.jpeg 768w, https:\/\/judoposeidon.be\/wordpress\/wp-content\/uploads\/2016\/01\/image-2-1024x683.jpeg 1024w\" sizes=\"auto, (max-width: 300px) 100vw, 300px\" \/><\/a><\/p>\n<p><a href=\"https:\/\/judoposeidon.be\/wordpress\/wp-content\/uploads\/2016\/01\/image-1.jpeg\" rel=\"attachment wp-att-565\"><img loading=\"lazy\" decoding=\"async\" class=\"alignnone size-medium wp-image-565\" src=\"https:\/\/judoposeidon.be\/wordpress\/wp-content\/uploads\/2016\/01\/image-1-300x200.jpeg\" alt=\"image\" width=\"300\" height=\"200\" srcset=\"https:\/\/judoposeidon.be\/wordpress\/wp-content\/uploads\/2016\/01\/image-1-300x200.jpeg 300w, https:\/\/judoposeidon.be\/wordpress\/wp-content\/uploads\/2016\/01\/image-1-768x512.jpeg 768w, https:\/\/judoposeidon.be\/wordpress\/wp-content\/uploads\/2016\/01\/image-1-1024x683.jpeg 1024w\" sizes=\"auto, (max-width: 300px) 100vw, 300px\" \/><\/a><\/p>\n<hr>\n<p>&nbsp;<\/p>\n<p>Les 16 et 17 janvier 2016 a eu lieu <strong>le tournoi de Nivelles<\/strong>. Voici les r\u00e9sultats des judokas du club. Ont termin\u00e9&nbsp;:<\/p>\n<p>1<sup>er<\/sup> Noam Reboux (U11), Steven Ley (U13), David Tumoyan (U11), Noam Bel Kounani (U11)<\/p>\n<p>2<sup>\u00e8me<\/sup> Alexandre Chiche(U11), Kamboui Na\u00efm (U11)<\/p>\n<p>3<sup>\u00e8me<\/sup> Alexis Lepineux (U13), Maxime Van Rechem (U18,-55)<\/p>\n<p>5<sup>\u00e8me<\/sup> Pierre-Paul Charbonnier (U18,-66), Thyssen Julien (U18,-73)<\/p>\n<p>Bravo \u00e0 tous ! &#x1f609;<\/p>\n<hr>\n<p>&nbsp;<\/p>\n<p><b>L&rsquo;Iris Teams Trophy<\/b><\/p>\n<p>Le dimanche 13 d\u00e9cembre avait lieu l&rsquo;Iris Team Trophy. L&rsquo;\u00e9quipe du Pos\u00e9idon en U18 a termin\u00e9 5\u00e8me.<\/p>\n<p><a href=\"https:\/\/judoposeidon.be\/wordpress\/wp-content\/uploads\/2015\/12\/image-1.jpeg\" rel=\"attachment wp-att-492\"><img loading=\"lazy\" decoding=\"async\" class=\"alignnone size-medium wp-image-492\" src=\"https:\/\/judoposeidon.be\/wordpress\/wp-content\/uploads\/2015\/12\/image-1-300x169.jpeg\" alt=\"Iristeams2015\" width=\"300\" height=\"169\" srcset=\"https:\/\/judoposeidon.be\/wordpress\/wp-content\/uploads\/2015\/12\/image-1-300x169.jpeg 300w, https:\/\/judoposeidon.be\/wordpress\/wp-content\/uploads\/2015\/12\/image-1-768x432.jpeg 768w, https:\/\/judoposeidon.be\/wordpress\/wp-content\/uploads\/2015\/12\/image-1-1024x576.jpeg 1024w, https:\/\/judoposeidon.be\/wordpress\/wp-content\/uploads\/2015\/12\/image-1.jpeg 2048w\" sizes=\"auto, (max-width: 300px) 100vw, 300px\" \/><\/a><\/p>\n<p>Cr\u00e9dit photo Carole Brigaudeau<\/p>\n<div style=\"width: 720px;\" class=\"wp-video\"><video class=\"wp-video-shortcode\" id=\"video-69-1\" width=\"720\" height=\"420\" preload=\"metadata\" controls=\"controls\"><source type=\"video\/mp4\" src=\"https:\/\/judoposeidon.be\/wordpress\/wp-content\/uploads\/2015\/12\/Combat_julien.mp4?_=1\" \/><a href=\"https:\/\/judoposeidon.be\/wordpress\/wp-content\/uploads\/2015\/12\/Combat_julien.mp4\">https:\/\/judoposeidon.be\/wordpress\/wp-content\/uploads\/2015\/12\/Combat_julien.mp4<\/a><\/video><\/div>\n<p>Cr\u00e9dit vid\u00e9o Carole&nbsp;Brigaudeau<\/p>\n<hr>\n<p><strong>2\u00e8me grand Prix de Woluw\u00e9<\/strong><\/p>\n<p><strong>Pr\u00e9-minimes<\/strong><\/p>\n<p>1<sup>er<\/sup><\/p>\n<ul>\n<li>SCHUERMANS Adrien<\/li>\n<li>COMBE Matteo<\/li>\n<li>LEPINEUX Alexis<\/li>\n<\/ul>\n<p>2<sup>\u00e8me&nbsp;<\/sup><\/p>\n<ul>\n<li>LEY Steven<\/li>\n<li>SAIDI Chahine<\/li>\n<\/ul>\n<p>3<sup>\u00e8me<\/sup><\/p>\n<ul>\n<li>BEL KOUNANI Noam<\/li>\n<li>REBOUX Noah<\/li>\n<li>TUMOYAN David<\/li>\n<li>SEFA Ismail<\/li>\n<li>SCHOLZEN Nina<\/li>\n<li>SURRA RODRIGUEZ Gabriel<\/li>\n<\/ul>\n<p><strong>Minimes<\/strong><\/p>\n<p>1<sup>er<\/sup><\/p>\n<ul>\n<li>KAMBOUI Lina<\/li>\n<li>LARROQUE Charline<\/li>\n<li>LEMERCIER Alexandre<\/li>\n<\/ul>\n<p>2<sup>\u00e8me<\/sup><\/p>\n<ul>\n<li>BUCHER Marie<\/li>\n<\/ul>\n<p>3<sup>\u00e8me<\/sup><\/p>\n<ul>\n<li>TROPPMANN Anna<\/li>\n<li>LAZAAR ROZAINE Ismael<\/li>\n<li>CHARBONNIER Louise (pr\u00e9-minime)<\/li>\n<li>DARBINYAN Vladimir<\/li>\n<li>BOON Dimitry<\/li>\n<li>BISIAU Nina-Laure<\/li>\n<li>BROEDESSER Laureley<\/li>\n<li>KNEIP Oscar<\/li>\n<li>MAMMANA Dario<\/li>\n<li>BIBILEICHVILI Nikoloz<\/li>\n<\/ul>\n<p>4<sup>\u00e8me<\/sup>&nbsp;:<\/p>\n<ul>\n<li>ACAR Rapha\u00ebl<\/li>\n<li>TESTA Hugo<\/li>\n<\/ul>\n<p><strong>Cadets<\/strong><\/p>\n<p>1<sup>er<\/sup><\/p>\n<ul>\n<li>DELACOUX Nathan (-46)<\/li>\n<li>CHARBONNIER Pierre-Paul (-66)<\/li>\n<\/ul>\n<p>2<sup>\u00e8me<\/sup><\/p>\n<ul>\n<li>WAEGENEERS Martin (-46)<\/li>\n<li>GUILHERME Rafael (-50)<\/li>\n<li>SALMON Valentin (-60)<\/li>\n<\/ul>\n<p>4<sup>\u00e8me<\/sup><\/p>\n<ul>\n<li>TROPPMANN Adrian (-60)<\/li>\n<\/ul>\n<p>Avec tous ces bons r\u00e9sultats le Pos\u00e9idon termine 1er au Classement des Clubs<\/p>\n<p><a href=\"https:\/\/judoposeidon.be\/wordpress\/wp-content\/uploads\/2015\/12\/D8F2039_1480.jpg\" rel=\"attachment wp-att-352\"><img loading=\"lazy\" decoding=\"async\" class=\"alignnone size-medium wp-image-352\" src=\"https:\/\/judoposeidon.be\/wordpress\/wp-content\/uploads\/2015\/12\/D8F2039_1480-300x200.jpg\" alt=\"_D8F2039_1480\" width=\"300\" height=\"200\" srcset=\"https:\/\/judoposeidon.be\/wordpress\/wp-content\/uploads\/2015\/12\/D8F2039_1480-300x200.jpg 300w, https:\/\/judoposeidon.be\/wordpress\/wp-content\/uploads\/2015\/12\/D8F2039_1480-1024x682.jpg 1024w, https:\/\/judoposeidon.be\/wordpress\/wp-content\/uploads\/2015\/12\/D8F2039_1480.jpg 1480w\" sizes=\"auto, (max-width: 300px) 100vw, 300px\" \/><\/a><\/p>\n<hr>\n<p><strong>Vis\u00e9 28 novembre 2015<\/strong><\/p>\n<p>L&rsquo;\u00e9quipe gar\u00e7ons qui termine 4\u00e8me en division 4A, il manque Jos\u00e9. Cr\u00e9dit photo mr Gilon, merci \u00e0 lui \ud83d\ude09<\/p>\n<p><a href=\"https:\/\/judoposeidon.be\/wordpress\/wp-content\/uploads\/2015\/09\/image.jpeg\"><img loading=\"lazy\" decoding=\"async\" class=\"alignnone size-medium wp-image-308\" src=\"https:\/\/judoposeidon.be\/wordpress\/wp-content\/uploads\/2015\/09\/image-300x200.jpeg\" alt=\"image\" width=\"300\" height=\"200\" srcset=\"https:\/\/judoposeidon.be\/wordpress\/wp-content\/uploads\/2015\/09\/image-300x200.jpeg 300w, https:\/\/judoposeidon.be\/wordpress\/wp-content\/uploads\/2015\/09\/image-1024x683.jpeg 1024w, https:\/\/judoposeidon.be\/wordpress\/wp-content\/uploads\/2015\/09\/image.jpeg 2048w\" sizes=\"auto, (max-width: 300px) 100vw, 300px\" \/><\/a><\/p>\n<hr>\n<p><strong>Gand 21 avril 2015<br><\/strong><span class=\"null\">Pour la premi\u00e8re ann\u00e9e en DH, l&rsquo;\u00e9quipe dames termine 6\u00e8me !!!<br>F\u00e9licitations aux membres de l&rsquo;\u00e9quipe Cathy, C\u00e9line, Lola, Fiona et Anne et \u00e0 leur coach Jan, Nathan et Aline.<\/span><\/p>\n<p><a href=\"https:\/\/judoposeidon.be\/wordpress\/wp-content\/uploads\/2015\/11\/image4.jpg\"><img loading=\"lazy\" decoding=\"async\" class=\"alignnone size-medium wp-image-266\" src=\"https:\/\/judoposeidon.be\/wordpress\/wp-content\/uploads\/2015\/11\/image4-300x225.jpg\" alt=\"equipe filles Gand 21 novembre 2015\" width=\"300\" height=\"225\" srcset=\"https:\/\/judoposeidon.be\/wordpress\/wp-content\/uploads\/2015\/11\/image4-300x225.jpg 300w, https:\/\/judoposeidon.be\/wordpress\/wp-content\/uploads\/2015\/11\/image4.jpg 640w\" sizes=\"auto, (max-width: 300px) 100vw, 300px\" \/><\/a><\/p>\n<p>Cr\u00e9dit photo Jos Van Vooren<\/p>\n<hr>\n<p><strong>Dottignies 21 novembre 2015<\/strong><br>Les gar\u00e7ons ont gagn\u00e9 toutes leurs rencontres!<\/p>\n<hr>\n<p><strong>Herstal 14 novembre 2015<\/strong><br>Les r\u00e9sultats de la premi\u00e8re journ\u00e9e interequipes dames en DH et hommes en D4 (cr\u00e9dit photo Andr\u00e9 Sterpin)<\/p>\n<p><a href=\"https:\/\/judoposeidon.be\/wordpress\/wp-content\/uploads\/2015\/11\/D8F0615.jpg\"><img loading=\"lazy\" decoding=\"async\" class=\"alignnone size-medium wp-image-231\" src=\"https:\/\/judoposeidon.be\/wordpress\/wp-content\/uploads\/2015\/11\/D8F0615-300x200.jpg\" alt=\"_D8F0615\" width=\"300\" height=\"200\" srcset=\"https:\/\/judoposeidon.be\/wordpress\/wp-content\/uploads\/2015\/11\/D8F0615-300x200.jpg 300w, https:\/\/judoposeidon.be\/wordpress\/wp-content\/uploads\/2015\/11\/D8F0615-1024x683.jpg 1024w\" sizes=\"auto, (max-width: 300px) 100vw, 300px\" \/><\/a><\/p>\n<p><a href=\"https:\/\/judoposeidon.be\/wordpress\/wp-content\/uploads\/2015\/11\/nationale_dames_1ere_journee.jpg\"><img loading=\"lazy\" decoding=\"async\" class=\"alignnone size-medium wp-image-234\" src=\"https:\/\/judoposeidon.be\/wordpress\/wp-content\/uploads\/2015\/11\/nationale_dames_1ere_journee-300x212.jpg\" alt=\"nationale_dames_1ere_journee\" width=\"300\" height=\"212\" srcset=\"https:\/\/judoposeidon.be\/wordpress\/wp-content\/uploads\/2015\/11\/nationale_dames_1ere_journee-300x212.jpg 300w, https:\/\/judoposeidon.be\/wordpress\/wp-content\/uploads\/2015\/11\/nationale_dames_1ere_journee.jpg 843w\" sizes=\"auto, (max-width: 300px) 100vw, 300px\" \/><\/a><\/p>\n<p><a href=\"https:\/\/judoposeidon.be\/wordpress\/wp-content\/uploads\/2015\/11\/division_4a_Homme_1ere_journee.jpg\"><img loading=\"lazy\" decoding=\"async\" class=\"alignnone size-medium wp-image-235\" src=\"https:\/\/judoposeidon.be\/wordpress\/wp-content\/uploads\/2015\/11\/division_4a_Homme_1ere_journee-300x212.jpg\" alt=\"division_4a_Homme_1ere_journee\" width=\"300\" height=\"212\" srcset=\"https:\/\/judoposeidon.be\/wordpress\/wp-content\/uploads\/2015\/11\/division_4a_Homme_1ere_journee-300x212.jpg 300w, https:\/\/judoposeidon.be\/wordpress\/wp-content\/uploads\/2015\/11\/division_4a_Homme_1ere_journee.jpg 843w\" sizes=\"auto, (max-width: 300px) 100vw, 300px\" \/><\/a><\/p>\n<hr>\n<p><strong>Au championnat national seniors<\/strong>, Nathan Gielis-Dereck (-100kg) rafle son 10\u00e8me titre de champion de Belgique. (cr\u00e9dit vid\u00e9o Jos Van Vooren)<\/p>\n<div style=\"width: 568px;\" class=\"wp-video\"><video class=\"wp-video-shortcode\" id=\"video-69-2\" width=\"568\" height=\"320\" preload=\"metadata\" controls=\"controls\"><source type=\"video\/mp4\" src=\"https:\/\/judoposeidon.be\/wordpress\/wp-content\/uploads\/2015\/11\/nathan_belgique_2015_01.mp4?_=2\" \/><a href=\"https:\/\/judoposeidon.be\/wordpress\/wp-content\/uploads\/2015\/11\/nathan_belgique_2015_01.mp4\">https:\/\/judoposeidon.be\/wordpress\/wp-content\/uploads\/2015\/11\/nathan_belgique_2015_01.mp4<\/a><\/video><\/div>\n<p>&nbsp;<\/p>\n<div style=\"width: 568px;\" class=\"wp-video\"><video class=\"wp-video-shortcode\" id=\"video-69-3\" width=\"568\" height=\"320\" preload=\"metadata\" controls=\"controls\"><source type=\"video\/mp4\" src=\"https:\/\/judoposeidon.be\/wordpress\/wp-content\/uploads\/2015\/11\/nathan_belgique_2015_02.mp4?_=3\" \/><a href=\"https:\/\/judoposeidon.be\/wordpress\/wp-content\/uploads\/2015\/11\/nathan_belgique_2015_02.mp4\">https:\/\/judoposeidon.be\/wordpress\/wp-content\/uploads\/2015\/11\/nathan_belgique_2015_02.mp4<\/a><\/video><\/div>\n<hr>\n<p><strong>Au championnat r\u00e9gional s\u00e9niors<\/strong>, C\u00e9line Pany (-57kg) termine 3\u00e8me, Anne Duli\u00e8re (-78kg) termine 2\u00e8me et Nathan Gielis-Derek (-100kg) termine 1er<\/p>\n<hr>\n<p><strong>A la Lux Cup<\/strong>, en U15, Pierre Paul Charbonnier (-66kg) termine 5\u00e8me<\/p>\n<hr>\n<p><strong>Au tournoi de J.C.Lincent,<\/strong> Nathan (-46kg) et Pierre Paul (-66kg) terminent tous les deux premiers (U15) !<\/p>\n<div id=\"js_1j\" class=\"_5pbx userContent\" data-ft=\"{&quot;tn&quot;:&quot;K&quot;}\">\n<div id=\"id_563b48d9c27374460836161\" class=\"text_exposed_root text_exposed\"><hr>\n<p><strong>Les premiers r\u00e9sultats de l&rsquo;ann\u00e9e \u00e0 la 33eme comp\u00e9tition de zakura braine<\/strong><br>U11 :<br>&#8211; sont premiers Yoshida Kenzo, Tumoyan David, Lepineux Alexis, Saidi Chaime<br>&#8211; sont deuxi\u00e8mes Ley Steven (derri\u00e8re Alexis ;)) &amp; Belkounani Noam<\/p>\n<p>U13 :<span class=\"text_exposed_show\"><br>&#8211; Croon Sacha 3eme pour sa premi\u00e8re comp\u00e9tition<\/span><\/p>\n<p>En U15 Pierre Paul Charbonnier termine 3eme<\/p>\n<p>En U18 :<br>Maxime Van Rechem termine 3eme<br>Alexandre Touat termine 5\u00e8me<span class=\"text_exposed_show\"><br>Julien Thyssen termine 7eme<\/span><\/p>\n<\/div>\n<\/div>","protected":false},"excerpt":{"rendered":"<p>Les 19 et 20 f\u00e9vrier ont eu lieu le championnat de Belgique jeunes 2022. Les r\u00e9sultats sont :En U15 dans le cat\u00e9gorie de poids respective Alexandre Brisy termine 2eme, Jan [&hellip;]<\/p>\n","protected":false},"author":1,"featured_media":0,"parent":0,"menu_order":0,"comment_status":"closed","ping_status":"closed","template":"","meta":{"ngg_post_thumbnail":0,"footnotes":""},"class_list":["post-69","page","type-page","status-publish","hentry"],"_links":{"self":[{"href":"https:\/\/judoposeidon.be\/wordpress\/wp-json\/wp\/v2\/pages\/69","targetHints":{"allow":["GET"]}}],"collection":[{"href":"https:\/\/judoposeidon.be\/wordpress\/wp-json\/wp\/v2\/pages"}],"about":[{"href":"https:\/\/judoposeidon.be\/wordpress\/wp-json\/wp\/v2\/types\/page"}],"author":[{"embeddable":true,"href":"https:\/\/judoposeidon.be\/wordpress\/wp-json\/wp\/v2\/users\/1"}],"replies":[{"embeddable":true,"href":"https:\/\/judoposeidon.be\/wordpress\/wp-json\/wp\/v2\/comments?post=69"}],"version-history":[{"count":128,"href":"https:\/\/judoposeidon.be\/wordpress\/wp-json\/wp\/v2\/pages\/69\/revisions"}],"predecessor-version":[{"id":9091,"href":"https:\/\/judoposeidon.be\/wordpress\/wp-json\/wp\/v2\/pages\/69\/revisions\/9091"}],"wp:attachment":[{"href":"https:\/\/judoposeidon.be\/wordpress\/wp-json\/wp\/v2\/media?parent=69"}],"curies":[{"name":"wp","href":"https:\/\/api.w.org\/{rel}","templated":true}]}}